{"id":9679,"date":"2025-08-02T09:38:07","date_gmt":"2025-08-02T12:38:07","guid":{"rendered":"https:\/\/historiaintelectual.com.ar\/?page_id=9679"},"modified":"2026-03-13T14:07:39","modified_gmt":"2026-03-13T17:07:39","slug":"escuela-de-verano","status":"publish","type":"page","link":"https:\/\/historiaintelectual.com.ar\/eng\/escuela-de-verano\/","title":{"rendered":"Summer School"},"content":{"rendered":"<div data-elementor-type=\"wp-page\" data-elementor-id=\"9679\" class=\"elementor elementor-9679\" data-elementor-post-type=\"page\">\n\t\t\t\t<div class=\"elementor-element elementor-element-bb2c820 e-flex e-con-boxed e-con e-parent\" data-id=\"bb2c820\" data-element_type=\"container\" data-e-type=\"container\">\n\t\t\t\t\t<div class=\"e-con-inner\">\n\t\t<div class=\"elementor-element elementor-element-63c8fef e-con-full e-flex e-con e-child\" data-id=\"63c8fef\" data-element_type=\"container\" data-e-type=\"container\">\n\t\t\t\t<div class=\"elementor-element elementor-element-8ed386a elementor-widget elementor-widget-image\" data-id=\"8ed386a\" data-element_type=\"widget\" data-e-type=\"widget\" data-widget_type=\"image.default\">\n\t\t\t\t<div class=\"elementor-widget-container\">\n\t\t\t\t\t\t\t\t\t\t\t\t\t\t\t\t<a href=\"https:\/\/historiaintelectual.com.ar\/eng\">\n\t\t\t\t\t\t\t<img fetchpriority=\"high\" decoding=\"async\" width=\"252\" height=\"252\" src=\"https:\/\/historiaintelectual.com.ar\/wp-content\/uploads\/2025\/04\/Asset-22.png\" class=\"attachment-full size-full wp-image-7740\" alt=\"\" srcset=\"https:\/\/historiaintelectual.com.ar\/wp-content\/uploads\/2025\/04\/Asset-22.png 252w, https:\/\/historiaintelectual.com.ar\/wp-content\/uploads\/2025\/04\/Asset-22-150x150.png 150w\" sizes=\"(max-width: 252px) 100vw, 252px\" \/>\t\t\t\t\t\t\t\t<\/a>\n\t\t\t\t\t\t\t\t\t\t\t\t\t\t\t<\/div>\n\t\t\t\t<\/div>\n\t\t\t\t<\/div>\n\t\t<div class=\"elementor-element elementor-element-9ac02ee e-con-full e-flex e-con e-child\" data-id=\"9ac02ee\" data-element_type=\"container\" data-e-type=\"container\">\n\t\t\t\t<div class=\"elementor-element elementor-element-48294ab elementor-widget elementor-widget-heading\" data-id=\"48294ab\" data-element_type=\"widget\" data-e-type=\"widget\" data-widget_type=\"heading.default\">\n\t\t\t\t<div class=\"elementor-widget-container\">\n\t\t\t\t\t<h2 class=\"elementor-heading-title elementor-size-default\">CONCEPTA Iberoam\u00e9rica Summer School <br>in Conceptual History\n<br>2016 - 2026<\/h2>\t\t\t\t<\/div>\n\t\t\t\t<\/div>\n\t\t\t\t<\/div>\n\t\t\t\t\t<\/div>\n\t\t\t\t<\/div>\n\t\t<div class=\"elementor-element elementor-element-1cf9021 e-flex e-con-boxed e-con e-parent\" data-id=\"1cf9021\" data-element_type=\"container\" data-e-type=\"container\">\n\t\t\t\t\t<div class=\"e-con-inner\">\n\t\t\t\t<div class=\"elementor-element elementor-element-4ae63d5 elementor-widget elementor-widget-text-editor\" data-id=\"4ae63d5\" data-element_type=\"widget\" data-e-type=\"widget\" data-widget_type=\"text-editor.default\">\n\t\t\t\t<div class=\"elementor-widget-container\">\n\t\t\t\t\t\t\t\t\t<p class=\"translation-block\"><span style=\"font-weight: 400\">Since 2016, the <strong>Center for Intellectual History <\/strong> and the  <strong>Center for Historical Studies<\/strong> at El Colegio de M\u00e9xico have organized the CONCEPTA Iberoam\u00e9rica Summer School in Conceptual History, in which 500 students from Latin America, Europe, and the United States, as well as more than 100 professors, have participated. \u00a0<\/span><\/p><p><span style=\"font-weight: 400;\">Su objetivo consiste en introducir a sus participantes en las principales <strong>perspectivas te\u00f3ricas y metodol\u00f3gicas en historia conceptual,<\/strong> es decir, en c\u00f3mo a trav\u00e9s del estudio de lenguajes y conceptos puede interpretarse la historia y el cambio temporal. Destinada a estudiantes avanzados de posgrado (maestr\u00eda y doctorado), profesores\/as e investigadores\/as en historia, ciencia pol\u00edtica, derecho, econom\u00eda, sociolog\u00eda, antropolog\u00eda, letras, artes, ling\u00fc\u00edstica, filosof\u00eda, la Escuela de Verano CONCEPTA Iberoam\u00e9rica re\u00fane durante diez d\u00edas h\u00e1biles en el Centro de Estudios Hist\u00f3ricos de El Colegio de M\u00e9xico a un plantel internacional de reconocidos profesores y profesoras. Las actividades se organizan en cursos introductorios, seminarios especializados, conferencias y un taller para la exposici\u00f3n y cr\u00edtica de proyectos de los participantes. Se trata de un espacio \u00fanico en Am\u00e9rica Latina de discusi\u00f3n acad\u00e9mica rigurosa, plural y transnacional sobre historia conceptual, sus metodolog\u00edas, l\u00edmites y desaf\u00edos. Cada a\u00f1o, se seleccionan alrededor de <strong>50 participantes<\/strong>, entre los\/as postulantes. Se trata de una experiencia acad\u00e9mica \u00fanica por la cantidad y calidad del plantel docente y de los asistentes.\u00a0<\/span><\/p><p><span style=\"font-weight: 400;\">La Escuela de Verano CONCEPTA Iberoam\u00e9rica fue creada a partir de una red internacional formada por las principales universidades y centros europeos y latinoamericanos de historia intelectual: <strong>El Colegio de M\u00e9xico,<\/strong> Universidad Nacional Aut\u00f3noma de M\u00e9xico (UNAM),<strong> Universidad de San Pablo,<\/strong> <strong>Universidad Nacional de Colombia,<\/strong> <strong>Centro de Historia Intelectual-<\/strong>Universidad Nacional de Quilmes, <strong>Universidad del Pa\u00eds Vasco<\/strong>, <strong>Universidad Iberoamericana, Universidad de Chile<\/strong> y las redes de historia conceptual <\/span><a href=\"http:\/\/www.iberconceptos.net\/\"><i><span style=\"font-weight: 400;\">Iberconceptos<\/span><\/i><\/a><span style=\"font-weight: 400;\"> and <\/span><a href=\"http:\/\/www.concepta-net.org\/\"><span style=\"font-weight: 400;\">CONCEPTA International Research School in Conceptual History and Political Thought.<\/span><\/a><span style=\"font-weight: 400;\">.\u00a0<\/span><\/p><p><strong>Convocatoria 2026:\u00a0<\/strong><\/p><p><strong>Consultas y env\u00edos de candidaturas: <\/strong><span style=\"font-weight: 400;\">concepta@colmex.mx<\/span><\/p><p><span style=\"font-weight: 400;\"><a href=\"https:\/\/ceh.colmex.mx\/actividad\/concepta\" target=\"_blank\" rel=\"noopener\"><strong>M\u00e1s informaci\u00f3n en este enlace.<\/strong><\/a>\u00a0<\/span><\/p>\t\t\t\t\t\t\t\t<\/div>\n\t\t\t\t<\/div>\n\t\t\t\t\t<\/div>\n\t\t\t\t<\/div>\n\t\t\t\t<\/div>","protected":false},"excerpt":{"rendered":"<p>Escuela de Verano CONCEPTA Iberoam\u00e9rica en Historia Conceptual 2016 &#8211; 2026 El Centro de Historia Intelectual junto al Centro de Estudios Hist\u00f3ricos de El Colegio de M\u00e9xico organizan cada a\u00f1o desde 2016 la Escuela de Verano CONCEPTA Iberoam\u00e9rica en Historia Conceptual, en la que ya han participado 500 estudiantes de Am\u00e9rica Latina, Europa y Estados [&hellip;]<\/p>\n","protected":false},"author":1,"featured_media":0,"parent":0,"menu_order":0,"comment_status":"closed","ping_status":"closed","template":"elementor_theme","meta":{"footnotes":""},"class_list":["post-9679","page","type-page","status-publish","hentry"],"yoast_head":"<!-- This site is optimized with the Yoast SEO plugin v27.3 - https:\/\/yoast.com\/product\/yoast-seo-wordpress\/ -->\n<title>Escuela de verano &#187; Historia Intelectual<\/title>\n<meta name=\"robots\" content=\"index, follow, max-snippet:-1, max-image-preview:large, max-video-preview:-1\" \/>\n<link rel=\"canonical\" href=\"https:\/\/historiaintelectual.com.ar\/eng\/escuela-de-verano\/\" \/>\n<meta property=\"og:locale\" content=\"en_US\" \/>\n<meta property=\"og:type\" content=\"article\" \/>\n<meta property=\"og:title\" content=\"Escuela de verano &#187; Historia Intelectual\" \/>\n<meta property=\"og:description\" content=\"Escuela de Verano CONCEPTA Iberoam\u00e9rica en Historia Conceptual 2016 &#8211; 2026 El Centro de Historia Intelectual junto al Centro de Estudios Hist\u00f3ricos de El Colegio de M\u00e9xico organizan cada a\u00f1o desde 2016 la Escuela de Verano CONCEPTA Iberoam\u00e9rica en Historia Conceptual, en la que ya han participado 500 estudiantes de Am\u00e9rica Latina, Europa y Estados [&hellip;]\" \/>\n<meta property=\"og:url\" content=\"https:\/\/historiaintelectual.com.ar\/eng\/escuela-de-verano\/\" \/>\n<meta property=\"og:site_name\" content=\"Historia Intelectual\" \/>\n<meta property=\"article:publisher\" content=\"https:\/\/www.facebook.com\/Centrodehistoriaintelectual\/\" \/>\n<meta property=\"article:modified_time\" content=\"2026-03-13T17:07:39+00:00\" \/>\n<meta property=\"og:image\" content=\"https:\/\/historiaintelectual.com.ar\/wp-content\/uploads\/2025\/04\/Asset-22.png\" \/>\n\t<meta property=\"og:image:width\" content=\"252\" \/>\n\t<meta property=\"og:image:height\" content=\"252\" \/>\n\t<meta property=\"og:image:type\" content=\"image\/png\" \/>\n<script type=\"application\/ld+json\" class=\"yoast-schema-graph\">{\"@context\":\"https:\\\/\\\/schema.org\",\"@graph\":[{\"@type\":\"WebPage\",\"@id\":\"https:\\\/\\\/historiaintelectual.com.ar\\\/escuela-de-verano\\\/\",\"url\":\"https:\\\/\\\/historiaintelectual.com.ar\\\/escuela-de-verano\\\/\",\"name\":\"Escuela de verano &#187; Historia Intelectual\",\"isPartOf\":{\"@id\":\"https:\\\/\\\/historiaintelectual.com.ar\\\/#website\"},\"primaryImageOfPage\":{\"@id\":\"https:\\\/\\\/historiaintelectual.com.ar\\\/escuela-de-verano\\\/#primaryimage\"},\"image\":{\"@id\":\"https:\\\/\\\/historiaintelectual.com.ar\\\/escuela-de-verano\\\/#primaryimage\"},\"thumbnailUrl\":\"https:\\\/\\\/historiaintelectual.com.ar\\\/wp-content\\\/uploads\\\/2025\\\/04\\\/Asset-22.png\",\"datePublished\":\"2025-08-02T12:38:07+00:00\",\"dateModified\":\"2026-03-13T17:07:39+00:00\",\"breadcrumb\":{\"@id\":\"https:\\\/\\\/historiaintelectual.com.ar\\\/escuela-de-verano\\\/#breadcrumb\"},\"inLanguage\":\"en-US\",\"potentialAction\":[{\"@type\":\"ReadAction\",\"target\":[\"https:\\\/\\\/historiaintelectual.com.ar\\\/escuela-de-verano\\\/\"]}]},{\"@type\":\"ImageObject\",\"inLanguage\":\"en-US\",\"@id\":\"https:\\\/\\\/historiaintelectual.com.ar\\\/escuela-de-verano\\\/#primaryimage\",\"url\":\"https:\\\/\\\/historiaintelectual.com.ar\\\/wp-content\\\/uploads\\\/2025\\\/04\\\/Asset-22.png\",\"contentUrl\":\"https:\\\/\\\/historiaintelectual.com.ar\\\/wp-content\\\/uploads\\\/2025\\\/04\\\/Asset-22.png\"},{\"@type\":\"BreadcrumbList\",\"@id\":\"https:\\\/\\\/historiaintelectual.com.ar\\\/escuela-de-verano\\\/#breadcrumb\",\"itemListElement\":[{\"@type\":\"ListItem\",\"position\":1,\"name\":\"Portada\",\"item\":\"https:\\\/\\\/historiaintelectual.com.ar\\\/\"},{\"@type\":\"ListItem\",\"position\":2,\"name\":\"Escuela de verano\"}]},{\"@type\":\"WebSite\",\"@id\":\"https:\\\/\\\/historiaintelectual.com.ar\\\/#website\",\"url\":\"https:\\\/\\\/historiaintelectual.com.ar\\\/\",\"name\":\"Historia Intelectual\",\"description\":\"Centro de Historia Intelectual\",\"publisher\":{\"@id\":\"https:\\\/\\\/historiaintelectual.com.ar\\\/#organization\"},\"alternateName\":\"Centro de historia intelectual\",\"potentialAction\":[{\"@type\":\"SearchAction\",\"target\":{\"@type\":\"EntryPoint\",\"urlTemplate\":\"https:\\\/\\\/historiaintelectual.com.ar\\\/?s={search_term_string}\"},\"query-input\":{\"@type\":\"PropertyValueSpecification\",\"valueRequired\":true,\"valueName\":\"search_term_string\"}}],\"inLanguage\":\"en-US\"},{\"@type\":\"Organization\",\"@id\":\"https:\\\/\\\/historiaintelectual.com.ar\\\/#organization\",\"name\":\"Centro Historia Intelectual\",\"url\":\"https:\\\/\\\/historiaintelectual.com.ar\\\/\",\"logo\":{\"@type\":\"ImageObject\",\"inLanguage\":\"en-US\",\"@id\":\"https:\\\/\\\/historiaintelectual.com.ar\\\/#\\\/schema\\\/logo\\\/image\\\/\",\"url\":\"https:\\\/\\\/historiaintelectual.com.ar\\\/wp-content\\\/uploads\\\/2025\\\/04\\\/logo-25.png\",\"contentUrl\":\"https:\\\/\\\/historiaintelectual.com.ar\\\/wp-content\\\/uploads\\\/2025\\\/04\\\/logo-25.png\",\"width\":456,\"height\":456,\"caption\":\"Centro Historia Intelectual\"},\"image\":{\"@id\":\"https:\\\/\\\/historiaintelectual.com.ar\\\/#\\\/schema\\\/logo\\\/image\\\/\"},\"sameAs\":[\"https:\\\/\\\/www.facebook.com\\\/Centrodehistoriaintelectual\\\/\",\"https:\\\/\\\/www.youtube.com\\\/channel\\\/UCGr8q_2-dchoqKT-jT5Lmfw\",\"https:\\\/\\\/www.instagram.com\\\/chi_unq\\\/\"]}]}<\/script>\n<!-- \/ Yoast SEO plugin. -->","yoast_head_json":{"title":"Escuela de verano &#187; Historia Intelectual","robots":{"index":"index","follow":"follow","max-snippet":"max-snippet:-1","max-image-preview":"max-image-preview:large","max-video-preview":"max-video-preview:-1"},"canonical":"https:\/\/historiaintelectual.com.ar\/eng\/escuela-de-verano\/","og_locale":"en_US","og_type":"article","og_title":"Escuela de verano &#187; Historia Intelectual","og_description":"Escuela de Verano CONCEPTA Iberoam\u00e9rica en Historia Conceptual 2016 &#8211; 2026 El Centro de Historia Intelectual junto al Centro de Estudios Hist\u00f3ricos de El Colegio de M\u00e9xico organizan cada a\u00f1o desde 2016 la Escuela de Verano CONCEPTA Iberoam\u00e9rica en Historia Conceptual, en la que ya han participado 500 estudiantes de Am\u00e9rica Latina, Europa y Estados [&hellip;]","og_url":"https:\/\/historiaintelectual.com.ar\/eng\/escuela-de-verano\/","og_site_name":"Historia Intelectual","article_publisher":"https:\/\/www.facebook.com\/Centrodehistoriaintelectual\/","article_modified_time":"2026-03-13T17:07:39+00:00","og_image":[{"width":252,"height":252,"url":"https:\/\/historiaintelectual.com.ar\/wp-content\/uploads\/2025\/04\/Asset-22.png","type":"image\/png"}],"schema":{"@context":"https:\/\/schema.org","@graph":[{"@type":"WebPage","@id":"https:\/\/historiaintelectual.com.ar\/escuela-de-verano\/","url":"https:\/\/historiaintelectual.com.ar\/escuela-de-verano\/","name":"Escuela de verano &#187; Historia Intelectual","isPartOf":{"@id":"https:\/\/historiaintelectual.com.ar\/#website"},"primaryImageOfPage":{"@id":"https:\/\/historiaintelectual.com.ar\/escuela-de-verano\/#primaryimage"},"image":{"@id":"https:\/\/historiaintelectual.com.ar\/escuela-de-verano\/#primaryimage"},"thumbnailUrl":"https:\/\/historiaintelectual.com.ar\/wp-content\/uploads\/2025\/04\/Asset-22.png","datePublished":"2025-08-02T12:38:07+00:00","dateModified":"2026-03-13T17:07:39+00:00","breadcrumb":{"@id":"https:\/\/historiaintelectual.com.ar\/escuela-de-verano\/#breadcrumb"},"inLanguage":"en-US","potentialAction":[{"@type":"ReadAction","target":["https:\/\/historiaintelectual.com.ar\/escuela-de-verano\/"]}]},{"@type":"ImageObject","inLanguage":"en-US","@id":"https:\/\/historiaintelectual.com.ar\/escuela-de-verano\/#primaryimage","url":"https:\/\/historiaintelectual.com.ar\/wp-content\/uploads\/2025\/04\/Asset-22.png","contentUrl":"https:\/\/historiaintelectual.com.ar\/wp-content\/uploads\/2025\/04\/Asset-22.png"},{"@type":"BreadcrumbList","@id":"https:\/\/historiaintelectual.com.ar\/escuela-de-verano\/#breadcrumb","itemListElement":[{"@type":"ListItem","position":1,"name":"Portada","item":"https:\/\/historiaintelectual.com.ar\/"},{"@type":"ListItem","position":2,"name":"Escuela de verano"}]},{"@type":"WebSite","@id":"https:\/\/historiaintelectual.com.ar\/#website","url":"https:\/\/historiaintelectual.com.ar\/","name":"Historia Intelectual","description":"Center for Intellectual History","publisher":{"@id":"https:\/\/historiaintelectual.com.ar\/#organization"},"alternateName":"Centro de historia intelectual","potentialAction":[{"@type":"SearchAction","target":{"@type":"EntryPoint","urlTemplate":"https:\/\/historiaintelectual.com.ar\/?s={search_term_string}"},"query-input":{"@type":"PropertyValueSpecification","valueRequired":true,"valueName":"search_term_string"}}],"inLanguage":"en-US"},{"@type":"Organization","@id":"https:\/\/historiaintelectual.com.ar\/#organization","name":"Centro Historia Intelectual","url":"https:\/\/historiaintelectual.com.ar\/","logo":{"@type":"ImageObject","inLanguage":"en-US","@id":"https:\/\/historiaintelectual.com.ar\/#\/schema\/logo\/image\/","url":"https:\/\/historiaintelectual.com.ar\/wp-content\/uploads\/2025\/04\/logo-25.png","contentUrl":"https:\/\/historiaintelectual.com.ar\/wp-content\/uploads\/2025\/04\/logo-25.png","width":456,"height":456,"caption":"Centro Historia Intelectual"},"image":{"@id":"https:\/\/historiaintelectual.com.ar\/#\/schema\/logo\/image\/"},"sameAs":["https:\/\/www.facebook.com\/Centrodehistoriaintelectual\/","https:\/\/www.youtube.com\/channel\/UCGr8q_2-dchoqKT-jT5Lmfw","https:\/\/www.instagram.com\/chi_unq\/"]}]}},"_links":{"self":[{"href":"https:\/\/historiaintelectual.com.ar\/eng\/wp-json\/wp\/v2\/pages\/9679","targetHints":{"allow":["GET"]}}],"collection":[{"href":"https:\/\/historiaintelectual.com.ar\/eng\/wp-json\/wp\/v2\/pages"}],"about":[{"href":"https:\/\/historiaintelectual.com.ar\/eng\/wp-json\/wp\/v2\/types\/page"}],"author":[{"embeddable":true,"href":"https:\/\/historiaintelectual.com.ar\/eng\/wp-json\/wp\/v2\/users\/1"}],"replies":[{"embeddable":true,"href":"https:\/\/historiaintelectual.com.ar\/eng\/wp-json\/wp\/v2\/comments?post=9679"}],"version-history":[{"count":16,"href":"https:\/\/historiaintelectual.com.ar\/eng\/wp-json\/wp\/v2\/pages\/9679\/revisions"}],"predecessor-version":[{"id":11312,"href":"https:\/\/historiaintelectual.com.ar\/eng\/wp-json\/wp\/v2\/pages\/9679\/revisions\/11312"}],"wp:attachment":[{"href":"https:\/\/historiaintelectual.com.ar\/eng\/wp-json\/wp\/v2\/media?parent=9679"}],"curies":[{"name":"wp","href":"https:\/\/api.w.org\/{rel}","templated":true}]}}