{"id":9283,"date":"2025-07-28T10:46:45","date_gmt":"2025-07-28T13:46:45","guid":{"rendered":"https:\/\/historiaintelectual.com.ar\/?page_id=9283"},"modified":"2025-08-18T09:26:15","modified_gmt":"2025-08-18T12:26:15","slug":"novedades","status":"publish","type":"page","link":"https:\/\/historiaintelectual.com.ar\/eng\/novedades\/","title":{"rendered":"News"},"content":{"rendered":"<div data-elementor-type=\"wp-page\" data-elementor-id=\"9283\" class=\"elementor elementor-9283\" data-elementor-post-type=\"page\">\n\t\t\t\t<div class=\"elementor-element elementor-element-27b3e591 e-flex e-con-boxed e-con e-parent\" data-id=\"27b3e591\" data-element_type=\"container\" data-e-type=\"container\">\n\t\t\t\t\t<div class=\"e-con-inner\">\n\t\t<div class=\"elementor-element elementor-element-7aca7584 e-con-full e-flex e-con e-child\" data-id=\"7aca7584\" data-element_type=\"container\" data-e-type=\"container\">\n\t\t\t\t<div class=\"elementor-element elementor-element-62aaf402 elementor-widget elementor-widget-image\" data-id=\"62aaf402\" data-element_type=\"widget\" data-e-type=\"widget\" data-widget_type=\"image.default\">\n\t\t\t\t<div class=\"elementor-widget-container\">\n\t\t\t\t\t\t\t\t\t\t\t\t\t\t\t\t<a href=\"https:\/\/historiaintelectual.com.ar\/eng\">\n\t\t\t\t\t\t\t<img fetchpriority=\"high\" decoding=\"async\" width=\"252\" height=\"252\" src=\"https:\/\/historiaintelectual.com.ar\/wp-content\/uploads\/2025\/04\/Asset-21.png\" class=\"attachment-full size-full wp-image-7739\" alt=\"\" srcset=\"https:\/\/historiaintelectual.com.ar\/wp-content\/uploads\/2025\/04\/Asset-21.png 252w, https:\/\/historiaintelectual.com.ar\/wp-content\/uploads\/2025\/04\/Asset-21-150x150.png 150w\" sizes=\"(max-width: 252px) 100vw, 252px\" \/>\t\t\t\t\t\t\t\t<\/a>\n\t\t\t\t\t\t\t\t\t\t\t\t\t\t\t<\/div>\n\t\t\t\t<\/div>\n\t\t\t\t<\/div>\n\t\t<div class=\"elementor-element elementor-element-306bc304 e-con-full e-flex e-con e-child\" data-id=\"306bc304\" data-element_type=\"container\" data-e-type=\"container\">\n\t\t\t\t<div class=\"elementor-element elementor-element-67d0da8 elementor-widget elementor-widget-post-info\" data-id=\"67d0da8\" data-element_type=\"widget\" data-e-type=\"widget\" data-widget_type=\"post-info.default\">\n\t\t\t\t<div class=\"elementor-widget-container\">\n\t\t\t\t\t\t\t<ul class=\"elementor-inline-items elementor-icon-list-items elementor-post-info\">\n\t\t\t\t\t\t\t\t<li class=\"elementor-icon-list-item elementor-repeater-item-c01a551 elementor-inline-item\">\n\t\t\t\t\t\t<a href=\"https:\/\/historiaintelectual.com.ar\/eng\/novedades\/\">\n\t\t\t\t\t\t\t\t\t\t\t\t\t\t<span class=\"elementor-icon-list-text elementor-post-info__item elementor-post-info__item--type-custom\">\n\t\t\t\t\t\t\t\t\t\tNews\t\t\t\t\t<\/span>\n\t\t\t\t\t\t\t\t\t<\/a>\n\t\t\t\t<\/li>\n\t\t\t\t<\/ul>\n\t\t\t\t\t\t<\/div>\n\t\t\t\t<\/div>\n\t\t\t\t<\/div>\n\t\t\t\t\t<\/div>\n\t\t\t\t<\/div>\n\t\t<div class=\"elementor-element elementor-element-1cf9021 e-flex e-con-boxed e-con e-parent\" data-id=\"1cf9021\" data-element_type=\"container\" data-e-type=\"container\">\n\t\t\t\t\t<div class=\"e-con-inner\">\n\t\t<div class=\"elementor-element elementor-element-5f1d047 e-con-full e-flex e-con e-child\" data-id=\"5f1d047\" data-element_type=\"container\" data-e-type=\"container\">\n\t\t\t\t<\/div>\n\t\t<div class=\"elementor-element elementor-element-4adbf8e e-con-full e-flex e-con e-child\" data-id=\"4adbf8e\" data-element_type=\"container\" data-e-type=\"container\">\n\t\t\t\t<div class=\"elementor-element elementor-element-4ae63d5 elementor-widget__width-initial elementor-widget elementor-widget-text-editor\" data-id=\"4ae63d5\" data-element_type=\"widget\" data-e-type=\"widget\" data-widget_type=\"text-editor.default\">\n\t\t\t\t<div class=\"elementor-widget-container\">\n\t\t\t\t\t\t\t\t\t<p><span style=\"font-weight: 400;\">The Centre for Intellectual History at the Universidad Nacional de Quilmes carries out various activities \u2013 meetings, seminars, workshops, publications \u2013 that result from collective projects and research by its members, as well as from the training of students in the field of Argentine and Latin American intellectual history. In this section, we will share the latest news from these activities.\u00a0<\/span><\/p>\t\t\t\t\t\t\t\t<\/div>\n\t\t\t\t<\/div>\n\t\t\t\t<\/div>\n\t\t\t\t\t<\/div>\n\t\t\t\t<\/div>\n\t\t<div class=\"elementor-element elementor-element-ea997ce e-flex e-con-boxed e-con e-parent\" data-id=\"ea997ce\" data-element_type=\"container\" data-e-type=\"container\">\n\t\t\t\t\t<div class=\"e-con-inner\">\n\t\t\t\t<div class=\"elementor-element elementor-element-6e2b499 elementor-grid-4 elementor-posts--thumbnail-none elementor-posts--align-left elementor-grid-tablet-2 elementor-grid-mobile-1 elementor-widget elementor-widget-posts\" data-id=\"6e2b499\" data-element_type=\"widget\" data-e-type=\"widget\" data-settings=\"{&quot;classic_columns&quot;:&quot;4&quot;,&quot;classic_row_gap&quot;:{&quot;unit&quot;:&quot;px&quot;,&quot;size&quot;:&quot;&quot;,&quot;sizes&quot;:[]},&quot;pagination_type&quot;:&quot;numbers&quot;,&quot;classic_columns_tablet&quot;:&quot;2&quot;,&quot;classic_columns_mobile&quot;:&quot;1&quot;,&quot;classic_row_gap_tablet&quot;:{&quot;unit&quot;:&quot;px&quot;,&quot;size&quot;:&quot;&quot;,&quot;sizes&quot;:[]},&quot;classic_row_gap_mobile&quot;:{&quot;unit&quot;:&quot;px&quot;,&quot;size&quot;:&quot;&quot;,&quot;sizes&quot;:[]}}\" data-widget_type=\"posts.classic\">\n\t\t\t\t<div class=\"elementor-widget-container\">\n\t\t\t\t\t\t\t<div class=\"elementor-posts-container elementor-posts elementor-posts--skin-classic elementor-grid\" role=\"list\">\n\t\t\t\t<article class=\"elementor-post elementor-grid-item post-11313 post type-post status-publish format-standard has-post-thumbnail hentry category-actividades-en-curso category-novedades\" role=\"listitem\">\n\t\t\t\t<div class=\"elementor-post__text\">\n\t\t\t\t<h3 class=\"elementor-post__title\">\n\t\t\t<a href=\"https:\/\/historiaintelectual.com.ar\/eng\/convocatoria-de-candidaturas-para-la-ix-escuela-de-verano-concepta-iberoamerica-en-historia-conceptual\/\" >\n\t\t\t\tPR\u00d3RROGA: candidaturas para la IX Escuela de Verano Concepta Iberoam\u00e9rica\t\t\t<\/a>\n\t\t<\/h3>\n\t\t\t\t<div class=\"elementor-post__excerpt\">\n\t\t\t<p>Del 27 de julio al 7 de agosto se realiza en El Colegio de M\u00e9xico la novena edici\u00f3n, bajo el titulo &#8220;Los bordes de la democracia&#8221;<\/p>\n\t\t<\/div>\n\t\t\n\t\t<a class=\"elementor-post__read-more\" href=\"https:\/\/historiaintelectual.com.ar\/eng\/convocatoria-de-candidaturas-para-la-ix-escuela-de-verano-concepta-iberoamerica-en-historia-conceptual\/\" aria-label=\"Read more about PR\u00d3RROGA: candidaturas para la IX Escuela de Verano Concepta Iberoam\u00e9rica\" tabindex=\"-1\" >\n\t\t\tVer m\u00e1s \u00bb\t\t<\/a>\n\n\t\t\t\t<\/div>\n\t\t\t\t<\/article>\n\t\t\t\t<article class=\"elementor-post elementor-grid-item post-11401 post type-post status-publish format-standard has-post-thumbnail hentry category-actividades-en-curso category-novedades\" role=\"listitem\">\n\t\t\t\t<div class=\"elementor-post__text\">\n\t\t\t\t<h3 class=\"elementor-post__title\">\n\t\t\t<a href=\"https:\/\/historiaintelectual.com.ar\/eng\/ultimos-articulos-en-prismas\/\" >\n\t\t\t\t\u00daltimos art\u00edculos en Prismas\t\t\t<\/a>\n\t\t<\/h3>\n\t\t\t\t<div class=\"elementor-post__excerpt\">\n\t\t\t<p>Ya se encuentran disponibles para su lectura los trabajos de publicaci\u00f3n continua de la secci\u00f3n \u201cArt\u00edculos\u201d de Prismas. Revista de Historia Intelectual.<\/p>\n\t\t<\/div>\n\t\t\n\t\t<a class=\"elementor-post__read-more\" href=\"https:\/\/historiaintelectual.com.ar\/eng\/ultimos-articulos-en-prismas\/\" aria-label=\"Read more about \u00daltimos art\u00edculos en Prismas\" tabindex=\"-1\" >\n\t\t\tVer m\u00e1s \u00bb\t\t<\/a>\n\n\t\t\t\t<\/div>\n\t\t\t\t<\/article>\n\t\t\t\t<article class=\"elementor-post elementor-grid-item post-11420 post type-post status-publish format-standard has-post-thumbnail hentry category-actividades-en-curso category-novedades\" role=\"listitem\">\n\t\t\t\t<div class=\"elementor-post__text\">\n\t\t\t\t<h3 class=\"elementor-post__title\">\n\t\t\t<a href=\"https:\/\/historiaintelectual.com.ar\/eng\/premios-konex-2026-en-humanidades\/\" >\n\t\t\t\tPremios Konex 2026 en Humanidades\t\t\t<\/a>\n\t\t<\/h3>\n\t\t\t\t<div class=\"elementor-post__excerpt\">\n\t\t\t<p>Los investigadores Adri\u00e1n Gorelik, El\u00edas Palti y Roy Hora, integrantes del Centro de Historia Intelectual, fueron distinguidos con los Diplomas al M\u00e9rito de los Premios Konex 2026 en Humanidades, uno de los reconocimientos culturales m\u00e1s importantes de la Argentina. <\/p>\n\t\t<\/div>\n\t\t\n\t\t<a class=\"elementor-post__read-more\" href=\"https:\/\/historiaintelectual.com.ar\/eng\/premios-konex-2026-en-humanidades\/\" aria-label=\"Read more about Premios Konex 2026 en Humanidades\" tabindex=\"-1\" >\n\t\t\tVer m\u00e1s \u00bb\t\t<\/a>\n\n\t\t\t\t<\/div>\n\t\t\t\t<\/article>\n\t\t\t\t<article class=\"elementor-post elementor-grid-item post-11448 post type-post status-publish format-standard has-post-thumbnail hentry category-novedades\" role=\"listitem\">\n\t\t\t\t<div class=\"elementor-post__text\">\n\t\t\t\t<h3 class=\"elementor-post__title\">\n\t\t\t<a href=\"https:\/\/historiaintelectual.com.ar\/eng\/novedad-editorial-serie-latin-american-intellectual-history-series\/\" >\n\t\t\t\tNew publishing: \u201cLatin American Intellectual History Series\u201d\t\t\t<\/a>\n\t\t<\/h3>\n\t\t\t\t<div class=\"elementor-post__excerpt\">\n\t\t\t<p>Lanzamiento de la Latin American Intellectual History Series, una iniciativa conjunta de Prismas Ediciones (UNQ) y LASA Press  orientada a la traducci\u00f3n al ingl\u00e9s de obras clave del campo. El primer t\u00edtulo es Entre la pluma y el fusil, de Claudia Gilman, <\/p>\n\t\t<\/div>\n\t\t\n\t\t<a class=\"elementor-post__read-more\" href=\"https:\/\/historiaintelectual.com.ar\/eng\/novedad-editorial-serie-latin-american-intellectual-history-series\/\" aria-label=\"Read more about Novedad editorial: Serie \u201cLatin American Intellectual History Series\u201d\" tabindex=\"-1\" >\n\t\t\tVer m\u00e1s \u00bb\t\t<\/a>\n\n\t\t\t\t<\/div>\n\t\t\t\t<\/article>\n\t\t\t\t<\/div>\n\t\t\n\t\t\t\t\t\t<\/div>\n\t\t\t\t<\/div>\n\t\t\t\t\t<\/div>\n\t\t\t\t<\/div>\n\t\t\t\t<\/div>","protected":false},"excerpt":{"rendered":"<p>El Centro de Historia Intelectual de la Universidad de Quilmes lleva adelante diversas actividades \u2013encuentros, seminarios, talleres, publicaciones\u2013 que resultan de los proyectos colectivos y de las investigaciones de sus miembros, as\u00ed como de la formaci\u00f3n de estudiantes en el campo de la historia intelectual argentina y latinoamericana. En esta secci\u00f3n, compartiremos las novedades que [&hellip;]<\/p>\n","protected":false},"author":1,"featured_media":0,"parent":0,"menu_order":0,"comment_status":"closed","ping_status":"closed","template":"","meta":{"footnotes":""},"class_list":["post-9283","page","type-page","status-publish","hentry"],"yoast_head":"<!-- This site is optimized with the Yoast SEO plugin v27.3 - https:\/\/yoast.com\/product\/yoast-seo-wordpress\/ -->\n<title>Novedades &#187; Historia Intelectual<\/title>\n<meta name=\"robots\" content=\"index, follow, max-snippet:-1, max-image-preview:large, max-video-preview:-1\" \/>\n<link rel=\"canonical\" href=\"https:\/\/historiaintelectual.com.ar\/eng\/novedades\/\" \/>\n<meta property=\"og:locale\" content=\"en_US\" \/>\n<meta property=\"og:type\" content=\"article\" \/>\n<meta property=\"og:title\" content=\"Novedades &#187; Historia Intelectual\" \/>\n<meta property=\"og:description\" content=\"El Centro de Historia Intelectual de la Universidad de Quilmes lleva adelante diversas actividades \u2013encuentros, seminarios, talleres, publicaciones\u2013 que resultan de los proyectos colectivos y de las investigaciones de sus miembros, as\u00ed como de la formaci\u00f3n de estudiantes en el campo de la historia intelectual argentina y latinoamericana. En esta secci\u00f3n, compartiremos las novedades que [&hellip;]\" \/>\n<meta property=\"og:url\" content=\"https:\/\/historiaintelectual.com.ar\/eng\/novedades\/\" \/>\n<meta property=\"og:site_name\" content=\"Historia Intelectual\" \/>\n<meta property=\"article:publisher\" content=\"https:\/\/www.facebook.com\/Centrodehistoriaintelectual\/\" \/>\n<meta property=\"article:modified_time\" content=\"2025-08-18T12:26:15+00:00\" \/>\n<meta property=\"og:image\" content=\"https:\/\/historiaintelectual.com.ar\/wp-content\/uploads\/2025\/04\/Asset-21.png\" \/>\n<script type=\"application\/ld+json\" class=\"yoast-schema-graph\">{\"@context\":\"https:\\\/\\\/schema.org\",\"@graph\":[{\"@type\":\"WebPage\",\"@id\":\"https:\\\/\\\/historiaintelectual.com.ar\\\/novedades\\\/\",\"url\":\"https:\\\/\\\/historiaintelectual.com.ar\\\/novedades\\\/\",\"name\":\"Novedades &#187; Historia Intelectual\",\"isPartOf\":{\"@id\":\"https:\\\/\\\/historiaintelectual.com.ar\\\/#website\"},\"primaryImageOfPage\":{\"@id\":\"https:\\\/\\\/historiaintelectual.com.ar\\\/novedades\\\/#primaryimage\"},\"image\":{\"@id\":\"https:\\\/\\\/historiaintelectual.com.ar\\\/novedades\\\/#primaryimage\"},\"thumbnailUrl\":\"https:\\\/\\\/historiaintelectual.com.ar\\\/wp-content\\\/uploads\\\/2025\\\/04\\\/Asset-21.png\",\"datePublished\":\"2025-07-28T13:46:45+00:00\",\"dateModified\":\"2025-08-18T12:26:15+00:00\",\"breadcrumb\":{\"@id\":\"https:\\\/\\\/historiaintelectual.com.ar\\\/novedades\\\/#breadcrumb\"},\"inLanguage\":\"en-US\",\"potentialAction\":[{\"@type\":\"ReadAction\",\"target\":[\"https:\\\/\\\/historiaintelectual.com.ar\\\/novedades\\\/\"]}]},{\"@type\":\"ImageObject\",\"inLanguage\":\"en-US\",\"@id\":\"https:\\\/\\\/historiaintelectual.com.ar\\\/novedades\\\/#primaryimage\",\"url\":\"https:\\\/\\\/historiaintelectual.com.ar\\\/wp-content\\\/uploads\\\/2025\\\/04\\\/Asset-21.png\",\"contentUrl\":\"https:\\\/\\\/historiaintelectual.com.ar\\\/wp-content\\\/uploads\\\/2025\\\/04\\\/Asset-21.png\"},{\"@type\":\"BreadcrumbList\",\"@id\":\"https:\\\/\\\/historiaintelectual.com.ar\\\/novedades\\\/#breadcrumb\",\"itemListElement\":[{\"@type\":\"ListItem\",\"position\":1,\"name\":\"Portada\",\"item\":\"https:\\\/\\\/historiaintelectual.com.ar\\\/\"},{\"@type\":\"ListItem\",\"position\":2,\"name\":\"Novedades\"}]},{\"@type\":\"WebSite\",\"@id\":\"https:\\\/\\\/historiaintelectual.com.ar\\\/#website\",\"url\":\"https:\\\/\\\/historiaintelectual.com.ar\\\/\",\"name\":\"Historia Intelectual\",\"description\":\"Centro de Historia Intelectual\",\"publisher\":{\"@id\":\"https:\\\/\\\/historiaintelectual.com.ar\\\/#organization\"},\"alternateName\":\"Centro de historia intelectual\",\"potentialAction\":[{\"@type\":\"SearchAction\",\"target\":{\"@type\":\"EntryPoint\",\"urlTemplate\":\"https:\\\/\\\/historiaintelectual.com.ar\\\/?s={search_term_string}\"},\"query-input\":{\"@type\":\"PropertyValueSpecification\",\"valueRequired\":true,\"valueName\":\"search_term_string\"}}],\"inLanguage\":\"en-US\"},{\"@type\":\"Organization\",\"@id\":\"https:\\\/\\\/historiaintelectual.com.ar\\\/#organization\",\"name\":\"Centro Historia Intelectual\",\"url\":\"https:\\\/\\\/historiaintelectual.com.ar\\\/\",\"logo\":{\"@type\":\"ImageObject\",\"inLanguage\":\"en-US\",\"@id\":\"https:\\\/\\\/historiaintelectual.com.ar\\\/#\\\/schema\\\/logo\\\/image\\\/\",\"url\":\"https:\\\/\\\/historiaintelectual.com.ar\\\/wp-content\\\/uploads\\\/2025\\\/04\\\/logo-25.png\",\"contentUrl\":\"https:\\\/\\\/historiaintelectual.com.ar\\\/wp-content\\\/uploads\\\/2025\\\/04\\\/logo-25.png\",\"width\":456,\"height\":456,\"caption\":\"Centro Historia Intelectual\"},\"image\":{\"@id\":\"https:\\\/\\\/historiaintelectual.com.ar\\\/#\\\/schema\\\/logo\\\/image\\\/\"},\"sameAs\":[\"https:\\\/\\\/www.facebook.com\\\/Centrodehistoriaintelectual\\\/\",\"https:\\\/\\\/www.youtube.com\\\/channel\\\/UCGr8q_2-dchoqKT-jT5Lmfw\",\"https:\\\/\\\/www.instagram.com\\\/chi_unq\\\/\"]}]}<\/script>\n<!-- \/ Yoast SEO plugin. -->","yoast_head_json":{"title":"Novedades &#187; Historia Intelectual","robots":{"index":"index","follow":"follow","max-snippet":"max-snippet:-1","max-image-preview":"max-image-preview:large","max-video-preview":"max-video-preview:-1"},"canonical":"https:\/\/historiaintelectual.com.ar\/eng\/novedades\/","og_locale":"en_US","og_type":"article","og_title":"Novedades &#187; Historia Intelectual","og_description":"El Centro de Historia Intelectual de la Universidad de Quilmes lleva adelante diversas actividades \u2013encuentros, seminarios, talleres, publicaciones\u2013 que resultan de los proyectos colectivos y de las investigaciones de sus miembros, as\u00ed como de la formaci\u00f3n de estudiantes en el campo de la historia intelectual argentina y latinoamericana. En esta secci\u00f3n, compartiremos las novedades que [&hellip;]","og_url":"https:\/\/historiaintelectual.com.ar\/eng\/novedades\/","og_site_name":"Historia Intelectual","article_publisher":"https:\/\/www.facebook.com\/Centrodehistoriaintelectual\/","article_modified_time":"2025-08-18T12:26:15+00:00","og_image":[{"url":"https:\/\/historiaintelectual.com.ar\/wp-content\/uploads\/2025\/04\/Asset-21.png","type":"","width":"","height":""}],"schema":{"@context":"https:\/\/schema.org","@graph":[{"@type":"WebPage","@id":"https:\/\/historiaintelectual.com.ar\/novedades\/","url":"https:\/\/historiaintelectual.com.ar\/novedades\/","name":"Novedades &#187; Historia Intelectual","isPartOf":{"@id":"https:\/\/historiaintelectual.com.ar\/#website"},"primaryImageOfPage":{"@id":"https:\/\/historiaintelectual.com.ar\/novedades\/#primaryimage"},"image":{"@id":"https:\/\/historiaintelectual.com.ar\/novedades\/#primaryimage"},"thumbnailUrl":"https:\/\/historiaintelectual.com.ar\/wp-content\/uploads\/2025\/04\/Asset-21.png","datePublished":"2025-07-28T13:46:45+00:00","dateModified":"2025-08-18T12:26:15+00:00","breadcrumb":{"@id":"https:\/\/historiaintelectual.com.ar\/novedades\/#breadcrumb"},"inLanguage":"en-US","potentialAction":[{"@type":"ReadAction","target":["https:\/\/historiaintelectual.com.ar\/novedades\/"]}]},{"@type":"ImageObject","inLanguage":"en-US","@id":"https:\/\/historiaintelectual.com.ar\/novedades\/#primaryimage","url":"https:\/\/historiaintelectual.com.ar\/wp-content\/uploads\/2025\/04\/Asset-21.png","contentUrl":"https:\/\/historiaintelectual.com.ar\/wp-content\/uploads\/2025\/04\/Asset-21.png"},{"@type":"BreadcrumbList","@id":"https:\/\/historiaintelectual.com.ar\/novedades\/#breadcrumb","itemListElement":[{"@type":"ListItem","position":1,"name":"Portada","item":"https:\/\/historiaintelectual.com.ar\/"},{"@type":"ListItem","position":2,"name":"Novedades"}]},{"@type":"WebSite","@id":"https:\/\/historiaintelectual.com.ar\/#website","url":"https:\/\/historiaintelectual.com.ar\/","name":"Historia Intelectual","description":"Center for Intellectual History","publisher":{"@id":"https:\/\/historiaintelectual.com.ar\/#organization"},"alternateName":"Centro de historia intelectual","potentialAction":[{"@type":"SearchAction","target":{"@type":"EntryPoint","urlTemplate":"https:\/\/historiaintelectual.com.ar\/?s={search_term_string}"},"query-input":{"@type":"PropertyValueSpecification","valueRequired":true,"valueName":"search_term_string"}}],"inLanguage":"en-US"},{"@type":"Organization","@id":"https:\/\/historiaintelectual.com.ar\/#organization","name":"Centro Historia Intelectual","url":"https:\/\/historiaintelectual.com.ar\/","logo":{"@type":"ImageObject","inLanguage":"en-US","@id":"https:\/\/historiaintelectual.com.ar\/#\/schema\/logo\/image\/","url":"https:\/\/historiaintelectual.com.ar\/wp-content\/uploads\/2025\/04\/logo-25.png","contentUrl":"https:\/\/historiaintelectual.com.ar\/wp-content\/uploads\/2025\/04\/logo-25.png","width":456,"height":456,"caption":"Centro Historia Intelectual"},"image":{"@id":"https:\/\/historiaintelectual.com.ar\/#\/schema\/logo\/image\/"},"sameAs":["https:\/\/www.facebook.com\/Centrodehistoriaintelectual\/","https:\/\/www.youtube.com\/channel\/UCGr8q_2-dchoqKT-jT5Lmfw","https:\/\/www.instagram.com\/chi_unq\/"]}]}},"_links":{"self":[{"href":"https:\/\/historiaintelectual.com.ar\/eng\/wp-json\/wp\/v2\/pages\/9283","targetHints":{"allow":["GET"]}}],"collection":[{"href":"https:\/\/historiaintelectual.com.ar\/eng\/wp-json\/wp\/v2\/pages"}],"about":[{"href":"https:\/\/historiaintelectual.com.ar\/eng\/wp-json\/wp\/v2\/types\/page"}],"author":[{"embeddable":true,"href":"https:\/\/historiaintelectual.com.ar\/eng\/wp-json\/wp\/v2\/users\/1"}],"replies":[{"embeddable":true,"href":"https:\/\/historiaintelectual.com.ar\/eng\/wp-json\/wp\/v2\/comments?post=9283"}],"version-history":[{"count":31,"href":"https:\/\/historiaintelectual.com.ar\/eng\/wp-json\/wp\/v2\/pages\/9283\/revisions"}],"predecessor-version":[{"id":9460,"href":"https:\/\/historiaintelectual.com.ar\/eng\/wp-json\/wp\/v2\/pages\/9283\/revisions\/9460"}],"wp:attachment":[{"href":"https:\/\/historiaintelectual.com.ar\/eng\/wp-json\/wp\/v2\/media?parent=9283"}],"curies":[{"name":"wp","href":"https:\/\/api.w.org\/{rel}","templated":true}]}}