{"id":8817,"date":"2025-06-02T16:05:47","date_gmt":"2025-06-02T19:05:47","guid":{"rendered":"https:\/\/historiaintelectual.com.ar\/?page_id=8817"},"modified":"2025-08-18T09:25:00","modified_gmt":"2025-08-18T12:25:00","slug":"maestria-2","status":"publish","type":"page","link":"https:\/\/historiaintelectual.com.ar\/eng\/maestria-2\/","title":{"rendered":"Master\u2019s Degree Program"},"content":{"rendered":"<div data-elementor-type=\"wp-page\" data-elementor-id=\"8817\" class=\"elementor elementor-8817\" data-elementor-post-type=\"page\">\n\t\t\t\t<div class=\"elementor-element elementor-element-79f7aaa e-flex e-con-boxed e-con e-parent\" data-id=\"79f7aaa\" data-element_type=\"container\" data-e-type=\"container\">\n\t\t\t\t\t<div class=\"e-con-inner\">\n\t\t<div class=\"elementor-element elementor-element-f544870 e-con-full e-flex e-con e-child\" data-id=\"f544870\" data-element_type=\"container\" data-e-type=\"container\">\n\t\t\t\t<div class=\"elementor-element elementor-element-4b6ba8b elementor-widget elementor-widget-image\" data-id=\"4b6ba8b\" data-element_type=\"widget\" data-e-type=\"widget\" data-widget_type=\"image.default\">\n\t\t\t\t<div class=\"elementor-widget-container\">\n\t\t\t\t\t\t\t\t\t\t\t\t\t\t\t\t<a href=\"https:\/\/historiaintelectual.com.ar\/eng\">\n\t\t\t\t\t\t\t<img fetchpriority=\"high\" decoding=\"async\" width=\"251\" height=\"252\" src=\"https:\/\/historiaintelectual.com.ar\/wp-content\/uploads\/2025\/04\/Asset-18.png\" class=\"attachment-full size-full wp-image-7736\" alt=\"\" srcset=\"https:\/\/historiaintelectual.com.ar\/wp-content\/uploads\/2025\/04\/Asset-18.png 251w, https:\/\/historiaintelectual.com.ar\/wp-content\/uploads\/2025\/04\/Asset-18-150x150.png 150w\" sizes=\"(max-width: 251px) 100vw, 251px\" \/>\t\t\t\t\t\t\t\t<\/a>\n\t\t\t\t\t\t\t\t\t\t\t\t\t\t\t<\/div>\n\t\t\t\t<\/div>\n\t\t\t\t<\/div>\n\t\t<div class=\"elementor-element elementor-element-e6cc42d e-con-full e-flex e-con e-child\" data-id=\"e6cc42d\" data-element_type=\"container\" data-e-type=\"container\">\n\t\t\t\t<div class=\"elementor-element elementor-element-52a1931 elementor-widget elementor-widget-heading\" data-id=\"52a1931\" data-element_type=\"widget\" data-e-type=\"widget\" data-widget_type=\"heading.default\">\n\t\t\t\t<div class=\"elementor-widget-container\">\n\t\t\t\t\t<h2 class=\"elementor-heading-title elementor-size-default\">Master\u2019s Degree Program<\/h2>\t\t\t\t<\/div>\n\t\t\t\t<\/div>\n\t\t\t\t<div class=\"elementor-element elementor-element-5b97a76 elementor-icon-list--layout-traditional elementor-list-item-link-full_width elementor-widget elementor-widget-icon-list\" data-id=\"5b97a76\" data-element_type=\"widget\" data-e-type=\"widget\" data-widget_type=\"icon-list.default\">\n\t\t\t\t<div class=\"elementor-widget-container\">\n\t\t\t\t\t\t\t<ul class=\"elementor-icon-list-items\">\n\t\t\t\t\t\t\t<li class=\"elementor-icon-list-item\">\n\t\t\t\t\t\t\t\t\t\t\t<a href=\"#equipo-maestria\">\n\n\t\t\t\t\t\t\t\t\t\t\t<span class=\"elementor-icon-list-text\">Team<\/span>\n\t\t\t\t\t\t\t\t\t\t\t<\/a>\n\t\t\t\t\t\t\t\t\t<\/li>\n\t\t\t\t\t\t\t\t<li class=\"elementor-icon-list-item\">\n\t\t\t\t\t\t\t\t\t\t\t<a href=\"#tesisdef-maestria\">\n\n\t\t\t\t\t\t\t\t\t\t\t<span class=\"elementor-icon-list-text\">Theses defended<\/span>\n\t\t\t\t\t\t\t\t\t\t\t<\/a>\n\t\t\t\t\t\t\t\t\t<\/li>\n\t\t\t\t\t\t\t\t<li class=\"elementor-icon-list-item\">\n\t\t\t\t\t\t\t\t\t\t\t<a href=\"#actividades-maestria\">\n\n\t\t\t\t\t\t\t\t\t\t\t<span class=\"elementor-icon-list-text\">Activities<\/span>\n\t\t\t\t\t\t\t\t\t\t\t<\/a>\n\t\t\t\t\t\t\t\t\t<\/li>\n\t\t\t\t\t\t\t\t<li class=\"elementor-icon-list-item\">\n\t\t\t\t\t\t\t\t\t\t\t<a href=\"https:\/\/www.unq.edu.ar\/carrera\/105-maestria-en-historia-intelectual\/\" target=\"_blank\">\n\n\t\t\t\t\t\t\t\t\t\t\t<span class=\"elementor-icon-list-text\">Enrollment and institutional information<\/span>\n\t\t\t\t\t\t\t\t\t\t\t<\/a>\n\t\t\t\t\t\t\t\t\t<\/li>\n\t\t\t\t\t\t<\/ul>\n\t\t\t\t\t\t<\/div>\n\t\t\t\t<\/div>\n\t\t\t\t<\/div>\n\t\t\t\t\t<\/div>\n\t\t\t\t<\/div>\n\t\t<div class=\"elementor-element elementor-element-81fa051 e-flex e-con-boxed e-con e-parent\" data-id=\"81fa051\" data-element_type=\"container\" data-e-type=\"container\">\n\t\t\t\t\t<div class=\"e-con-inner\">\n\t\t<div class=\"elementor-element elementor-element-6ef2767 e-con-full e-flex e-con e-child\" data-id=\"6ef2767\" data-element_type=\"container\" data-e-type=\"container\">\n\t\t\t\t<\/div>\n\t\t<div class=\"elementor-element elementor-element-effa578 e-con-full e-flex e-con e-child\" data-id=\"effa578\" data-element_type=\"container\" data-e-type=\"container\">\n\t\t\t\t<div class=\"elementor-element elementor-element-3ccc140 elementor-widget elementor-widget-text-editor\" data-id=\"3ccc140\" data-element_type=\"widget\" data-e-type=\"widget\" data-widget_type=\"text-editor.default\">\n\t\t\t\t<div class=\"elementor-widget-container\">\n\t\t\t\t\t\t\t\t\t<p>Created in 2020, the Master\u2019s Degree in Intellectual History fulfilled a long-standing goal of the Center for Intellectual History (CHI): to develop an educational initiative that would disseminate its diverse perspectives on intellectual history. Its scope thus draws on a wide range of subfields and orientations, all represented in its curriculum and courses: the history and sociology of intellectuals, conceptual history, cultural history, the history of urban cultures and their materiality, literary studies, the sociology of culture, the history of books and publishing, microhistory, global intellectual history, the history of political languages, and visual culture, among others.<\/p><p>This openness to dialogue across the humanities reflects the heterogeneous origins of CHI\u2019s members\u2014both its founding group and those who joined later\u2014originally trained in disciplines such as history, literature, philosophy, sociology, political science, and architecture. The program was designed to mirror this plurality of influences. Another of its pillars is grounded in the Center\u2019s commitment to considering Latin America as a whole, continually interrogating both its shared processes and its intraregional cultural and intellectual connections, as well as its place in the wider world.<\/p><p>Director: Mart\u00edn Bergel<\/p><p>Academic Committee: Jorge Myers, Sebasti\u00e1n Carassai, Laura Prado, and Ana Luc\u00eda Magrini.<\/p>\t\t\t\t\t\t\t\t<\/div>\n\t\t\t\t<\/div>\n\t\t\t\t<\/div>\n\t\t\t\t\t<\/div>\n\t\t\t\t<\/div>\n\t\t<div class=\"elementor-element elementor-element-67dfb4b e-flex e-con-boxed e-con e-parent\" data-id=\"67dfb4b\" data-element_type=\"container\" data-e-type=\"container\" id=\"equipo-maestria\">\n\t\t\t\t\t<div class=\"e-con-inner\">\n\t\t<div class=\"elementor-element elementor-element-8d9395b e-con-full e-flex e-con e-child\" data-id=\"8d9395b\" data-element_type=\"container\" data-e-type=\"container\">\n\t\t\t\t<\/div>\n\t\t<div class=\"elementor-element elementor-element-e9d6a40 e-con-full e-flex e-con e-child\" data-id=\"e9d6a40\" data-element_type=\"container\" data-e-type=\"container\">\n\t\t\t\t<div class=\"elementor-element elementor-element-ea1fbfd elementor-widget elementor-widget-text-editor\" data-id=\"ea1fbfd\" data-element_type=\"widget\" data-e-type=\"widget\" id=\"centro\" data-widget_type=\"text-editor.default\">\n\t\t\t\t<div class=\"elementor-widget-container\">\n\t\t\t\t\t\t\t\t\t<h3><span style=\"color: #ba0000;\">Team<\/span><\/h3><p>The first director of the Master's program was El\u00edas Palti; Mart\u00edn Bergel has served as director since 2020, with support from an Academic Committee, currently made up of Jorge Myers, Sebasti\u00e1n Carassai, Laura Prado, and Ana Luc\u00eda Magrini.<\/p><p>Throughout its existence, the following professors have also served in both permanent and guest roles: Ana Clarisa Ag\u00fcero, Pablo Alabarces, Mar\u00eda Fernanda All\u00e9, Carlos Altamirano, Anah\u00ed Ballent, Mart\u00edn Bergel, Alejandro Blanco, Mariana Canavese, Sebasti\u00e1n Carassai, Jos\u00e9 Luis de Diego, In\u00e9s de Torres, Cecilia Dur\u00e1n, Laura Ehrlich, Gabriel Entin, Luis Escobar, Ximena Espeche, Flavia Fiorucci, Martina Garategaray, Adri\u00e1n Gorelik, Luiz Carlos Jackson, Alejandra Laera, Ana Luc\u00eda Magrini, Alejandra Mailhe, Ricardo Mart\u00ednez Mazzola, Jorge Myers, Francisco Ortega, El\u00edas Palti, Luigi Patruno, Laura Prado Acosta, Agust\u00edn Prestifilippo, Julio Ramos, Mart\u00edn Ribadero, Santiago Roggerone, Mariana Rosetti, Pablo S\u00e1nchez Le\u00f3n, Fabio Wasserman, and Dhan Zunino.<\/p><p>Other professors also participated as guest lecturers in individual classes, including Oscar Acosta, Carlos Aguirre, Graciela Batticuore, Pablo Blitstein, Magdalena Candioti, Alejandro Dujovne, Mar\u00eda Celina Fares, Diego Garc\u00eda, Marina Garone, Guillermo Giucci, Andrea Giunta, Kris Lane, Mar\u00eda Fernanda Lorenzo, Vania Markarian, Sof\u00eda Mercader, Sergio Miceli, Gabriela Pellegrino, Mara Polgovsky, Sebasti\u00e1n Rivera Mir, Rafael Rojas, Dar\u00edo Rold\u00e1n, Hilda Sabato, Gustavo Sor\u00e1, Mariano Sverdloff, M\u00f3nica Szurmuk, Cl\u00e9ment Thibaud, Cecilia Tossounian, Enzo Traverso, Hugo Vezzetti, Mart\u00edn Vicente, and Beatriz Vieira.<\/p>\t\t\t\t\t\t\t\t<\/div>\n\t\t\t\t<\/div>\n\t\t\t\t<\/div>\n\t\t\t\t\t<\/div>\n\t\t\t\t<\/div>\n\t\t\t\t<\/div>","protected":false},"excerpt":{"rendered":"<p>Maestr\u00eda Equipo Tesis defendidas Actividades Inscripciones e informaci\u00f3n institucional Creada en el a\u00f1o 2020, la Maestr\u00eda en Historia Intelectual materializ\u00f3 un viejo anhelo del Centro de Historia Intelectual (CHI) por desarrollar una iniciativa pedag\u00f3gica que sirva para irradiar las diferentes perspectivas vinculadas a la historia intelectual que convergen en su seno. Su horizonte abreva por [&hellip;]<\/p>\n","protected":false},"author":1,"featured_media":0,"parent":0,"menu_order":0,"comment_status":"closed","ping_status":"closed","template":"","meta":{"footnotes":""},"class_list":["post-8817","page","type-page","status-publish","hentry"],"yoast_head":"<!-- This site is optimized with the Yoast SEO plugin v27.3 - https:\/\/yoast.com\/product\/yoast-seo-wordpress\/ -->\n<title>Maestr\u00eda &#187; Historia Intelectual<\/title>\n<meta name=\"robots\" content=\"index, follow, max-snippet:-1, max-image-preview:large, max-video-preview:-1\" \/>\n<link rel=\"canonical\" href=\"https:\/\/historiaintelectual.com.ar\/eng\/maestria-2\/\" \/>\n<meta property=\"og:locale\" content=\"en_US\" \/>\n<meta property=\"og:type\" content=\"article\" \/>\n<meta property=\"og:title\" content=\"Maestr\u00eda &#187; Historia Intelectual\" \/>\n<meta property=\"og:description\" content=\"Maestr\u00eda Equipo Tesis defendidas Actividades Inscripciones e informaci\u00f3n institucional Creada en el a\u00f1o 2020, la Maestr\u00eda en Historia Intelectual materializ\u00f3 un viejo anhelo del Centro de Historia Intelectual (CHI) por desarrollar una iniciativa pedag\u00f3gica que sirva para irradiar las diferentes perspectivas vinculadas a la historia intelectual que convergen en su seno. Su horizonte abreva por [&hellip;]\" \/>\n<meta property=\"og:url\" content=\"https:\/\/historiaintelectual.com.ar\/eng\/maestria-2\/\" \/>\n<meta property=\"og:site_name\" content=\"Historia Intelectual\" \/>\n<meta property=\"article:publisher\" content=\"https:\/\/www.facebook.com\/Centrodehistoriaintelectual\/\" \/>\n<meta property=\"article:modified_time\" content=\"2025-08-18T12:25:00+00:00\" \/>\n<meta property=\"og:image\" content=\"https:\/\/historiaintelectual.com.ar\/wp-content\/uploads\/2025\/04\/Asset-18.png\" \/>\n<script type=\"application\/ld+json\" class=\"yoast-schema-graph\">{\"@context\":\"https:\\\/\\\/schema.org\",\"@graph\":[{\"@type\":\"WebPage\",\"@id\":\"https:\\\/\\\/historiaintelectual.com.ar\\\/maestria-2\\\/\",\"url\":\"https:\\\/\\\/historiaintelectual.com.ar\\\/maestria-2\\\/\",\"name\":\"Maestr\u00eda &#187; Historia Intelectual\",\"isPartOf\":{\"@id\":\"https:\\\/\\\/historiaintelectual.com.ar\\\/#website\"},\"primaryImageOfPage\":{\"@id\":\"https:\\\/\\\/historiaintelectual.com.ar\\\/maestria-2\\\/#primaryimage\"},\"image\":{\"@id\":\"https:\\\/\\\/historiaintelectual.com.ar\\\/maestria-2\\\/#primaryimage\"},\"thumbnailUrl\":\"https:\\\/\\\/historiaintelectual.com.ar\\\/wp-content\\\/uploads\\\/2025\\\/04\\\/Asset-18.png\",\"datePublished\":\"2025-06-02T19:05:47+00:00\",\"dateModified\":\"2025-08-18T12:25:00+00:00\",\"breadcrumb\":{\"@id\":\"https:\\\/\\\/historiaintelectual.com.ar\\\/maestria-2\\\/#breadcrumb\"},\"inLanguage\":\"en-US\",\"potentialAction\":[{\"@type\":\"ReadAction\",\"target\":[\"https:\\\/\\\/historiaintelectual.com.ar\\\/maestria-2\\\/\"]}]},{\"@type\":\"ImageObject\",\"inLanguage\":\"en-US\",\"@id\":\"https:\\\/\\\/historiaintelectual.com.ar\\\/maestria-2\\\/#primaryimage\",\"url\":\"https:\\\/\\\/historiaintelectual.com.ar\\\/wp-content\\\/uploads\\\/2025\\\/04\\\/Asset-18.png\",\"contentUrl\":\"https:\\\/\\\/historiaintelectual.com.ar\\\/wp-content\\\/uploads\\\/2025\\\/04\\\/Asset-18.png\"},{\"@type\":\"BreadcrumbList\",\"@id\":\"https:\\\/\\\/historiaintelectual.com.ar\\\/maestria-2\\\/#breadcrumb\",\"itemListElement\":[{\"@type\":\"ListItem\",\"position\":1,\"name\":\"Portada\",\"item\":\"https:\\\/\\\/historiaintelectual.com.ar\\\/\"},{\"@type\":\"ListItem\",\"position\":2,\"name\":\"Maestr\u00eda\"}]},{\"@type\":\"WebSite\",\"@id\":\"https:\\\/\\\/historiaintelectual.com.ar\\\/#website\",\"url\":\"https:\\\/\\\/historiaintelectual.com.ar\\\/\",\"name\":\"Historia Intelectual\",\"description\":\"Centro de Historia Intelectual\",\"publisher\":{\"@id\":\"https:\\\/\\\/historiaintelectual.com.ar\\\/#organization\"},\"alternateName\":\"Centro de historia intelectual\",\"potentialAction\":[{\"@type\":\"SearchAction\",\"target\":{\"@type\":\"EntryPoint\",\"urlTemplate\":\"https:\\\/\\\/historiaintelectual.com.ar\\\/?s={search_term_string}\"},\"query-input\":{\"@type\":\"PropertyValueSpecification\",\"valueRequired\":true,\"valueName\":\"search_term_string\"}}],\"inLanguage\":\"en-US\"},{\"@type\":\"Organization\",\"@id\":\"https:\\\/\\\/historiaintelectual.com.ar\\\/#organization\",\"name\":\"Centro Historia Intelectual\",\"url\":\"https:\\\/\\\/historiaintelectual.com.ar\\\/\",\"logo\":{\"@type\":\"ImageObject\",\"inLanguage\":\"en-US\",\"@id\":\"https:\\\/\\\/historiaintelectual.com.ar\\\/#\\\/schema\\\/logo\\\/image\\\/\",\"url\":\"https:\\\/\\\/historiaintelectual.com.ar\\\/wp-content\\\/uploads\\\/2025\\\/04\\\/logo-25.png\",\"contentUrl\":\"https:\\\/\\\/historiaintelectual.com.ar\\\/wp-content\\\/uploads\\\/2025\\\/04\\\/logo-25.png\",\"width\":456,\"height\":456,\"caption\":\"Centro Historia Intelectual\"},\"image\":{\"@id\":\"https:\\\/\\\/historiaintelectual.com.ar\\\/#\\\/schema\\\/logo\\\/image\\\/\"},\"sameAs\":[\"https:\\\/\\\/www.facebook.com\\\/Centrodehistoriaintelectual\\\/\",\"https:\\\/\\\/www.youtube.com\\\/channel\\\/UCGr8q_2-dchoqKT-jT5Lmfw\",\"https:\\\/\\\/www.instagram.com\\\/chi_unq\\\/\"]}]}<\/script>\n<!-- \/ Yoast SEO plugin. -->","yoast_head_json":{"title":"Maestr\u00eda &#187; Historia Intelectual","robots":{"index":"index","follow":"follow","max-snippet":"max-snippet:-1","max-image-preview":"max-image-preview:large","max-video-preview":"max-video-preview:-1"},"canonical":"https:\/\/historiaintelectual.com.ar\/eng\/maestria-2\/","og_locale":"en_US","og_type":"article","og_title":"Maestr\u00eda &#187; Historia Intelectual","og_description":"Maestr\u00eda Equipo Tesis defendidas Actividades Inscripciones e informaci\u00f3n institucional Creada en el a\u00f1o 2020, la Maestr\u00eda en Historia Intelectual materializ\u00f3 un viejo anhelo del Centro de Historia Intelectual (CHI) por desarrollar una iniciativa pedag\u00f3gica que sirva para irradiar las diferentes perspectivas vinculadas a la historia intelectual que convergen en su seno. Su horizonte abreva por [&hellip;]","og_url":"https:\/\/historiaintelectual.com.ar\/eng\/maestria-2\/","og_site_name":"Historia Intelectual","article_publisher":"https:\/\/www.facebook.com\/Centrodehistoriaintelectual\/","article_modified_time":"2025-08-18T12:25:00+00:00","og_image":[{"url":"https:\/\/historiaintelectual.com.ar\/wp-content\/uploads\/2025\/04\/Asset-18.png","type":"","width":"","height":""}],"schema":{"@context":"https:\/\/schema.org","@graph":[{"@type":"WebPage","@id":"https:\/\/historiaintelectual.com.ar\/maestria-2\/","url":"https:\/\/historiaintelectual.com.ar\/maestria-2\/","name":"Maestr\u00eda &#187; Historia Intelectual","isPartOf":{"@id":"https:\/\/historiaintelectual.com.ar\/#website"},"primaryImageOfPage":{"@id":"https:\/\/historiaintelectual.com.ar\/maestria-2\/#primaryimage"},"image":{"@id":"https:\/\/historiaintelectual.com.ar\/maestria-2\/#primaryimage"},"thumbnailUrl":"https:\/\/historiaintelectual.com.ar\/wp-content\/uploads\/2025\/04\/Asset-18.png","datePublished":"2025-06-02T19:05:47+00:00","dateModified":"2025-08-18T12:25:00+00:00","breadcrumb":{"@id":"https:\/\/historiaintelectual.com.ar\/maestria-2\/#breadcrumb"},"inLanguage":"en-US","potentialAction":[{"@type":"ReadAction","target":["https:\/\/historiaintelectual.com.ar\/maestria-2\/"]}]},{"@type":"ImageObject","inLanguage":"en-US","@id":"https:\/\/historiaintelectual.com.ar\/maestria-2\/#primaryimage","url":"https:\/\/historiaintelectual.com.ar\/wp-content\/uploads\/2025\/04\/Asset-18.png","contentUrl":"https:\/\/historiaintelectual.com.ar\/wp-content\/uploads\/2025\/04\/Asset-18.png"},{"@type":"BreadcrumbList","@id":"https:\/\/historiaintelectual.com.ar\/maestria-2\/#breadcrumb","itemListElement":[{"@type":"ListItem","position":1,"name":"Portada","item":"https:\/\/historiaintelectual.com.ar\/"},{"@type":"ListItem","position":2,"name":"Maestr\u00eda"}]},{"@type":"WebSite","@id":"https:\/\/historiaintelectual.com.ar\/#website","url":"https:\/\/historiaintelectual.com.ar\/","name":"Historia Intelectual","description":"Center for Intellectual History","publisher":{"@id":"https:\/\/historiaintelectual.com.ar\/#organization"},"alternateName":"Centro de historia intelectual","potentialAction":[{"@type":"SearchAction","target":{"@type":"EntryPoint","urlTemplate":"https:\/\/historiaintelectual.com.ar\/?s={search_term_string}"},"query-input":{"@type":"PropertyValueSpecification","valueRequired":true,"valueName":"search_term_string"}}],"inLanguage":"en-US"},{"@type":"Organization","@id":"https:\/\/historiaintelectual.com.ar\/#organization","name":"Centro Historia Intelectual","url":"https:\/\/historiaintelectual.com.ar\/","logo":{"@type":"ImageObject","inLanguage":"en-US","@id":"https:\/\/historiaintelectual.com.ar\/#\/schema\/logo\/image\/","url":"https:\/\/historiaintelectual.com.ar\/wp-content\/uploads\/2025\/04\/logo-25.png","contentUrl":"https:\/\/historiaintelectual.com.ar\/wp-content\/uploads\/2025\/04\/logo-25.png","width":456,"height":456,"caption":"Centro Historia Intelectual"},"image":{"@id":"https:\/\/historiaintelectual.com.ar\/#\/schema\/logo\/image\/"},"sameAs":["https:\/\/www.facebook.com\/Centrodehistoriaintelectual\/","https:\/\/www.youtube.com\/channel\/UCGr8q_2-dchoqKT-jT5Lmfw","https:\/\/www.instagram.com\/chi_unq\/"]}]}},"_links":{"self":[{"href":"https:\/\/historiaintelectual.com.ar\/eng\/wp-json\/wp\/v2\/pages\/8817","targetHints":{"allow":["GET"]}}],"collection":[{"href":"https:\/\/historiaintelectual.com.ar\/eng\/wp-json\/wp\/v2\/pages"}],"about":[{"href":"https:\/\/historiaintelectual.com.ar\/eng\/wp-json\/wp\/v2\/types\/page"}],"author":[{"embeddable":true,"href":"https:\/\/historiaintelectual.com.ar\/eng\/wp-json\/wp\/v2\/users\/1"}],"replies":[{"embeddable":true,"href":"https:\/\/historiaintelectual.com.ar\/eng\/wp-json\/wp\/v2\/comments?post=8817"}],"version-history":[{"count":34,"href":"https:\/\/historiaintelectual.com.ar\/eng\/wp-json\/wp\/v2\/pages\/8817\/revisions"}],"predecessor-version":[{"id":9253,"href":"https:\/\/historiaintelectual.com.ar\/eng\/wp-json\/wp\/v2\/pages\/8817\/revisions\/9253"}],"wp:attachment":[{"href":"https:\/\/historiaintelectual.com.ar\/eng\/wp-json\/wp\/v2\/media?parent=8817"}],"curies":[{"name":"wp","href":"https:\/\/api.w.org\/{rel}","templated":true}]}}