{"id":8272,"date":"2025-04-28T16:08:27","date_gmt":"2025-04-28T19:08:27","guid":{"rendered":"https:\/\/historiaintelectual.com.ar\/?page_id=8272"},"modified":"2026-04-29T17:46:59","modified_gmt":"2026-04-29T20:46:59","slug":"libros","status":"publish","type":"page","link":"https:\/\/historiaintelectual.com.ar\/eng\/libros\/","title":{"rendered":"Books"},"content":{"rendered":"<div data-elementor-type=\"wp-page\" data-elementor-id=\"8272\" class=\"elementor elementor-8272\" data-elementor-post-type=\"page\">\n\t\t\t\t<div class=\"elementor-element elementor-element-bb2c820 e-flex e-con-boxed e-con e-parent\" data-id=\"bb2c820\" data-element_type=\"container\" data-e-type=\"container\">\n\t\t\t\t\t<div class=\"e-con-inner\">\n\t\t<div class=\"elementor-element elementor-element-63c8fef e-con-full e-flex e-con e-child\" data-id=\"63c8fef\" data-element_type=\"container\" data-e-type=\"container\">\n\t\t\t\t<div class=\"elementor-element elementor-element-8ed386a elementor-widget elementor-widget-image\" data-id=\"8ed386a\" data-element_type=\"widget\" data-e-type=\"widget\" data-widget_type=\"image.default\">\n\t\t\t\t<div class=\"elementor-widget-container\">\n\t\t\t\t\t\t\t\t\t\t\t\t\t\t\t\t<a href=\"https:\/\/historiaintelectual.com.ar\/eng\">\n\t\t\t\t\t\t\t<img fetchpriority=\"high\" decoding=\"async\" width=\"252\" height=\"252\" src=\"https:\/\/historiaintelectual.com.ar\/wp-content\/uploads\/2025\/04\/Asset-14.png\" class=\"attachment-full size-full wp-image-7732\" alt=\"\" srcset=\"https:\/\/historiaintelectual.com.ar\/wp-content\/uploads\/2025\/04\/Asset-14.png 252w, https:\/\/historiaintelectual.com.ar\/wp-content\/uploads\/2025\/04\/Asset-14-150x150.png 150w\" sizes=\"(max-width: 252px) 100vw, 252px\" \/>\t\t\t\t\t\t\t\t<\/a>\n\t\t\t\t\t\t\t\t\t\t\t\t\t\t\t<\/div>\n\t\t\t\t<\/div>\n\t\t\t\t<\/div>\n\t\t<div class=\"elementor-element elementor-element-9ac02ee e-con-full e-flex e-con e-child\" data-id=\"9ac02ee\" data-element_type=\"container\" data-e-type=\"container\">\n\t\t\t\t<div class=\"elementor-element elementor-element-48294ab elementor-widget elementor-widget-heading\" data-id=\"48294ab\" data-element_type=\"widget\" data-e-type=\"widget\" data-widget_type=\"heading.default\">\n\t\t\t\t<div class=\"elementor-widget-container\">\n\t\t\t\t\t<h2 class=\"elementor-heading-title elementor-size-default\">Books<\/h2>\t\t\t\t<\/div>\n\t\t\t\t<\/div>\n\t\t\t\t<\/div>\n\t\t\t\t\t<\/div>\n\t\t\t\t<\/div>\n\t\t<div class=\"elementor-element elementor-element-ffe431e e-flex e-con-boxed e-con e-parent\" data-id=\"ffe431e\" data-element_type=\"container\" data-e-type=\"container\">\n\t\t\t\t\t<div class=\"e-con-inner\">\n\t\t\t\t<div class=\"elementor-element elementor-element-227023e e-n-tabs-none elementor-widget elementor-widget-n-tabs\" data-id=\"227023e\" data-element_type=\"widget\" data-e-type=\"widget\" data-settings=\"{&quot;tabs_justify_horizontal&quot;:&quot;stretch&quot;,&quot;horizontal_scroll_mobile&quot;:&quot;disable&quot;,&quot;tabs_justify_horizontal_mobile&quot;:&quot;stretch&quot;,&quot;horizontal_scroll&quot;:&quot;disable&quot;}\" data-widget_type=\"nested-tabs.default\">\n\t\t\t\t<div class=\"elementor-widget-container\">\n\t\t\t\t\t\t\t<div class=\"e-n-tabs\" data-widget-number=\"36110910\" aria-label=\"Pesta\u00f1as. Abr\u00ed items con Enter o la Barra Espaciadora; cerr\u00e1 con Esc y naveg\u00e1 utilizando el teclado de flechas.\">\n\t\t\t<div class=\"e-n-tabs-heading\" role=\"tablist\">\n\t\t\t\t\t<button id=\"ed-prismas\" data-tab-title-id=\"e-n-tab-title-361109101\" class=\"e-n-tab-title\" aria-selected=\"true\" data-tab-index=\"1\" role=\"tab\" tabindex=\"0\" aria-controls=\"e-n-tab-content-361109101\" style=\"--n-tabs-title-order: 1;\">\n\t\t\t\t\t\t<span class=\"e-n-tab-title-text\">\n\t\t\t\tEdiciones Prismas\t\t\t<\/span>\n\t\t<\/button>\n\t\t\t\t<button id=\"colectivas\" data-tab-title-id=\"e-n-tab-title-361109102\" class=\"e-n-tab-title\" aria-selected=\"false\" data-tab-index=\"2\" role=\"tab\" tabindex=\"-1\" aria-controls=\"e-n-tab-content-361109102\" style=\"--n-tabs-title-order: 2;\">\n\t\t\t\t\t\t<span class=\"e-n-tab-title-text\">\n\t\t\t\tCollective publications\t\t\t<\/span>\n\t\t<\/button>\n\t\t\t\t<button id=\"colecciones\" data-tab-title-id=\"e-n-tab-title-361109103\" class=\"e-n-tab-title\" aria-selected=\"false\" data-tab-index=\"3\" role=\"tab\" tabindex=\"-1\" aria-controls=\"e-n-tab-content-361109103\" style=\"--n-tabs-title-order: 3;\">\n\t\t\t\t\t\t<span class=\"e-n-tab-title-text\">\n\t\t\t\tCollections\t\t\t<\/span>\n\t\t<\/button>\n\t\t\t\t<button id=\"libros-investigadores\" data-tab-title-id=\"e-n-tab-title-361109104\" class=\"e-n-tab-title\" aria-selected=\"false\" data-tab-index=\"4\" role=\"tab\" tabindex=\"-1\" aria-controls=\"e-n-tab-content-361109104\" style=\"--n-tabs-title-order: 4;\">\n\t\t\t\t\t\t<span class=\"e-n-tab-title-text\">\n\t\t\t\tResearchers' books\t\t\t<\/span>\n\t\t<\/button>\n\t\t\t\t\t<\/div>\n\t\t\t<div class=\"e-n-tabs-content\">\n\t\t\t\t<div id=\"e-n-tab-content-361109101\" role=\"tabpanel\" aria-labelledby=\"ed-prismas\" data-tab-index=\"1\" style=\"--n-tabs-title-order: 1;\" class=\"e-active elementor-element elementor-element-60664d7 e-con-full e-flex e-con e-child\" data-id=\"60664d7\" data-element_type=\"container\" data-e-type=\"container\">\n\t\t<div class=\"elementor-element elementor-element-80f3a02 e-con-full e-flex e-con e-child\" data-id=\"80f3a02\" data-element_type=\"container\" data-e-type=\"container\">\n\t\t\t\t<div class=\"elementor-element elementor-element-2deff61 elementor-widget__width-inherit elementor-widget elementor-widget-text-editor\" data-id=\"2deff61\" data-element_type=\"widget\" data-e-type=\"widget\" data-widget_type=\"text-editor.default\">\n\t\t\t\t<div class=\"elementor-widget-container\">\n\t\t\t\t\t\t\t\t\t<p>La serie \u201cHistoria Intelectual Latinoamericana\u201d es una iniciativa conjunta de LASA Press y Prismas Ediciones (Centro de Historia Intelectual, Universidad Nacional de Quilmes). La serie forma parte de la colecci\u00f3n ya existente de LASA Press, \u00abIn Translation: Key Books in Latin American Studies\u00bb, con un objetivo m\u00e1s espec\u00edfico: la traducci\u00f3n al ingl\u00e9s de obras de relevancia para el campo de la historia intelectual latinoamericana.<\/p><p>In keeping with the long tradition of the Center for Intellectual History, the series defines this field very broadly as the historical study of the symbolic dimension of social life. It is an inclusive definition of diverse traditions, encompassing varied perspectives, from conceptual history to the history of ideas, from the sociology of intellectuals to cultural history, among many others. This includes the study of ideas considered as acts of discourse, ideological languages, and works of thought and artistic expression, seeking to examine how these elements intertwine in the social fabric, and tracing the trajectories of intellectuals and their institutions. The approach seeks to integrate the intrinsic meaning of the works and their materiality: the textual or physical formats through which ideas are produced and disseminated. It may also include the study of more diffuse cultural dimensions, such as social imaginaries, collective representations, and urban cultures.<\/p><p>La colecci\u00f3n re\u00fane obras que ya se consideran fundamentales por su contribuci\u00f3n a la comprensi\u00f3n de la vida cultural del continente, junto con obras m\u00e1s recientes, innovadoras, que cuestionan y renuevan las metodolog\u00edas de la historia intelectual.<\/p><p><b>Consejo Editorial<\/b><\/p><p style=\"padding-left: 40px;\">Natalia Majluf (LASA Press)<br \/>Cristina Soriano (LASA Press)<br \/>Laura Ehrlich (Prismas Ediciones)<br \/>Adri\u00e1n Gorelik (Prismas Ediciones)<\/p><p>\u00a0<\/p><p><b>About the Latin American Intellectual History Series<\/b><\/p><p>The Latin American Intellectual History Series is a joint initiative of LASA Press and Prismas Ediciones (Centro de Historia Intelectual, Universidad Nacional de Quilmes). The series is part of the existing LASA Press collection, In Translation: Key Books in Latin American Studies, with a more specific objective: the translation into English of works that are significant to the field of Latin American intellectual history.<\/p><p>In alignment with the long-standing tradition of the Centro de Historia Intelectual, the series defines this field in a very broad way, as the historical study of the symbolic dimension of social life. This is an inclusive definition of various traditions, welcoming diverse perspectives, from conceptual history to the history of ideas, from the sociology of intellectuals to cultural history, among many others. The scope includes ideas viewed as acts of discourse, ideological languages, and works of thought and of artistic expression, examining how these elements are woven into the social fabric, tracking the trajectories of intellectuals and the institutions they both inhabit and create. The approach balances the intrinsic meaning of a work with its materiality\u2014the textual or physical formats through which ideas are produced and circulated. It may also include the study of more diffuse cultural dimensions, such as social imaginaries, collective representations, and urban cultures.<\/p><p>The series selects books already regarded as foundational for their contributions to understanding the cultural life of the continent, alongside innovative new works that challenge and renew the\u00a0 methodologies of intellectual history.<\/p><p><strong>Editorial Board<\/strong><\/p><p style=\"padding-left: 40px;\">Natalia Majluf (LASA Press)<br \/>Cristina Soriano (LASA Press)<br \/>Laura Ehrlich (Prismas Ediciones)<br \/>Adri\u00e1n Gorelik (Prismas Ediciones)<\/p>\t\t\t\t\t\t\t\t<\/div>\n\t\t\t\t<\/div>\n\t\t\t\t<div class=\"elementor-element elementor-element-eb6a8bf elementor-align-left elementor-widget__width-auto elementor-widget elementor-widget-button\" data-id=\"eb6a8bf\" data-element_type=\"widget\" data-e-type=\"widget\" data-widget_type=\"button.default\">\n\t\t\t\t<div class=\"elementor-widget-container\">\n\t\t\t\t\t\t\t\t\t<div class=\"elementor-button-wrapper\">\n\t\t\t\t\t<a class=\"elementor-button elementor-button-link elementor-size-sm\" href=\"https:\/\/lasapress.org\/\" target=\"_blank\">\n\t\t\t\t\t\t<span class=\"elementor-button-content-wrapper\">\n\t\t\t\t\t\t\t\t\t<span class=\"elementor-button-text\">Visit LASA Press<\/span>\n\t\t\t\t\t<\/span>\n\t\t\t\t\t<\/a>\n\t\t\t\t<\/div>\n\t\t\t\t\t\t\t\t<\/div>\n\t\t\t\t<\/div>\n\t\t\t\t<\/div>\n\t\t\t\t<div class=\"elementor-element elementor-element-e3c81dd elementor-grid-2 elementor-posts--align-center elementor-grid-tablet-1 elementor-widget-mobile__width-inherit elementor-grid-mobile-1 elementor-posts--thumbnail-top elementor-widget elementor-widget-posts\" data-id=\"e3c81dd\" data-element_type=\"widget\" data-e-type=\"widget\" data-settings=\"{&quot;classic_columns&quot;:&quot;2&quot;,&quot;classic_row_gap&quot;:{&quot;unit&quot;:&quot;px&quot;,&quot;size&quot;:0,&quot;sizes&quot;:[]},&quot;classic_columns_tablet&quot;:&quot;1&quot;,&quot;classic_columns_mobile&quot;:&quot;1&quot;,&quot;classic_row_gap_tablet&quot;:{&quot;unit&quot;:&quot;px&quot;,&quot;size&quot;:&quot;&quot;,&quot;sizes&quot;:[]},&quot;classic_row_gap_mobile&quot;:{&quot;unit&quot;:&quot;px&quot;,&quot;size&quot;:&quot;&quot;,&quot;sizes&quot;:[]}}\" data-widget_type=\"posts.classic\">\n\t\t\t\t<div class=\"elementor-widget-container\">\n\t\t\t\t\t\t\t<div class=\"elementor-posts-container elementor-posts elementor-posts--skin-classic elementor-grid\" role=\"list\">\n\t\t\t\t<article class=\"elementor-post elementor-grid-item post-11332 post type-post status-publish format-standard has-post-thumbnail hentry category-ediciones-prismas\" role=\"listitem\">\n\t\t\t\t<a class=\"elementor-post__thumbnail__link\" href=\"https:\/\/historiaintelectual.com.ar\/eng\/between-the-pen-and-the-rifle\/\" tabindex=\"-1\" >\n\t\t\t<div class=\"elementor-post__thumbnail\"><img decoding=\"async\" width=\"879\" height=\"1346\" src=\"https:\/\/historiaintelectual.com.ar\/wp-content\/uploads\/2026\/04\/Tapa-Gilman.jpg\" class=\"attachment-full size-full wp-image-11334\" alt=\"\" srcset=\"https:\/\/historiaintelectual.com.ar\/wp-content\/uploads\/2026\/04\/Tapa-Gilman.jpg 879w, https:\/\/historiaintelectual.com.ar\/wp-content\/uploads\/2026\/04\/Tapa-Gilman-196x300.jpg 196w, https:\/\/historiaintelectual.com.ar\/wp-content\/uploads\/2026\/04\/Tapa-Gilman-669x1024.jpg 669w, https:\/\/historiaintelectual.com.ar\/wp-content\/uploads\/2026\/04\/Tapa-Gilman-768x1176.jpg 768w, https:\/\/historiaintelectual.com.ar\/wp-content\/uploads\/2026\/04\/Tapa-Gilman-8x12.jpg 8w\" sizes=\"(max-width: 879px) 100vw, 879px\" \/><\/div>\n\t\t<\/a>\n\t\t\t\t<div class=\"elementor-post__text\">\n\t\t\t\t<h3 class=\"elementor-post__title\">\n\t\t\t<a href=\"https:\/\/historiaintelectual.com.ar\/eng\/between-the-pen-and-the-rifle\/\" >\n\t\t\t\tBetween the Pen and the Rifle\t\t\t<\/a>\n\t\t<\/h3>\n\t\t\t\t<\/div>\n\t\t\t\t<\/article>\n\t\t\t\t<\/div>\n\t\t\n\t\t\t\t\t\t<\/div>\n\t\t\t\t<\/div>\n\t\t\t\t<\/div>\n\t\t<div id=\"e-n-tab-content-361109102\" role=\"tabpanel\" aria-labelledby=\"colectivas\" data-tab-index=\"2\" style=\"--n-tabs-title-order: 2;\" class=\"elementor-element elementor-element-9c1dfc5 e-con-full e-flex e-con e-child\" data-id=\"9c1dfc5\" data-element_type=\"container\" data-e-type=\"container\">\n\t\t\t\t<div class=\"elementor-element elementor-element-aae1ea0 elementor-grid-4 elementor-posts--align-center elementor-grid-tablet-2 elementor-grid-mobile-1 elementor-posts--thumbnail-top elementor-widget elementor-widget-posts\" data-id=\"aae1ea0\" data-element_type=\"widget\" data-e-type=\"widget\" data-settings=\"{&quot;classic_columns&quot;:&quot;4&quot;,&quot;classic_row_gap&quot;:{&quot;unit&quot;:&quot;px&quot;,&quot;size&quot;:0,&quot;sizes&quot;:[]},&quot;classic_columns_tablet&quot;:&quot;2&quot;,&quot;classic_columns_mobile&quot;:&quot;1&quot;,&quot;classic_row_gap_tablet&quot;:{&quot;unit&quot;:&quot;px&quot;,&quot;size&quot;:&quot;&quot;,&quot;sizes&quot;:[]},&quot;classic_row_gap_mobile&quot;:{&quot;unit&quot;:&quot;px&quot;,&quot;size&quot;:&quot;&quot;,&quot;sizes&quot;:[]}}\" data-widget_type=\"posts.classic\">\n\t\t\t\t<div class=\"elementor-widget-container\">\n\t\t\t\t\t\t\t<div class=\"elementor-posts-container elementor-posts elementor-posts--skin-classic elementor-grid\" role=\"list\">\n\t\t\t\t<article class=\"elementor-post elementor-grid-item post-8341 post type-post status-publish format-standard has-post-thumbnail hentry category-publicaciones-colectivas\" role=\"listitem\">\n\t\t\t\t<a class=\"elementor-post__thumbnail__link\" href=\"https:\/\/historiaintelectual.com.ar\/eng\/la-argentina-como-problema\/\" tabindex=\"-1\" >\n\t\t\t<div class=\"elementor-post__thumbnail\"><img decoding=\"async\" width=\"1228\" height=\"1819\" src=\"https:\/\/historiaintelectual.com.ar\/wp-content\/uploads\/2020\/09\/La-Argentina-como-problema_tapa.jpg\" class=\"attachment-full size-full wp-image-6521\" alt=\"\" srcset=\"https:\/\/historiaintelectual.com.ar\/wp-content\/uploads\/2020\/09\/La-Argentina-como-problema_tapa.jpg 1228w, https:\/\/historiaintelectual.com.ar\/wp-content\/uploads\/2020\/09\/La-Argentina-como-problema_tapa-203x300.jpg 203w, https:\/\/historiaintelectual.com.ar\/wp-content\/uploads\/2020\/09\/La-Argentina-como-problema_tapa-691x1024.jpg 691w, https:\/\/historiaintelectual.com.ar\/wp-content\/uploads\/2020\/09\/La-Argentina-como-problema_tapa-768x1138.jpg 768w, https:\/\/historiaintelectual.com.ar\/wp-content\/uploads\/2020\/09\/La-Argentina-como-problema_tapa-1037x1536.jpg 1037w\" sizes=\"(max-width: 1228px) 100vw, 1228px\" \/><\/div>\n\t\t<\/a>\n\t\t\t\t<div class=\"elementor-post__text\">\n\t\t\t\t<h3 class=\"elementor-post__title\">\n\t\t\t<a href=\"https:\/\/historiaintelectual.com.ar\/eng\/la-argentina-como-problema\/\" >\n\t\t\t\tLa Argentina como problema\t\t\t<\/a>\n\t\t<\/h3>\n\t\t\t\t<\/div>\n\t\t\t\t<\/article>\n\t\t\t\t<article class=\"elementor-post elementor-grid-item post-8379 post type-post status-publish format-standard has-post-thumbnail hentry category-publicaciones-colectivas\" role=\"listitem\">\n\t\t\t\t<a class=\"elementor-post__thumbnail__link\" href=\"https:\/\/historiaintelectual.com.ar\/eng\/ciudades-sudamericanas\/\" tabindex=\"-1\" >\n\t\t\t<div class=\"elementor-post__thumbnail\"><img loading=\"lazy\" decoding=\"async\" width=\"659\" height=\"1000\" src=\"https:\/\/historiaintelectual.com.ar\/wp-content\/uploads\/2016\/08\/Ciudades-sudamericanas-como-arenas-culturales.jpg\" class=\"attachment-full size-full wp-image-5082\" alt=\"\" srcset=\"https:\/\/historiaintelectual.com.ar\/wp-content\/uploads\/2016\/08\/Ciudades-sudamericanas-como-arenas-culturales.jpg 659w, https:\/\/historiaintelectual.com.ar\/wp-content\/uploads\/2016\/08\/Ciudades-sudamericanas-como-arenas-culturales-198x300.jpg 198w\" sizes=\"(max-width: 659px) 100vw, 659px\" \/><\/div>\n\t\t<\/a>\n\t\t\t\t<div class=\"elementor-post__text\">\n\t\t\t\t<h3 class=\"elementor-post__title\">\n\t\t\t<a href=\"https:\/\/historiaintelectual.com.ar\/eng\/ciudades-sudamericanas\/\" >\n\t\t\t\tCiudades Sudamericanas\t\t\t<\/a>\n\t\t<\/h3>\n\t\t\t\t<\/div>\n\t\t\t\t<\/article>\n\t\t\t\t<article class=\"elementor-post elementor-grid-item post-8387 post type-post status-publish format-standard has-post-thumbnail hentry category-publicaciones-colectivas\" role=\"listitem\">\n\t\t\t\t<a class=\"elementor-post__thumbnail__link\" href=\"https:\/\/historiaintelectual.com.ar\/eng\/retratos-latino-americanos\/\" tabindex=\"-1\" >\n\t\t\t<div class=\"elementor-post__thumbnail\"><img loading=\"lazy\" decoding=\"async\" width=\"1137\" height=\"1497\" src=\"https:\/\/historiaintelectual.com.ar\/wp-content\/uploads\/2020\/09\/page_1.jpg\" class=\"attachment-full size-full wp-image-6526\" alt=\"\" srcset=\"https:\/\/historiaintelectual.com.ar\/wp-content\/uploads\/2020\/09\/page_1.jpg 1137w, https:\/\/historiaintelectual.com.ar\/wp-content\/uploads\/2020\/09\/page_1-228x300.jpg 228w, https:\/\/historiaintelectual.com.ar\/wp-content\/uploads\/2020\/09\/page_1-778x1024.jpg 778w, https:\/\/historiaintelectual.com.ar\/wp-content\/uploads\/2020\/09\/page_1-768x1011.jpg 768w\" sizes=\"(max-width: 1137px) 100vw, 1137px\" \/><\/div>\n\t\t<\/a>\n\t\t\t\t<div class=\"elementor-post__text\">\n\t\t\t\t<h3 class=\"elementor-post__title\">\n\t\t\t<a href=\"https:\/\/historiaintelectual.com.ar\/eng\/retratos-latino-americanos\/\" >\n\t\t\t\tRetratos Latino-Americanos\t\t\t<\/a>\n\t\t<\/h3>\n\t\t\t\t<\/div>\n\t\t\t\t<\/article>\n\t\t\t\t<article class=\"elementor-post elementor-grid-item post-8401 post type-post status-publish format-standard has-post-thumbnail hentry category-publicaciones-colectivas\" role=\"listitem\">\n\t\t\t\t<a class=\"elementor-post__thumbnail__link\" href=\"https:\/\/historiaintelectual.com.ar\/eng\/historia-de-los-intelectuales-en-america-latina-i\/\" tabindex=\"-1\" >\n\t\t\t<div class=\"elementor-post__thumbnail\"><img loading=\"lazy\" decoding=\"async\" width=\"941\" height=\"1411\" src=\"https:\/\/historiaintelectual.com.ar\/wp-content\/uploads\/2015\/07\/Historia-de-los-intelectuales-I1.jpg\" class=\"attachment-full size-full wp-image-4686\" alt=\"\" srcset=\"https:\/\/historiaintelectual.com.ar\/wp-content\/uploads\/2015\/07\/Historia-de-los-intelectuales-I1.jpg 941w, https:\/\/historiaintelectual.com.ar\/wp-content\/uploads\/2015\/07\/Historia-de-los-intelectuales-I1-200x300.jpg 200w, https:\/\/historiaintelectual.com.ar\/wp-content\/uploads\/2015\/07\/Historia-de-los-intelectuales-I1-683x1024.jpg 683w\" sizes=\"(max-width: 941px) 100vw, 941px\" \/><\/div>\n\t\t<\/a>\n\t\t\t\t<div class=\"elementor-post__text\">\n\t\t\t\t<h3 class=\"elementor-post__title\">\n\t\t\t<a href=\"https:\/\/historiaintelectual.com.ar\/eng\/historia-de-los-intelectuales-en-america-latina-i\/\" >\n\t\t\t\tHistoria de los intelectuales en Am\u00e9rica Latina I\t\t\t<\/a>\n\t\t<\/h3>\n\t\t\t\t<\/div>\n\t\t\t\t<\/article>\n\t\t\t\t<article class=\"elementor-post elementor-grid-item post-8395 post type-post status-publish format-standard has-post-thumbnail hentry category-publicaciones-colectivas\" role=\"listitem\">\n\t\t\t\t<a class=\"elementor-post__thumbnail__link\" href=\"https:\/\/historiaintelectual.com.ar\/eng\/historia-de-los-intelectuales-en-america-latina-ii\/\" tabindex=\"-1\" >\n\t\t\t<div class=\"elementor-post__thumbnail\"><img loading=\"lazy\" decoding=\"async\" width=\"1249\" height=\"1879\" src=\"https:\/\/historiaintelectual.com.ar\/wp-content\/uploads\/2015\/07\/Historia-de-los-intelectuales-II1.jpg\" class=\"attachment-full size-full wp-image-4688\" alt=\"\" srcset=\"https:\/\/historiaintelectual.com.ar\/wp-content\/uploads\/2015\/07\/Historia-de-los-intelectuales-II1.jpg 1249w, https:\/\/historiaintelectual.com.ar\/wp-content\/uploads\/2015\/07\/Historia-de-los-intelectuales-II1-199x300.jpg 199w, https:\/\/historiaintelectual.com.ar\/wp-content\/uploads\/2015\/07\/Historia-de-los-intelectuales-II1-681x1024.jpg 681w\" sizes=\"(max-width: 1249px) 100vw, 1249px\" \/><\/div>\n\t\t<\/a>\n\t\t\t\t<div class=\"elementor-post__text\">\n\t\t\t\t<h3 class=\"elementor-post__title\">\n\t\t\t<a href=\"https:\/\/historiaintelectual.com.ar\/eng\/historia-de-los-intelectuales-en-america-latina-ii\/\" >\n\t\t\t\tHistoria de los intelectuales en Am\u00e9rica Latina II\t\t\t<\/a>\n\t\t<\/h3>\n\t\t\t\t<\/div>\n\t\t\t\t<\/article>\n\t\t\t\t<article class=\"elementor-post elementor-grid-item post-8409 post type-post status-publish format-standard has-post-thumbnail hentry category-publicaciones-colectivas\" role=\"listitem\">\n\t\t\t\t<a class=\"elementor-post__thumbnail__link\" href=\"https:\/\/historiaintelectual.com.ar\/eng\/la-argentina-en-el-siglo-xx\/\" tabindex=\"-1\" >\n\t\t\t<div class=\"elementor-post__thumbnail\"><img loading=\"lazy\" decoding=\"async\" width=\"845\" height=\"1333\" src=\"https:\/\/historiaintelectual.com.ar\/wp-content\/uploads\/2015\/07\/tapa-La-Argentina-en-el-siglo-XX-0011.jpg\" class=\"attachment-full size-full wp-image-4689\" alt=\"\" srcset=\"https:\/\/historiaintelectual.com.ar\/wp-content\/uploads\/2015\/07\/tapa-La-Argentina-en-el-siglo-XX-0011.jpg 845w, https:\/\/historiaintelectual.com.ar\/wp-content\/uploads\/2015\/07\/tapa-La-Argentina-en-el-siglo-XX-0011-190x300.jpg 190w, https:\/\/historiaintelectual.com.ar\/wp-content\/uploads\/2015\/07\/tapa-La-Argentina-en-el-siglo-XX-0011-649x1024.jpg 649w\" sizes=\"(max-width: 845px) 100vw, 845px\" \/><\/div>\n\t\t<\/a>\n\t\t\t\t<div class=\"elementor-post__text\">\n\t\t\t\t<h3 class=\"elementor-post__title\">\n\t\t\t<a href=\"https:\/\/historiaintelectual.com.ar\/eng\/la-argentina-en-el-siglo-xx\/\" >\n\t\t\t\tLa Argentina en el siglo XX\t\t\t<\/a>\n\t\t<\/h3>\n\t\t\t\t<\/div>\n\t\t\t\t<\/article>\n\t\t\t\t<article class=\"elementor-post elementor-grid-item post-9461 post type-post status-publish format-standard has-post-thumbnail hentry category-publicaciones-colectivas\" role=\"listitem\">\n\t\t\t\t<a class=\"elementor-post__thumbnail__link\" href=\"https:\/\/historiaintelectual.com.ar\/eng\/infraestructura-y-estadoepisodios-de-la-modernizacion-territorial-argentina\/\" tabindex=\"-1\" >\n\t\t\t<div class=\"elementor-post__thumbnail\"><img loading=\"lazy\" decoding=\"async\" width=\"416\" height=\"550\" src=\"https:\/\/historiaintelectual.com.ar\/wp-content\/uploads\/2025\/07\/omp707-cover.jpg\" class=\"attachment-full size-full wp-image-9462\" alt=\"\" srcset=\"https:\/\/historiaintelectual.com.ar\/wp-content\/uploads\/2025\/07\/omp707-cover.jpg 416w, https:\/\/historiaintelectual.com.ar\/wp-content\/uploads\/2025\/07\/omp707-cover-227x300.jpg 227w\" sizes=\"(max-width: 416px) 100vw, 416px\" \/><\/div>\n\t\t<\/a>\n\t\t\t\t<div class=\"elementor-post__text\">\n\t\t\t\t<h3 class=\"elementor-post__title\">\n\t\t\t<a href=\"https:\/\/historiaintelectual.com.ar\/eng\/infraestructura-y-estadoepisodios-de-la-modernizacion-territorial-argentina\/\" >\n\t\t\t\tInfraestructura y Estado <br>Episodios de la modernizaci\u00f3n territorial argentina\t\t\t<\/a>\n\t\t<\/h3>\n\t\t\t\t<\/div>\n\t\t\t\t<\/article>\n\t\t\t\t<article class=\"elementor-post elementor-grid-item post-10389 post type-post status-publish format-standard has-post-thumbnail hentry category-publicaciones-colectivas\" role=\"listitem\">\n\t\t\t\t<a class=\"elementor-post__thumbnail__link\" href=\"https:\/\/historiaintelectual.com.ar\/eng\/aventuras-de-la-cultura-argentinaen-el-siglo-xx\/\" tabindex=\"-1\" >\n\t\t\t<div class=\"elementor-post__thumbnail\"><img loading=\"lazy\" decoding=\"async\" width=\"184\" height=\"274\" src=\"https:\/\/historiaintelectual.com.ar\/wp-content\/uploads\/2025\/09\/aventuras-de-la-cultura.jpeg\" class=\"attachment-full size-full wp-image-10390\" alt=\"\" \/><\/div>\n\t\t<\/a>\n\t\t\t\t<div class=\"elementor-post__text\">\n\t\t\t\t<h3 class=\"elementor-post__title\">\n\t\t\t<a href=\"https:\/\/historiaintelectual.com.ar\/eng\/aventuras-de-la-cultura-argentinaen-el-siglo-xx\/\" >\n\t\t\t\tAventuras de la cultura Argentina <br>En el siglo XX\t\t\t<\/a>\n\t\t<\/h3>\n\t\t\t\t<\/div>\n\t\t\t\t<\/article>\n\t\t\t\t<\/div>\n\t\t\n\t\t\t\t\t\t<\/div>\n\t\t\t\t<\/div>\n\t\t\t\t<\/div>\n\t\t<div id=\"e-n-tab-content-361109103\" role=\"tabpanel\" aria-labelledby=\"colecciones\" data-tab-index=\"3\" style=\"--n-tabs-title-order: 3;\" class=\"elementor-element elementor-element-8e2112f e-con-full e-flex e-con e-child\" data-id=\"8e2112f\" data-element_type=\"container\" data-e-type=\"container\">\n\t\t<div class=\"elementor-element elementor-element-4cded98 e-con-full e-flex e-con e-child\" data-id=\"4cded98\" data-element_type=\"container\" data-e-type=\"container\">\n\t\t\t\t<div class=\"elementor-element elementor-element-8eec1e0 elementor-widget elementor-widget-text-editor\" data-id=\"8eec1e0\" data-element_type=\"widget\" data-e-type=\"widget\" data-widget_type=\"text-editor.default\">\n\t\t\t\t<div class=\"elementor-widget-container\">\n\t\t\t\t\t\t\t\t\t<h3 class=\"has-drop-cap has-black-color has-text-color\"><span style=\"color: #d3422a;\">Intersecciones<\/span><\/h3><p class=\"has-drop-cap has-black-color has-text-color\"><strong>Dirigida por Carlos Altamirano<\/strong><\/p><p>Contribuir a comprender el presente, su formaci\u00f3n hist\u00f3rica y sus problemas a trav\u00e9s de los instrumentos, el an\u00e1lisis y la reflexi\u00f3n que animan las ciencias del mundo social es el objetivo de esta colecci\u00f3n. Los libros de Intersecciones van al encuentro tanto del inter\u00e9s del soci\u00f3logo, como del historiador, del fil\u00f3sofo como del antrop\u00f3logo y el cr\u00edtico literario. Tal como lo muestran sus t\u00edtulos, estos han sido seleccionados con la idea de generar una zona abierta a los saberes de las ciencias humanas y a sus puntos de intersecci\u00f3n para que el lector encuentre all\u00ed claves sobre nuestro tiempo.<\/p><p>La colecci\u00f3n se ha interrumpido en 2023 luego de publicar cerca de 40 t\u00edtulos.<\/p>\t\t\t\t\t\t\t\t<\/div>\n\t\t\t\t<\/div>\n\t\t\t\t<div class=\"elementor-element elementor-element-d148592 elementor-widget elementor-widget-button\" data-id=\"d148592\" data-element_type=\"widget\" data-e-type=\"widget\" data-widget_type=\"button.default\">\n\t\t\t\t<div class=\"elementor-widget-container\">\n\t\t\t\t\t\t\t\t\t<div class=\"elementor-button-wrapper\">\n\t\t\t\t\t<a class=\"elementor-button elementor-button-link elementor-size-sm\" href=\"https:\/\/ediciones.unq.edu.ar\/publicaciones\/editorial\/colecciones\/intersecciones.html\" target=\"_blank\">\n\t\t\t\t\t\t<span class=\"elementor-button-content-wrapper\">\n\t\t\t\t\t\t\t\t\t<span class=\"elementor-button-text\">Ver colecci\u00f3n completa<\/span>\n\t\t\t\t\t<\/span>\n\t\t\t\t\t<\/a>\n\t\t\t\t<\/div>\n\t\t\t\t\t\t\t\t<\/div>\n\t\t\t\t<\/div>\n\t\t\t\t<\/div>\n\t\t<div class=\"elementor-element elementor-element-e762b7a e-con-full e-flex e-con e-child\" data-id=\"e762b7a\" data-element_type=\"container\" data-e-type=\"container\">\n\t\t\t\t<div class=\"elementor-element elementor-element-4d6f976 elementor-widget elementor-widget-text-editor\" data-id=\"4d6f976\" data-element_type=\"widget\" data-e-type=\"widget\" data-widget_type=\"text-editor.default\">\n\t\t\t\t<div class=\"elementor-widget-container\">\n\t\t\t\t\t\t\t\t\t<h3 class=\"has-drop-cap has-black-color has-text-color\"><span style=\"color: #d3422a;\">La ideolog\u00eda argentina y latinoamericana<\/span><\/h3><p class=\"has-drop-cap has-black-color has-text-color\"><strong>Dirigida por Laura Ehrlich<\/strong><\/p><p><span style=\"font-weight: 400;\">Esta colecci\u00f3n es la continuaci\u00f3n, y al mismo tiempo un homenaje, de <em>La ideolog\u00eda argentina,<\/em> creada y dirigida por Oscar Ter\u00e1n (1938-2008). Fue dirigida por Jorge Myers hasta 2023.<\/span><\/p><p><span style=\"font-weight: 400;\">Iniciada en 1995 con el prop\u00f3sito de difundir documentos originales y nuevos estudios referidos a la historia cultural e intelectual de la Argentina, el \u00e1mbito geogr\u00e1fico de la colecci\u00f3n se vio ampliado a partir de 2008, hasta incluir tambi\u00e9n la producci\u00f3n intelectual latinoamericana.\u00a0<\/span><\/p><p><span style=\"font-weight: 400;\">Sus t\u00edtulos han buscado arrojar nueva luz sobre los variados y complejos procesos que definieron a trav\u00e9s de la historia el itinerario cultural e intelectual de la Argentina y Am\u00e9rica Latina. Adem\u00e1s de la publicaci\u00f3n de antolog\u00edas de documentos y la reedici\u00f3n de textos que el paso del tiempo y el consenso de los investigadores han confirmado como \u201ccl\u00e1sicos\u201d de la historia del pensamiento y la cultura latinoamericanos, la colecci\u00f3n promueve la publicaci\u00f3n de nuevas lecturas sobre distintos aspectos del pasado cultural e intelectual de la regi\u00f3n.<\/span><\/p>\t\t\t\t\t\t\t\t<\/div>\n\t\t\t\t<\/div>\n\t\t\t\t<div class=\"elementor-element elementor-element-463c9fb elementor-widget elementor-widget-button\" data-id=\"463c9fb\" data-element_type=\"widget\" data-e-type=\"widget\" data-widget_type=\"button.default\">\n\t\t\t\t<div class=\"elementor-widget-container\">\n\t\t\t\t\t\t\t\t\t<div class=\"elementor-button-wrapper\">\n\t\t\t\t\t<a class=\"elementor-button elementor-button-link elementor-size-sm\" href=\"https:\/\/ediciones.unq.edu.ar\/publicaciones\/editorial\/colecciones\/la-ideologia-argentina-y-latinoamericana.html\" target=\"_blank\">\n\t\t\t\t\t\t<span class=\"elementor-button-content-wrapper\">\n\t\t\t\t\t\t\t\t\t<span class=\"elementor-button-text\">Ver colecci\u00f3n completa<\/span>\n\t\t\t\t\t<\/span>\n\t\t\t\t\t<\/a>\n\t\t\t\t<\/div>\n\t\t\t\t\t\t\t\t<\/div>\n\t\t\t\t<\/div>\n\t\t\t\t<\/div>\n\t\t<div class=\"elementor-element elementor-element-2a32075 e-con-full e-flex e-con e-child\" data-id=\"2a32075\" data-element_type=\"container\" data-e-type=\"container\">\n\t\t\t\t<div class=\"elementor-element elementor-element-607e9ef elementor-widget elementor-widget-text-editor\" data-id=\"607e9ef\" data-element_type=\"widget\" data-e-type=\"widget\" data-widget_type=\"text-editor.default\">\n\t\t\t\t<div class=\"elementor-widget-container\">\n\t\t\t\t\t\t\t\t\t<h3 class=\"has-drop-cap has-black-color has-text-color\"><span style=\"color: #d3422a;\">Las ciudades y las ideas<\/span><\/h3><p><strong>Dirigida por Anahi Ballent<\/strong><\/p><p>Esta colecci\u00f3n alberga trabajos de historia cultural de la ciudad y el territorio. Se trata de tem\u00e1ticas que tienen en el centro de su inter\u00e9s realidades materiales del ambiente humano y que se ubican en la intersecci\u00f3n de varias tradiciones disciplinares, como las de la arquitectura, el urbanismo, la geograf\u00eda, la historia del arte, la historia social, la sociolog\u00eda urbana, la demograf\u00eda, entre otras, unificadas por la perspectiva hist\u00f3rico-cultural con que se las aborda. Es decir, una perspectiva hist\u00f3rica que enfoca el modo en que las realidades materiales de la ciudad y del territorio producen significaci\u00f3n y son producidas, a su vez, en ese proceso cultural.<\/p><p>La colecci\u00f3n fue creada y dirigida hasta 2023 por Adri\u00e1n Gorelik.<\/p>\t\t\t\t\t\t\t\t<\/div>\n\t\t\t\t<\/div>\n\t\t\t\t<div class=\"elementor-element elementor-element-7f1df4f elementor-widget elementor-widget-button\" data-id=\"7f1df4f\" data-element_type=\"widget\" data-e-type=\"widget\" data-widget_type=\"button.default\">\n\t\t\t\t<div class=\"elementor-widget-container\">\n\t\t\t\t\t\t\t\t\t<div class=\"elementor-button-wrapper\">\n\t\t\t\t\t<a class=\"elementor-button elementor-button-link elementor-size-sm\" href=\"https:\/\/ediciones.unq.edu.ar\/publicaciones\/editorial\/colecciones\/las-ciudades-y-las-ideas.html\" target=\"_blank\">\n\t\t\t\t\t\t<span class=\"elementor-button-content-wrapper\">\n\t\t\t\t\t\t\t\t\t<span class=\"elementor-button-text\">Ver colecci\u00f3n completa<\/span>\n\t\t\t\t\t<\/span>\n\t\t\t\t\t<\/a>\n\t\t\t\t<\/div>\n\t\t\t\t\t\t\t\t<\/div>\n\t\t\t\t<\/div>\n\t\t\t\t<\/div>\n\t\t\t\t<\/div>\n\t\t<div id=\"e-n-tab-content-361109104\" role=\"tabpanel\" aria-labelledby=\"libros-investigadores\" data-tab-index=\"4\" style=\"--n-tabs-title-order: 4;\" class=\"elementor-element elementor-element-118f1c2 e-con-full e-flex e-con e-child\" data-id=\"118f1c2\" data-element_type=\"container\" data-e-type=\"container\">\n\t\t\t\t<div class=\"elementor-element elementor-element-e1b5caa elementor-grid-4 elementor-posts--align-left elementor-posts--thumbnail-none elementor-grid-tablet-2 elementor-grid-mobile-1 elementor-widget elementor-widget-posts\" data-id=\"e1b5caa\" data-element_type=\"widget\" data-e-type=\"widget\" data-settings=\"{&quot;classic_columns&quot;:&quot;4&quot;,&quot;classic_row_gap&quot;:{&quot;unit&quot;:&quot;px&quot;,&quot;size&quot;:&quot;&quot;,&quot;sizes&quot;:[]},&quot;pagination_type&quot;:&quot;numbers&quot;,&quot;classic_row_gap_mobile&quot;:{&quot;unit&quot;:&quot;px&quot;,&quot;size&quot;:0,&quot;sizes&quot;:[]},&quot;classic_columns_tablet&quot;:&quot;2&quot;,&quot;classic_columns_mobile&quot;:&quot;1&quot;,&quot;classic_row_gap_tablet&quot;:{&quot;unit&quot;:&quot;px&quot;,&quot;size&quot;:&quot;&quot;,&quot;sizes&quot;:[]}}\" data-widget_type=\"posts.classic\">\n\t\t\t\t<div class=\"elementor-widget-container\">\n\t\t\t\t\t\t\t<div class=\"elementor-posts-container elementor-posts elementor-posts--skin-classic elementor-grid\" role=\"list\">\n\t\t\t\t<article class=\"elementor-post elementor-grid-item post-6907 post type-post status-publish format-standard has-post-thumbnail hentry category-libros-de-investigadores\" role=\"listitem\">\n\t\t\t\t<div class=\"elementor-post__text\">\n\t\t\t\t<h3 class=\"elementor-post__title\">\n\t\t\t<a href=\"https:\/\/historiaintelectual.com.ar\/eng\/adrian-gorelik-3\/\" >\n\t\t\t\tAdri\u00e1n Gorelik\t\t\t<\/a>\n\t\t<\/h3>\n\t\t\t\t<\/div>\n\t\t\t\t<\/article>\n\t\t\t\t<article class=\"elementor-post elementor-grid-item post-6758 post type-post status-publish format-standard has-post-thumbnail hentry category-libros-de-investigadores\" role=\"listitem\">\n\t\t\t\t<div class=\"elementor-post__text\">\n\t\t\t\t<h3 class=\"elementor-post__title\">\n\t\t\t<a href=\"https:\/\/historiaintelectual.com.ar\/eng\/ale-blanco-2\/\" >\n\t\t\t\tAlejandro Blanco\t\t\t<\/a>\n\t\t<\/h3>\n\t\t\t\t<\/div>\n\t\t\t\t<\/article>\n\t\t\t\t<article class=\"elementor-post elementor-grid-item post-6537 post type-post status-publish format-standard has-post-thumbnail hentry category-libros-de-investigadores\" role=\"listitem\">\n\t\t\t\t<div class=\"elementor-post__text\">\n\t\t\t\t<h3 class=\"elementor-post__title\">\n\t\t\t<a href=\"https:\/\/historiaintelectual.com.ar\/eng\/ana-lucia-magrini-2\/\" >\n\t\t\t\tAna Luc\u00eda Magrini\t\t\t<\/a>\n\t\t<\/h3>\n\t\t\t\t<\/div>\n\t\t\t\t<\/article>\n\t\t\t\t<article class=\"elementor-post elementor-grid-item post-6662 post type-post status-publish format-standard has-post-thumbnail hentry category-libros-de-investigadores\" role=\"listitem\">\n\t\t\t\t<div class=\"elementor-post__text\">\n\t\t\t\t<h3 class=\"elementor-post__title\">\n\t\t\t<a href=\"https:\/\/historiaintelectual.com.ar\/eng\/anahi-ballent-2\/\" >\n\t\t\t\tAnahi Ballent\t\t\t<\/a>\n\t\t<\/h3>\n\t\t\t\t<\/div>\n\t\t\t\t<\/article>\n\t\t\t\t<article class=\"elementor-post elementor-grid-item post-6913 post type-post status-publish format-standard has-post-thumbnail hentry category-libros-de-investigadores\" role=\"listitem\">\n\t\t\t\t<div class=\"elementor-post__text\">\n\t\t\t\t<h3 class=\"elementor-post__title\">\n\t\t\t<a href=\"https:\/\/historiaintelectual.com.ar\/eng\/carlos-altamirano-2\/\" >\n\t\t\t\tCarlos Altamirano\t\t\t<\/a>\n\t\t<\/h3>\n\t\t\t\t<\/div>\n\t\t\t\t<\/article>\n\t\t\t\t<article class=\"elementor-post elementor-grid-item post-6588 post type-post status-publish format-standard has-post-thumbnail hentry category-libros-de-investigadores\" role=\"listitem\">\n\t\t\t\t<div class=\"elementor-post__text\">\n\t\t\t\t<h3 class=\"elementor-post__title\">\n\t\t\t<a href=\"https:\/\/historiaintelectual.com.ar\/eng\/cecilia-duran-2\/\" >\n\t\t\t\tCecilia Dur\u00e1n\t\t\t<\/a>\n\t\t<\/h3>\n\t\t\t\t<\/div>\n\t\t\t\t<\/article>\n\t\t\t\t<article class=\"elementor-post elementor-grid-item post-9899 post type-post status-publish format-standard has-post-thumbnail hentry category-libros-de-investigadores\" role=\"listitem\">\n\t\t\t\t<div class=\"elementor-post__text\">\n\t\t\t\t<h3 class=\"elementor-post__title\">\n\t\t\t<a href=\"https:\/\/historiaintelectual.com.ar\/eng\/cecilia-tossounian-2\/\" >\n\t\t\t\tCecilia Tossounian\t\t\t<\/a>\n\t\t<\/h3>\n\t\t\t\t<\/div>\n\t\t\t\t<\/article>\n\t\t\t\t<article class=\"elementor-post elementor-grid-item post-6508 post type-post status-publish format-standard has-post-thumbnail hentry category-libros-de-investigadores\" role=\"listitem\">\n\t\t\t\t<div class=\"elementor-post__text\">\n\t\t\t\t<h3 class=\"elementor-post__title\">\n\t\t\t<a href=\"https:\/\/historiaintelectual.com.ar\/eng\/dhan-zunino-singh\/\" >\n\t\t\t\tDhan Zunino Singh\t\t\t<\/a>\n\t\t<\/h3>\n\t\t\t\t<\/div>\n\t\t\t\t<\/article>\n\t\t\t\t<article class=\"elementor-post elementor-grid-item post-7099 post type-post status-publish format-standard has-post-thumbnail hentry category-libros-de-investigadores\" role=\"listitem\">\n\t\t\t\t<div class=\"elementor-post__text\">\n\t\t\t\t<h3 class=\"elementor-post__title\">\n\t\t\t<a href=\"https:\/\/historiaintelectual.com.ar\/eng\/elias-palti-2\/\" >\n\t\t\t\tEl\u00edas Palti\t\t\t<\/a>\n\t\t<\/h3>\n\t\t\t\t<\/div>\n\t\t\t\t<\/article>\n\t\t\t\t<article class=\"elementor-post elementor-grid-item post-6905 post type-post status-publish format-standard has-post-thumbnail hentry category-libros-de-investigadores\" role=\"listitem\">\n\t\t\t\t<div class=\"elementor-post__text\">\n\t\t\t\t<h3 class=\"elementor-post__title\">\n\t\t\t<a href=\"https:\/\/historiaintelectual.com.ar\/eng\/flavia-fiorucci-3\/\" >\n\t\t\t\tFlavia Fiorucci\t\t\t<\/a>\n\t\t<\/h3>\n\t\t\t\t<\/div>\n\t\t\t\t<\/article>\n\t\t\t\t<article class=\"elementor-post elementor-grid-item post-6557 post type-post status-publish format-standard has-post-thumbnail hentry category-libros-de-investigadores\" role=\"listitem\">\n\t\t\t\t<div class=\"elementor-post__text\">\n\t\t\t\t<h3 class=\"elementor-post__title\">\n\t\t\t<a href=\"https:\/\/historiaintelectual.com.ar\/eng\/gabriel-entin-2\/\" >\n\t\t\t\tGabriel Entin\t\t\t<\/a>\n\t\t<\/h3>\n\t\t\t\t<\/div>\n\t\t\t\t<\/article>\n\t\t\t\t<article class=\"elementor-post elementor-grid-item post-11046 post type-post status-publish format-standard has-post-thumbnail hentry category-libros-de-investigadores\" role=\"listitem\">\n\t\t\t\t<div class=\"elementor-post__text\">\n\t\t\t\t<h3 class=\"elementor-post__title\">\n\t\t\t<a href=\"https:\/\/historiaintelectual.com.ar\/eng\/jorge-myers-2\/\" >\n\t\t\t\tJorge Myers\t\t\t<\/a>\n\t\t<\/h3>\n\t\t\t\t<\/div>\n\t\t\t\t<\/article>\n\t\t\t\t<article class=\"elementor-post elementor-grid-item post-7440 post type-post status-publish format-standard has-post-thumbnail hentry category-libros-de-investigadores\" role=\"listitem\">\n\t\t\t\t<div class=\"elementor-post__text\">\n\t\t\t\t<h3 class=\"elementor-post__title\">\n\t\t\t<a href=\"https:\/\/historiaintelectual.com.ar\/eng\/laurta-ehrlich\/\" >\n\t\t\t\tLaura Ehrlich\t\t\t<\/a>\n\t\t<\/h3>\n\t\t\t\t<\/div>\n\t\t\t\t<\/article>\n\t\t\t\t<article class=\"elementor-post elementor-grid-item post-5073 post type-post status-publish format-standard has-post-thumbnail hentry category-libros-de-investigadores\" role=\"listitem\">\n\t\t\t\t<div class=\"elementor-post__text\">\n\t\t\t\t<h3 class=\"elementor-post__title\">\n\t\t\t<a href=\"https:\/\/historiaintelectual.com.ar\/eng\/los-intelectuales-del-partido-comunista\/\" >\n\t\t\t\tLaura Prado\t\t\t<\/a>\n\t\t<\/h3>\n\t\t\t\t<\/div>\n\t\t\t\t<\/article>\n\t\t\t\t<article class=\"elementor-post elementor-grid-item post-11082 post type-post status-publish format-standard has-post-thumbnail hentry category-libros-de-investigadores\" role=\"listitem\">\n\t\t\t\t<div class=\"elementor-post__text\">\n\t\t\t\t<h3 class=\"elementor-post__title\">\n\t\t\t<a href=\"https:\/\/historiaintelectual.com.ar\/eng\/mariana-rosetti\/\" >\n\t\t\t\tMariana Rosetti\t\t\t<\/a>\n\t\t<\/h3>\n\t\t\t\t<\/div>\n\t\t\t\t<\/article>\n\t\t\t\t<article class=\"elementor-post elementor-grid-item post-6552 post type-post status-publish format-standard has-post-thumbnail hentry category-libros-de-investigadores\" role=\"listitem\">\n\t\t\t\t<div class=\"elementor-post__text\">\n\t\t\t\t<h3 class=\"elementor-post__title\">\n\t\t\t<a href=\"https:\/\/historiaintelectual.com.ar\/eng\/martin-bergel-2-2\/\" >\n\t\t\t\tMart\u00edn Bergel\t\t\t<\/a>\n\t\t<\/h3>\n\t\t\t\t<\/div>\n\t\t\t\t<\/article>\n\t\t\t\t<article class=\"elementor-post elementor-grid-item post-6747 post type-post status-publish format-standard has-post-thumbnail hentry category-libros-de-investigadores\" role=\"listitem\">\n\t\t\t\t<div class=\"elementor-post__text\">\n\t\t\t\t<h3 class=\"elementor-post__title\">\n\t\t\t<a href=\"https:\/\/historiaintelectual.com.ar\/eng\/martina-garategaray-2\/\" >\n\t\t\t\tMartina Garategaray\t\t\t<\/a>\n\t\t<\/h3>\n\t\t\t\t<\/div>\n\t\t\t\t<\/article>\n\t\t\t\t<article class=\"elementor-post elementor-grid-item post-6685 post type-post status-publish format-standard has-post-thumbnail hentry category-libros-de-investigadores\" role=\"listitem\">\n\t\t\t\t<div class=\"elementor-post__text\">\n\t\t\t\t<h3 class=\"elementor-post__title\">\n\t\t\t<a href=\"https:\/\/historiaintelectual.com.ar\/eng\/roy-hora-2\/\" >\n\t\t\t\tRoy Hora\t\t\t<\/a>\n\t\t<\/h3>\n\t\t\t\t<\/div>\n\t\t\t\t<\/article>\n\t\t\t\t<article class=\"elementor-post elementor-grid-item post-9419 post type-post status-publish format-standard has-post-thumbnail hentry category-libros-de-investigadores\" role=\"listitem\">\n\t\t\t\t<div class=\"elementor-post__text\">\n\t\t\t\t<h3 class=\"elementor-post__title\">\n\t\t\t<a href=\"https:\/\/historiaintelectual.com.ar\/eng\/santiago-roggerone\/\" >\n\t\t\t\tSantiago M. Roggerone\t\t\t<\/a>\n\t\t<\/h3>\n\t\t\t\t<\/div>\n\t\t\t\t<\/article>\n\t\t\t\t<article class=\"elementor-post elementor-grid-item post-6668 post type-post status-publish format-standard has-post-thumbnail hentry category-libros-de-investigadores\" role=\"listitem\">\n\t\t\t\t<div class=\"elementor-post__text\">\n\t\t\t\t<h3 class=\"elementor-post__title\">\n\t\t\t<a href=\"https:\/\/historiaintelectual.com.ar\/eng\/seba-carassai-3\/\" >\n\t\t\t\tSebasti\u00e1n Carassai\t\t\t<\/a>\n\t\t<\/h3>\n\t\t\t\t<\/div>\n\t\t\t\t<\/article>\n\t\t\t\t<article class=\"elementor-post elementor-grid-item post-10268 post type-post status-publish format-standard has-post-thumbnail hentry category-libros-de-investigadores\" role=\"listitem\">\n\t\t\t\t<div class=\"elementor-post__text\">\n\t\t\t\t<h3 class=\"elementor-post__title\">\n\t\t\t<a href=\"https:\/\/historiaintelectual.com.ar\/eng\/silvina-cormick-2\/\" >\n\t\t\t\tSilvina Cormick\t\t\t<\/a>\n\t\t<\/h3>\n\t\t\t\t<\/div>\n\t\t\t\t<\/article>\n\t\t\t\t<article class=\"elementor-post elementor-grid-item post-6754 post type-post status-publish format-standard has-post-thumbnail hentry category-libros-de-investigadores\" role=\"listitem\">\n\t\t\t\t<div class=\"elementor-post__text\">\n\t\t\t\t<h3 class=\"elementor-post__title\">\n\t\t\t<a href=\"https:\/\/historiaintelectual.com.ar\/eng\/xime-espeche-2\/\" >\n\t\t\t\tXimena Espeche\t\t\t<\/a>\n\t\t<\/h3>\n\t\t\t\t<\/div>\n\t\t\t\t<\/article>\n\t\t\t\t<\/div>\n\t\t\n\t\t\t\t\t\t<\/div>\n\t\t\t\t<\/div>\n\t\t\t\t<\/div>\n\t\t\t\t\t<\/div>\n\t\t<\/div>\n\t\t\t\t\t\t<\/div>\n\t\t\t\t<\/div>\n\t\t\t\t\t<\/div>\n\t\t\t\t<\/div>\n\t\t\t\t<\/div>","protected":false},"excerpt":{"rendered":"<p>Libros Ediciones Prismas Publicaciones colectivas Colecciones Libros de los investigadores\/as La serie \u201cHistoria Intelectual Latinoamericana\u201d es una iniciativa conjunta de LASA Press y Prismas Ediciones<\/p>","protected":false},"author":1,"featured_media":0,"parent":0,"menu_order":0,"comment_status":"closed","ping_status":"closed","template":"elementor_theme","meta":{"footnotes":""},"class_list":["post-8272","page","type-page","status-publish","hentry"],"yoast_head":"<!-- This site is optimized with the Yoast SEO plugin v27.3 - https:\/\/yoast.com\/product\/yoast-seo-wordpress\/ -->\n<title>Libros &#187; Historia Intelectual<\/title>\n<meta name=\"robots\" content=\"index, follow, max-snippet:-1, max-image-preview:large, max-video-preview:-1\" \/>\n<link rel=\"canonical\" href=\"https:\/\/historiaintelectual.com.ar\/eng\/libros\/\" \/>\n<meta property=\"og:locale\" content=\"en_US\" \/>\n<meta property=\"og:type\" content=\"article\" \/>\n<meta property=\"og:title\" content=\"Libros &#187; Historia Intelectual\" \/>\n<meta property=\"og:description\" content=\"Libros Ediciones Prismas Publicaciones colectivas Colecciones Libros de los investigadores\/as La serie \u201cHistoria Intelectual Latinoamericana\u201d es una iniciativa conjunta de LASA Press y Prismas Ediciones\" \/>\n<meta property=\"og:url\" content=\"https:\/\/historiaintelectual.com.ar\/eng\/libros\/\" \/>\n<meta property=\"og:site_name\" content=\"Historia Intelectual\" \/>\n<meta property=\"article:publisher\" content=\"https:\/\/www.facebook.com\/Centrodehistoriaintelectual\/\" \/>\n<meta property=\"article:modified_time\" content=\"2026-04-29T20:46:59+00:00\" \/>\n<meta property=\"og:image\" content=\"https:\/\/historiaintelectual.com.ar\/wp-content\/uploads\/2025\/04\/Asset-14.png\" \/>\n\t<meta property=\"og:image:width\" content=\"252\" \/>\n\t<meta property=\"og:image:height\" content=\"252\" \/>\n\t<meta property=\"og:image:type\" content=\"image\/png\" \/>\n<script type=\"application\/ld+json\" class=\"yoast-schema-graph\">{\"@context\":\"https:\\\/\\\/schema.org\",\"@graph\":[{\"@type\":\"WebPage\",\"@id\":\"https:\\\/\\\/historiaintelectual.com.ar\\\/libros\\\/\",\"url\":\"https:\\\/\\\/historiaintelectual.com.ar\\\/libros\\\/\",\"name\":\"Libros &#187; Historia Intelectual\",\"isPartOf\":{\"@id\":\"https:\\\/\\\/historiaintelectual.com.ar\\\/#website\"},\"primaryImageOfPage\":{\"@id\":\"https:\\\/\\\/historiaintelectual.com.ar\\\/libros\\\/#primaryimage\"},\"image\":{\"@id\":\"https:\\\/\\\/historiaintelectual.com.ar\\\/libros\\\/#primaryimage\"},\"thumbnailUrl\":\"https:\\\/\\\/historiaintelectual.com.ar\\\/wp-content\\\/uploads\\\/2025\\\/04\\\/Asset-14.png\",\"datePublished\":\"2025-04-28T19:08:27+00:00\",\"dateModified\":\"2026-04-29T20:46:59+00:00\",\"breadcrumb\":{\"@id\":\"https:\\\/\\\/historiaintelectual.com.ar\\\/libros\\\/#breadcrumb\"},\"inLanguage\":\"en-US\",\"potentialAction\":[{\"@type\":\"ReadAction\",\"target\":[\"https:\\\/\\\/historiaintelectual.com.ar\\\/libros\\\/\"]}]},{\"@type\":\"ImageObject\",\"inLanguage\":\"en-US\",\"@id\":\"https:\\\/\\\/historiaintelectual.com.ar\\\/libros\\\/#primaryimage\",\"url\":\"https:\\\/\\\/historiaintelectual.com.ar\\\/wp-content\\\/uploads\\\/2025\\\/04\\\/Asset-14.png\",\"contentUrl\":\"https:\\\/\\\/historiaintelectual.com.ar\\\/wp-content\\\/uploads\\\/2025\\\/04\\\/Asset-14.png\"},{\"@type\":\"BreadcrumbList\",\"@id\":\"https:\\\/\\\/historiaintelectual.com.ar\\\/libros\\\/#breadcrumb\",\"itemListElement\":[{\"@type\":\"ListItem\",\"position\":1,\"name\":\"Portada\",\"item\":\"https:\\\/\\\/historiaintelectual.com.ar\\\/\"},{\"@type\":\"ListItem\",\"position\":2,\"name\":\"Libros\"}]},{\"@type\":\"WebSite\",\"@id\":\"https:\\\/\\\/historiaintelectual.com.ar\\\/#website\",\"url\":\"https:\\\/\\\/historiaintelectual.com.ar\\\/\",\"name\":\"Historia Intelectual\",\"description\":\"Centro de Historia Intelectual\",\"publisher\":{\"@id\":\"https:\\\/\\\/historiaintelectual.com.ar\\\/#organization\"},\"alternateName\":\"Centro de historia intelectual\",\"potentialAction\":[{\"@type\":\"SearchAction\",\"target\":{\"@type\":\"EntryPoint\",\"urlTemplate\":\"https:\\\/\\\/historiaintelectual.com.ar\\\/?s={search_term_string}\"},\"query-input\":{\"@type\":\"PropertyValueSpecification\",\"valueRequired\":true,\"valueName\":\"search_term_string\"}}],\"inLanguage\":\"en-US\"},{\"@type\":\"Organization\",\"@id\":\"https:\\\/\\\/historiaintelectual.com.ar\\\/#organization\",\"name\":\"Centro Historia Intelectual\",\"url\":\"https:\\\/\\\/historiaintelectual.com.ar\\\/\",\"logo\":{\"@type\":\"ImageObject\",\"inLanguage\":\"en-US\",\"@id\":\"https:\\\/\\\/historiaintelectual.com.ar\\\/#\\\/schema\\\/logo\\\/image\\\/\",\"url\":\"https:\\\/\\\/historiaintelectual.com.ar\\\/wp-content\\\/uploads\\\/2025\\\/04\\\/logo-25.png\",\"contentUrl\":\"https:\\\/\\\/historiaintelectual.com.ar\\\/wp-content\\\/uploads\\\/2025\\\/04\\\/logo-25.png\",\"width\":456,\"height\":456,\"caption\":\"Centro Historia Intelectual\"},\"image\":{\"@id\":\"https:\\\/\\\/historiaintelectual.com.ar\\\/#\\\/schema\\\/logo\\\/image\\\/\"},\"sameAs\":[\"https:\\\/\\\/www.facebook.com\\\/Centrodehistoriaintelectual\\\/\",\"https:\\\/\\\/www.youtube.com\\\/channel\\\/UCGr8q_2-dchoqKT-jT5Lmfw\",\"https:\\\/\\\/www.instagram.com\\\/chi_unq\\\/\"]}]}<\/script>\n<!-- \/ Yoast SEO plugin. -->","yoast_head_json":{"title":"Libros &#187; Historia Intelectual","robots":{"index":"index","follow":"follow","max-snippet":"max-snippet:-1","max-image-preview":"max-image-preview:large","max-video-preview":"max-video-preview:-1"},"canonical":"https:\/\/historiaintelectual.com.ar\/eng\/libros\/","og_locale":"en_US","og_type":"article","og_title":"Libros &#187; Historia Intelectual","og_description":"Libros Ediciones Prismas Publicaciones colectivas Colecciones Libros de los investigadores\/as La serie \u201cHistoria Intelectual Latinoamericana\u201d es una iniciativa conjunta de LASA Press y Prismas Ediciones","og_url":"https:\/\/historiaintelectual.com.ar\/eng\/libros\/","og_site_name":"Historia Intelectual","article_publisher":"https:\/\/www.facebook.com\/Centrodehistoriaintelectual\/","article_modified_time":"2026-04-29T20:46:59+00:00","og_image":[{"width":252,"height":252,"url":"https:\/\/historiaintelectual.com.ar\/wp-content\/uploads\/2025\/04\/Asset-14.png","type":"image\/png"}],"schema":{"@context":"https:\/\/schema.org","@graph":[{"@type":"WebPage","@id":"https:\/\/historiaintelectual.com.ar\/libros\/","url":"https:\/\/historiaintelectual.com.ar\/libros\/","name":"Libros &#187; Historia Intelectual","isPartOf":{"@id":"https:\/\/historiaintelectual.com.ar\/#website"},"primaryImageOfPage":{"@id":"https:\/\/historiaintelectual.com.ar\/libros\/#primaryimage"},"image":{"@id":"https:\/\/historiaintelectual.com.ar\/libros\/#primaryimage"},"thumbnailUrl":"https:\/\/historiaintelectual.com.ar\/wp-content\/uploads\/2025\/04\/Asset-14.png","datePublished":"2025-04-28T19:08:27+00:00","dateModified":"2026-04-29T20:46:59+00:00","breadcrumb":{"@id":"https:\/\/historiaintelectual.com.ar\/libros\/#breadcrumb"},"inLanguage":"en-US","potentialAction":[{"@type":"ReadAction","target":["https:\/\/historiaintelectual.com.ar\/libros\/"]}]},{"@type":"ImageObject","inLanguage":"en-US","@id":"https:\/\/historiaintelectual.com.ar\/libros\/#primaryimage","url":"https:\/\/historiaintelectual.com.ar\/wp-content\/uploads\/2025\/04\/Asset-14.png","contentUrl":"https:\/\/historiaintelectual.com.ar\/wp-content\/uploads\/2025\/04\/Asset-14.png"},{"@type":"BreadcrumbList","@id":"https:\/\/historiaintelectual.com.ar\/libros\/#breadcrumb","itemListElement":[{"@type":"ListItem","position":1,"name":"Portada","item":"https:\/\/historiaintelectual.com.ar\/"},{"@type":"ListItem","position":2,"name":"Libros"}]},{"@type":"WebSite","@id":"https:\/\/historiaintelectual.com.ar\/#website","url":"https:\/\/historiaintelectual.com.ar\/","name":"Historia Intelectual","description":"Center for Intellectual History","publisher":{"@id":"https:\/\/historiaintelectual.com.ar\/#organization"},"alternateName":"Centro de historia intelectual","potentialAction":[{"@type":"SearchAction","target":{"@type":"EntryPoint","urlTemplate":"https:\/\/historiaintelectual.com.ar\/?s={search_term_string}"},"query-input":{"@type":"PropertyValueSpecification","valueRequired":true,"valueName":"search_term_string"}}],"inLanguage":"en-US"},{"@type":"Organization","@id":"https:\/\/historiaintelectual.com.ar\/#organization","name":"Centro Historia Intelectual","url":"https:\/\/historiaintelectual.com.ar\/","logo":{"@type":"ImageObject","inLanguage":"en-US","@id":"https:\/\/historiaintelectual.com.ar\/#\/schema\/logo\/image\/","url":"https:\/\/historiaintelectual.com.ar\/wp-content\/uploads\/2025\/04\/logo-25.png","contentUrl":"https:\/\/historiaintelectual.com.ar\/wp-content\/uploads\/2025\/04\/logo-25.png","width":456,"height":456,"caption":"Centro Historia Intelectual"},"image":{"@id":"https:\/\/historiaintelectual.com.ar\/#\/schema\/logo\/image\/"},"sameAs":["https:\/\/www.facebook.com\/Centrodehistoriaintelectual\/","https:\/\/www.youtube.com\/channel\/UCGr8q_2-dchoqKT-jT5Lmfw","https:\/\/www.instagram.com\/chi_unq\/"]}]}},"_links":{"self":[{"href":"https:\/\/historiaintelectual.com.ar\/eng\/wp-json\/wp\/v2\/pages\/8272","targetHints":{"allow":["GET"]}}],"collection":[{"href":"https:\/\/historiaintelectual.com.ar\/eng\/wp-json\/wp\/v2\/pages"}],"about":[{"href":"https:\/\/historiaintelectual.com.ar\/eng\/wp-json\/wp\/v2\/types\/page"}],"author":[{"embeddable":true,"href":"https:\/\/historiaintelectual.com.ar\/eng\/wp-json\/wp\/v2\/users\/1"}],"replies":[{"embeddable":true,"href":"https:\/\/historiaintelectual.com.ar\/eng\/wp-json\/wp\/v2\/comments?post=8272"}],"version-history":[{"count":170,"href":"https:\/\/historiaintelectual.com.ar\/eng\/wp-json\/wp\/v2\/pages\/8272\/revisions"}],"predecessor-version":[{"id":11447,"href":"https:\/\/historiaintelectual.com.ar\/eng\/wp-json\/wp\/v2\/pages\/8272\/revisions\/11447"}],"wp:attachment":[{"href":"https:\/\/historiaintelectual.com.ar\/eng\/wp-json\/wp\/v2\/media?parent=8272"}],"curies":[{"name":"wp","href":"https:\/\/api.w.org\/{rel}","templated":true}]}}