{"id":5979,"date":"2019-12-23T05:32:47","date_gmt":"2019-12-23T05:32:47","guid":{"rendered":"https:\/\/historiaintelectual.com.ar\/?page_id=5979"},"modified":"2025-10-02T13:43:23","modified_gmt":"2025-10-02T16:43:23","slug":"centro","status":"publish","type":"page","link":"https:\/\/historiaintelectual.com.ar\/eng\/centro\/","title":{"rendered":"The Center"},"content":{"rendered":"<div data-elementor-type=\"wp-page\" data-elementor-id=\"5979\" class=\"elementor elementor-5979\" data-elementor-post-type=\"page\">\n\t\t\t\t<div class=\"elementor-element elementor-element-79f7aaa e-flex e-con-boxed e-con e-parent\" data-id=\"79f7aaa\" data-element_type=\"container\" data-e-type=\"container\">\n\t\t\t\t\t<div class=\"e-con-inner\">\n\t\t<div class=\"elementor-element elementor-element-f544870 e-con-full e-flex e-con e-child\" data-id=\"f544870\" data-element_type=\"container\" data-e-type=\"container\">\n\t\t\t\t<div class=\"elementor-element elementor-element-4b6ba8b elementor-widget elementor-widget-image\" data-id=\"4b6ba8b\" data-element_type=\"widget\" data-e-type=\"widget\" data-widget_type=\"image.default\">\n\t\t\t\t<div class=\"elementor-widget-container\">\n\t\t\t\t\t\t\t\t\t\t\t\t\t\t\t\t<a href=\"https:\/\/historiaintelectual.com.ar\/eng\">\n\t\t\t\t\t\t\t<img fetchpriority=\"high\" decoding=\"async\" width=\"252\" height=\"252\" src=\"https:\/\/historiaintelectual.com.ar\/wp-content\/uploads\/2025\/04\/Asset-14.png\" class=\"attachment-full size-full wp-image-7732\" alt=\"\" srcset=\"https:\/\/historiaintelectual.com.ar\/wp-content\/uploads\/2025\/04\/Asset-14.png 252w, https:\/\/historiaintelectual.com.ar\/wp-content\/uploads\/2025\/04\/Asset-14-150x150.png 150w\" sizes=\"(max-width: 252px) 100vw, 252px\" \/>\t\t\t\t\t\t\t\t<\/a>\n\t\t\t\t\t\t\t\t\t\t\t\t\t\t\t<\/div>\n\t\t\t\t<\/div>\n\t\t\t\t<\/div>\n\t\t<div class=\"elementor-element elementor-element-e6cc42d e-con-full e-flex e-con e-child\" data-id=\"e6cc42d\" data-element_type=\"container\" data-e-type=\"container\">\n\t\t\t\t<div class=\"elementor-element elementor-element-52a1931 elementor-widget elementor-widget-heading\" data-id=\"52a1931\" data-element_type=\"widget\" data-e-type=\"widget\" data-widget_type=\"heading.default\">\n\t\t\t\t<div class=\"elementor-widget-container\">\n\t\t\t\t\t<h2 class=\"elementor-heading-title elementor-size-default\">The Center<\/h2>\t\t\t\t<\/div>\n\t\t\t\t<\/div>\n\t\t\t\t<div class=\"elementor-element elementor-element-5b97a76 elementor-icon-list--layout-traditional elementor-list-item-link-full_width elementor-widget elementor-widget-icon-list\" data-id=\"5b97a76\" data-element_type=\"widget\" data-e-type=\"widget\" data-widget_type=\"icon-list.default\">\n\t\t\t\t<div class=\"elementor-widget-container\">\n\t\t\t\t\t\t\t<ul class=\"elementor-icon-list-items\">\n\t\t\t\t\t\t\t<li class=\"elementor-icon-list-item\">\n\t\t\t\t\t\t\t\t\t\t\t<a href=\"#centro\">\n\n\t\t\t\t\t\t\t\t\t\t\t<span class=\"elementor-icon-list-text\">Center for Intellectual History<\/span>\n\t\t\t\t\t\t\t\t\t\t\t<\/a>\n\t\t\t\t\t\t\t\t\t<\/li>\n\t\t\t\t\t\t\t\t<li class=\"elementor-icon-list-item\">\n\t\t\t\t\t\t\t\t\t\t\t<a href=\"#lineas\">\n\n\t\t\t\t\t\t\t\t\t\t\t<span class=\"elementor-icon-list-text\">Areas of work<\/span>\n\t\t\t\t\t\t\t\t\t\t\t<\/a>\n\t\t\t\t\t\t\t\t\t<\/li>\n\t\t\t\t\t\t\t\t<li class=\"elementor-icon-list-item\">\n\t\t\t\t\t\t\t\t\t\t\t<a href=\"#equipo\">\n\n\t\t\t\t\t\t\t\t\t\t\t<span class=\"elementor-icon-list-text\">Team<\/span>\n\t\t\t\t\t\t\t\t\t\t\t<\/a>\n\t\t\t\t\t\t\t\t\t<\/li>\n\t\t\t\t\t\t<\/ul>\n\t\t\t\t\t\t<\/div>\n\t\t\t\t<\/div>\n\t\t\t\t<\/div>\n\t\t\t\t\t<\/div>\n\t\t\t\t<\/div>\n\t\t<div class=\"elementor-element elementor-element-67dfb4b e-flex e-con-boxed e-con e-parent\" data-id=\"67dfb4b\" data-element_type=\"container\" data-e-type=\"container\">\n\t\t\t\t\t<div class=\"e-con-inner\">\n\t\t<div class=\"elementor-element elementor-element-8d9395b e-con-full e-flex e-con e-child\" data-id=\"8d9395b\" data-element_type=\"container\" data-e-type=\"container\">\n\t\t\t\t<\/div>\n\t\t<div class=\"elementor-element elementor-element-e9d6a40 e-con-full e-flex e-con e-child\" data-id=\"e9d6a40\" data-element_type=\"container\" data-e-type=\"container\">\n\t\t\t\t<div class=\"elementor-element elementor-element-ea1fbfd elementor-widget elementor-widget-text-editor\" data-id=\"ea1fbfd\" data-element_type=\"widget\" data-e-type=\"widget\" id=\"centro\" data-widget_type=\"text-editor.default\">\n\t\t\t\t<div class=\"elementor-widget-container\">\n\t\t\t\t\t\t\t\t\t<h4><span style=\"color: #ba0000;\">Center for Intellectual History<\/span><\/h4><p style=\"text-align: left;\">The Center for Intellectual History supports and produces research on Argentine and Latin American intellectual history. It traces its origins to the Program for History and Cultural Analysis, founded in 1994 by Oscar Ter\u00e1n at the Universidad Nacional de Quilmes. In 1996, still under the direction of Ter\u00e1n, it was renamed the Intellectual History Program; Ter\u00e1n remained its director until 2005, followed by Carlos Altamirano; Adri\u00e1n Gorelik became director in 2009. In 2011, the Intellectual History Program became the current Center for Intellectual History, with directors rotating every five years: Gorelik remained its director until 2016; followed by El\u00edas Palti (2017-2021); and, Jorge Myers (2022-present).<\/p><p style=\"text-align: left;\">Intellectual history is a field of study that focuses on the role of representations in historical life, including representations mediated and theorized by cultural elites. Its object of study are ideas and ideological languages as well as intellectual and symbolic productions, which it seeks to understand as part of a social fabric and collective experience without discarding the intrinsic analysis of their meanings and the materiality (textual or otherwise) in which they have been produced or circulated.<\/p><p style=\"text-align: left;\">In recent years, this area of study has made significant contributions to the broader field of historical research, and brought to light new questions for the historiography of our country, Argentina. As it is the case that here, as in the rest of Latin America, there are still few groups specializing in this topic, the Center for Intellectual History has sought to promote and elevate the contributions of this field of study at the national and regional levels.<\/p><p style=\"text-align: left;\">Beyond its commitment to supporting the research of its members and training its fellows and doctoral students, the Center carries out four basic activities: the publication of the annual journal Prismas, which has been in continuous publication for 29 years; the organization of regular national and international conferences and seminars on various topics; the formation of multinational and multidisciplinary work teams to carry out collective projects on a Latin American scale; and the Master's Degree in Intellectual History, which, under the direction of Mart\u00edn Bergel, has been running since 2020 as part of the Graduate School of the Universidad Nacional de Quilmes.<\/p>\t\t\t\t\t\t\t\t<\/div>\n\t\t\t\t<\/div>\n\t\t\t\t<\/div>\n\t\t\t\t\t<\/div>\n\t\t\t\t<\/div>\n\t\t<div class=\"elementor-element elementor-element-430655c e-flex e-con-boxed e-con e-parent\" data-id=\"430655c\" data-element_type=\"container\" data-e-type=\"container\" id=\"lineas\">\n\t\t\t\t\t<div class=\"e-con-inner\">\n\t\t\t\t<div class=\"elementor-element elementor-element-d9c51b5 elementor-widget elementor-widget-heading\" data-id=\"d9c51b5\" data-element_type=\"widget\" data-e-type=\"widget\" data-widget_type=\"heading.default\">\n\t\t\t\t<div class=\"elementor-widget-container\">\n\t\t\t\t\t<h2 class=\"elementor-heading-title elementor-size-default\">Areas of work<\/h2>\t\t\t\t<\/div>\n\t\t\t\t<\/div>\n\t\t\t\t\t<\/div>\n\t\t\t\t<\/div>\n\t\t<div class=\"elementor-element elementor-element-8cd131c e-flex e-con-boxed e-con e-parent\" data-id=\"8cd131c\" data-element_type=\"container\" data-e-type=\"container\">\n\t\t\t\t\t<div class=\"e-con-inner\">\n\t\t<div class=\"elementor-element elementor-element-db8fbb9 e-con-full e-flex e-con e-child\" data-id=\"db8fbb9\" data-element_type=\"container\" data-e-type=\"container\">\n\t\t\t\t<div class=\"elementor-element elementor-element-d18a930 elementor-widget elementor-widget-image\" data-id=\"d18a930\" data-element_type=\"widget\" data-e-type=\"widget\" data-widget_type=\"image.default\">\n\t\t\t\t<div class=\"elementor-widget-container\">\n\t\t\t\t\t\t\t\t\t\t\t\t\t\t\t<img decoding=\"async\" width=\"90\" height=\"90\" src=\"https:\/\/historiaintelectual.com.ar\/wp-content\/uploads\/2025\/04\/Asset-27-1.svg\" class=\"attachment-full size-full wp-image-7897\" alt=\"\" \/>\t\t\t\t\t\t\t\t\t\t\t\t\t\t\t<\/div>\n\t\t\t\t<\/div>\n\t\t\t\t<\/div>\n\t\t<div class=\"elementor-element elementor-element-39b5e6d e-con-full e-flex e-con e-child\" data-id=\"39b5e6d\" data-element_type=\"container\" data-e-type=\"container\">\n\t\t\t\t<div class=\"elementor-element elementor-element-d411945 elementor-widget elementor-widget-n-accordion\" data-id=\"d411945\" data-element_type=\"widget\" data-e-type=\"widget\" data-settings=\"{&quot;default_state&quot;:&quot;all_collapsed&quot;,&quot;max_items_expended&quot;:&quot;one&quot;,&quot;n_accordion_animation_duration&quot;:{&quot;unit&quot;:&quot;ms&quot;,&quot;size&quot;:400,&quot;sizes&quot;:[]}}\" data-widget_type=\"nested-accordion.default\">\n\t\t\t\t<div class=\"elementor-widget-container\">\n\t\t\t\t\t\t\t<div class=\"e-n-accordion\" aria-label=\"Workers, State, and Society: Argentina, 1880\u20131945\">\n\t\t\t\t\t\t<details id=\"e-n-accordion-item-2220\" class=\"e-n-accordion-item\" >\n\t\t\t\t<summary class=\"e-n-accordion-item-title\" data-accordion-index=\"1\" tabindex=\"0\" aria-expanded=\"false\" aria-controls=\"e-n-accordion-item-2220\" >\n\t\t\t\t\t<span class='e-n-accordion-item-title-header'><div class=\"e-n-accordion-item-title-text\"> <h5>The Program of Argentine and Latin American Intellectual History<\/h5><br><p> Director: Alejandro Blanco \/ Co-director: Flavia Fiorucci<\/p> <\/div><\/span>\n\t\t\t\t\t\t\t<span class='e-n-accordion-item-title-icon'>\n\t\t\t<span class='e-opened' ><svg xmlns=\"http:\/\/www.w3.org\/2000\/svg\" xmlns:xlink=\"http:\/\/www.w3.org\/1999\/xlink\" id=\"Layer_1\" x=\"0px\" y=\"0px\" viewbox=\"0 0 66.9 46.1\" style=\"enable-background:new 0 0 66.9 46.1;\" xml:space=\"preserve\"><path d=\"M31.5,32.2L0,46.1V38L31.5,0h4l31.4,38v8.1L35.7,32.2H31.5z\"><\/path><\/svg><\/span>\n\t\t\t<span class='e-closed'><svg xmlns=\"http:\/\/www.w3.org\/2000\/svg\" id=\"Layer_1\" data-name=\"Layer 1\" viewbox=\"0 0 66.94 46.11\"><path d=\"M35.47,13.94L66.94,0v8.1s-31.45,38.01-31.45,38.01h-4.05S0,8.1,0,8.1V0s31.26,13.94,31.26,13.94h4.21Z\"><\/path><\/svg><\/span>\n\t\t<\/span>\n\n\t\t\t\t\t\t<\/summary>\n\t\t\t\t<div role=\"region\" aria-labelledby=\"e-n-accordion-item-2220\" class=\"elementor-element elementor-element-c5ef236 e-con-full e-flex e-con e-child\" data-id=\"c5ef236\" data-element_type=\"container\" data-e-type=\"container\">\n\t\t\t\t<div class=\"elementor-element elementor-element-2c4f249 elementor-widget elementor-widget-text-editor\" data-id=\"2c4f249\" data-element_type=\"widget\" data-e-type=\"widget\" data-widget_type=\"text-editor.default\">\n\t\t\t\t<div class=\"elementor-widget-container\">\n\t\t\t\t\t\t\t\t\t<p>With the economic support of the University, members of the Center hold regular meetings, develop lines of inquiry and carry out the following research projects.<\/p>\t\t\t\t\t\t\t\t<\/div>\n\t\t\t\t<\/div>\n\t\t\t\t<\/div>\n\t\t\t\t\t<\/details>\n\t\t\t\t\t<\/div>\n\t\t\t\t\t\t<\/div>\n\t\t\t\t<\/div>\n\t\t\t\t<\/div>\n\t\t\t\t\t<\/div>\n\t\t\t\t<\/div>\n\t\t<div class=\"elementor-element elementor-element-4c2b01f e-flex e-con-boxed e-con e-parent\" data-id=\"4c2b01f\" data-element_type=\"container\" data-e-type=\"container\">\n\t\t\t\t\t<div class=\"e-con-inner\">\n\t\t<div class=\"elementor-element elementor-element-a4c7926 e-con-full e-flex e-con e-child\" data-id=\"a4c7926\" data-element_type=\"container\" data-e-type=\"container\">\n\t\t\t\t<div class=\"elementor-element elementor-element-04d73fd elementor-widget elementor-widget-image\" data-id=\"04d73fd\" data-element_type=\"widget\" data-e-type=\"widget\" data-widget_type=\"image.default\">\n\t\t\t\t<div class=\"elementor-widget-container\">\n\t\t\t\t\t\t\t\t\t\t\t\t\t\t\t<img decoding=\"async\" width=\"90\" height=\"90\" src=\"https:\/\/historiaintelectual.com.ar\/wp-content\/uploads\/2025\/04\/Asset-24-1.svg\" class=\"attachment-full size-full wp-image-7894\" alt=\"\" \/>\t\t\t\t\t\t\t\t\t\t\t\t\t\t\t<\/div>\n\t\t\t\t<\/div>\n\t\t\t\t<\/div>\n\t\t<div class=\"elementor-element elementor-element-1b81817 e-con-full e-flex e-con e-child\" data-id=\"1b81817\" data-element_type=\"container\" data-e-type=\"container\">\n\t\t\t\t<div class=\"elementor-element elementor-element-bb43e54 elementor-widget elementor-widget-n-accordion\" data-id=\"bb43e54\" data-element_type=\"widget\" data-e-type=\"widget\" data-settings=\"{&quot;default_state&quot;:&quot;all_collapsed&quot;,&quot;max_items_expended&quot;:&quot;one&quot;,&quot;n_accordion_animation_duration&quot;:{&quot;unit&quot;:&quot;ms&quot;,&quot;size&quot;:400,&quot;sizes&quot;:[]}}\" data-widget_type=\"nested-accordion.default\">\n\t\t\t\t<div class=\"elementor-widget-container\">\n\t\t\t\t\t\t\t<div class=\"e-n-accordion\" aria-label=\"Workers, State, and Society: Argentina, 1880\u20131945\">\n\t\t\t\t\t\t<details id=\"e-n-accordion-item-1960\" class=\"e-n-accordion-item\" >\n\t\t\t\t<summary class=\"e-n-accordion-item-title\" data-accordion-index=\"1\" tabindex=\"0\" aria-expanded=\"false\" aria-controls=\"e-n-accordion-item-1960\" >\n\t\t\t\t\t<span class='e-n-accordion-item-title-header'><div class=\"e-n-accordion-item-title-text\"> <h5>History of Intellectual Women in Latin America<\/h5><br> <p>Director: Silvina Cormick<\/p> <\/div><\/span>\n\t\t\t\t\t\t\t<span class='e-n-accordion-item-title-icon'>\n\t\t\t<span class='e-opened' ><svg xmlns=\"http:\/\/www.w3.org\/2000\/svg\" xmlns:xlink=\"http:\/\/www.w3.org\/1999\/xlink\" id=\"Layer_1\" x=\"0px\" y=\"0px\" viewbox=\"0 0 66.9 46.1\" style=\"enable-background:new 0 0 66.9 46.1;\" xml:space=\"preserve\"><path d=\"M31.5,32.2L0,46.1V38L31.5,0h4l31.4,38v8.1L35.7,32.2H31.5z\"><\/path><\/svg><\/span>\n\t\t\t<span class='e-closed'><svg xmlns=\"http:\/\/www.w3.org\/2000\/svg\" id=\"Layer_1\" data-name=\"Layer 1\" viewbox=\"0 0 66.94 46.11\"><path d=\"M35.47,13.94L66.94,0v8.1s-31.45,38.01-31.45,38.01h-4.05S0,8.1,0,8.1V0s31.26,13.94,31.26,13.94h4.21Z\"><\/path><\/svg><\/span>\n\t\t<\/span>\n\n\t\t\t\t\t\t<\/summary>\n\t\t\t\t<div role=\"region\" aria-labelledby=\"e-n-accordion-item-1960\" class=\"elementor-element elementor-element-941f7c6 e-con-full e-flex e-con e-child\" data-id=\"941f7c6\" data-element_type=\"container\" data-e-type=\"container\">\n\t\t\t\t<div class=\"elementor-element elementor-element-faf3c1e elementor-widget elementor-widget-text-editor\" data-id=\"faf3c1e\" data-element_type=\"widget\" data-e-type=\"widget\" data-widget_type=\"text-editor.default\">\n\t\t\t\t<div class=\"elementor-widget-container\">\n\t\t\t\t\t\t\t\t\t<p>This research \u2013which continues work completed from 2022-2024\u2013analyzes the participation of intellectual women in the international promotion of images and ideas related to the future of Latin America during the first half of the 20th century. To this end, this project bridges the history of intellectuals, women's history, gender studies, and the cultural turn in diplomatic history; it aims specifically to: a) identify discourses on the particularity and future of Latin America formulated by Latin American women intellectuals during the first half of the 20th century, b) examine the historical trajectory of those ideas, paying particular attention to the development of intellectual projects and practices related to images of and questions related to the continent, c) distinguish national, regional, and international spheres of action and deployment of these projects, d) evaluate the extent to which these projects were developed from subordinate roles or positions or whether they achieved recognition from peers, f) detect links of solidarity and support with other women who participated in the discussion on the future of Latin America.<\/p>\t\t\t\t\t\t\t\t<\/div>\n\t\t\t\t<\/div>\n\t\t\t\t<\/div>\n\t\t\t\t\t<\/details>\n\t\t\t\t\t<\/div>\n\t\t\t\t\t\t<\/div>\n\t\t\t\t<\/div>\n\t\t\t\t<\/div>\n\t\t\t\t\t<\/div>\n\t\t\t\t<\/div>\n\t\t<div class=\"elementor-element elementor-element-fafde5f e-flex e-con-boxed e-con e-parent\" data-id=\"fafde5f\" data-element_type=\"container\" data-e-type=\"container\">\n\t\t\t\t\t<div class=\"e-con-inner\">\n\t\t<div class=\"elementor-element elementor-element-f4c8135 e-con-full e-flex e-con e-child\" data-id=\"f4c8135\" data-element_type=\"container\" data-e-type=\"container\">\n\t\t\t\t<div class=\"elementor-element elementor-element-2d9174a elementor-widget elementor-widget-image\" data-id=\"2d9174a\" data-element_type=\"widget\" data-e-type=\"widget\" data-widget_type=\"image.default\">\n\t\t\t\t<div class=\"elementor-widget-container\">\n\t\t\t\t\t\t\t\t\t\t\t\t\t\t\t<img loading=\"lazy\" decoding=\"async\" width=\"90\" height=\"90\" src=\"https:\/\/historiaintelectual.com.ar\/wp-content\/uploads\/2025\/04\/Asset-28-1.svg\" class=\"attachment-full size-full wp-image-7898\" alt=\"\" \/>\t\t\t\t\t\t\t\t\t\t\t\t\t\t\t<\/div>\n\t\t\t\t<\/div>\n\t\t\t\t<\/div>\n\t\t<div class=\"elementor-element elementor-element-c845bfb e-con-full e-flex e-con e-child\" data-id=\"c845bfb\" data-element_type=\"container\" data-e-type=\"container\">\n\t\t\t\t<div class=\"elementor-element elementor-element-a7a8bbe elementor-widget elementor-widget-n-accordion\" data-id=\"a7a8bbe\" data-element_type=\"widget\" data-e-type=\"widget\" data-settings=\"{&quot;default_state&quot;:&quot;all_collapsed&quot;,&quot;max_items_expended&quot;:&quot;one&quot;,&quot;n_accordion_animation_duration&quot;:{&quot;unit&quot;:&quot;ms&quot;,&quot;size&quot;:400,&quot;sizes&quot;:[]}}\" data-widget_type=\"nested-accordion.default\">\n\t\t\t\t<div class=\"elementor-widget-container\">\n\t\t\t\t\t\t\t<div class=\"e-n-accordion\" aria-label=\"Workers, State, and Society: Argentina, 1880\u20131945\">\n\t\t\t\t\t\t<details id=\"e-n-accordion-item-1750\" class=\"e-n-accordion-item\" >\n\t\t\t\t<summary class=\"e-n-accordion-item-title\" data-accordion-index=\"1\" tabindex=\"0\" aria-expanded=\"false\" aria-controls=\"e-n-accordion-item-1750\" >\n\t\t\t\t\t<span class='e-n-accordion-item-title-header'><div class=\"e-n-accordion-item-title-text\"> <h5>Global Intellectual History<\/h5> <br><p>Director: Mart\u00edn Bergel<\/p> <\/div><\/span>\n\t\t\t\t\t\t\t<span class='e-n-accordion-item-title-icon'>\n\t\t\t<span class='e-opened' ><svg xmlns=\"http:\/\/www.w3.org\/2000\/svg\" xmlns:xlink=\"http:\/\/www.w3.org\/1999\/xlink\" id=\"Layer_1\" x=\"0px\" y=\"0px\" viewbox=\"0 0 66.9 46.1\" style=\"enable-background:new 0 0 66.9 46.1;\" xml:space=\"preserve\"><path d=\"M31.5,32.2L0,46.1V38L31.5,0h4l31.4,38v8.1L35.7,32.2H31.5z\"><\/path><\/svg><\/span>\n\t\t\t<span class='e-closed'><svg xmlns=\"http:\/\/www.w3.org\/2000\/svg\" id=\"Layer_1\" data-name=\"Layer 1\" viewbox=\"0 0 66.94 46.11\"><path d=\"M35.47,13.94L66.94,0v8.1s-31.45,38.01-31.45,38.01h-4.05S0,8.1,0,8.1V0s31.26,13.94,31.26,13.94h4.21Z\"><\/path><\/svg><\/span>\n\t\t<\/span>\n\n\t\t\t\t\t\t<\/summary>\n\t\t\t\t<div role=\"region\" aria-labelledby=\"e-n-accordion-item-1750\" class=\"elementor-element elementor-element-6627062 e-con-full e-flex e-con e-child\" data-id=\"6627062\" data-element_type=\"container\" data-e-type=\"container\">\n\t\t\t\t<div class=\"elementor-element elementor-element-76fe404 elementor-widget elementor-widget-text-editor\" data-id=\"76fe404\" data-element_type=\"widget\" data-e-type=\"widget\" data-widget_type=\"text-editor.default\">\n\t\t\t\t<div class=\"elementor-widget-container\">\n\t\t\t\t\t\t\t\t\t<p>This project builds upon the so-called \u201cglobal turn\u201d in the humanities in recent decades, which invited consideration of global frameworks in order to understand and situate historical and cultural processes. Since the 1990s, disciplines such as economics, philosophy, anthropology, and sociology, as well as the social sciences and humanities, have developed a discourse and a set of research initiatives on contemporary globalization and its multiple implications.<\/p><p>History was slow to join this field, and only did so when the question of global connections and contexts moved away from recent experience to also interrogate more distant pasts. Thus emerged a so-called global history, with its calls to deprovincialize perspectives of analysis and to scrutinize the habitual tendency toward \u201cmethodological nationalism,\u201d that is, to uncritically naturalize national spatiality as a sufficient framework for understanding historical processes.<\/p><p>Latin America's place in global history, as well as the relevance of developing such approaches from an intellectual history perspective came into view within this framework.\nIn dialogue with perspectives such as those of Sebastian Conrad in his <em>\u201cWhat is Global History?\u201d<\/em>, or Samuel Moyn and Andrew Sartori in their programmatic compilation <em>Global Intellectual History<\/em>this research aims to promote a field of inquiry into intellectuals, their discourses, and their cultural artifacts that considers at least three dimensions: a) the contexts in which intellectuals operate, critically interrogating the habitual tendency to circumscribe them within national frameworks; b) intellectuals as connectors or mediators between cultures, whether through translation practices, travel, the publication of works in foreign languages, the production of magazines with contributors from diverse spaces, etc.; c) questions about forms of global consciousness among intellectuals: intellectual discourses and practices that contemplate internationalist, cosmopolitan, universalist dimensions, etc.<\/p><p>Global intellectual history, understood in this way, does not equate\u2014as is sometimes mistakenly believed\u2014world history, or a history of the entire globe; rather, it is grounded in a set of questions about the contexts, connections, and discourses of intellectuals and in relation to their forms of connection to transnational or global scenarios. The conjecture is that shifting the usual frameworks in which the sphere of intellectual action is conceived will contribute to a better and more complete understanding of intellectuals\u2019 historical praxis.<\/p>\t\t\t\t\t\t\t\t<\/div>\n\t\t\t\t<\/div>\n\t\t\t\t<\/div>\n\t\t\t\t\t<\/details>\n\t\t\t\t\t<\/div>\n\t\t\t\t\t\t<\/div>\n\t\t\t\t<\/div>\n\t\t\t\t<\/div>\n\t\t\t\t\t<\/div>\n\t\t\t\t<\/div>\n\t\t<div class=\"elementor-element elementor-element-00a2a62 e-flex e-con-boxed e-con e-parent\" data-id=\"00a2a62\" data-element_type=\"container\" data-e-type=\"container\">\n\t\t\t\t\t<div class=\"e-con-inner\">\n\t\t<div class=\"elementor-element elementor-element-24a8227 e-con-full e-flex e-con e-child\" data-id=\"24a8227\" data-element_type=\"container\" data-e-type=\"container\">\n\t\t\t\t<div class=\"elementor-element elementor-element-2261da0 elementor-widget elementor-widget-image\" data-id=\"2261da0\" data-element_type=\"widget\" data-e-type=\"widget\" data-widget_type=\"image.default\">\n\t\t\t\t<div class=\"elementor-widget-container\">\n\t\t\t\t\t\t\t\t\t\t\t\t\t\t\t<img loading=\"lazy\" decoding=\"async\" width=\"90\" height=\"90\" src=\"https:\/\/historiaintelectual.com.ar\/wp-content\/uploads\/2025\/04\/Asset-25.svg\" class=\"attachment-full size-full wp-image-7889\" alt=\"\" \/>\t\t\t\t\t\t\t\t\t\t\t\t\t\t\t<\/div>\n\t\t\t\t<\/div>\n\t\t\t\t<\/div>\n\t\t<div class=\"elementor-element elementor-element-87c0870 e-con-full e-flex e-con e-child\" data-id=\"87c0870\" data-element_type=\"container\" data-e-type=\"container\">\n\t\t\t\t<div class=\"elementor-element elementor-element-fa99d0b elementor-widget elementor-widget-n-accordion\" data-id=\"fa99d0b\" data-element_type=\"widget\" data-e-type=\"widget\" data-settings=\"{&quot;default_state&quot;:&quot;all_collapsed&quot;,&quot;max_items_expended&quot;:&quot;one&quot;,&quot;n_accordion_animation_duration&quot;:{&quot;unit&quot;:&quot;ms&quot;,&quot;size&quot;:400,&quot;sizes&quot;:[]}}\" data-widget_type=\"nested-accordion.default\">\n\t\t\t\t<div class=\"elementor-widget-container\">\n\t\t\t\t\t\t\t<div class=\"e-n-accordion\" aria-label=\"Workers, State, and Society: Argentina, 1880\u20131945\">\n\t\t\t\t\t\t<details id=\"e-n-accordion-item-2620\" class=\"e-n-accordion-item\" >\n\t\t\t\t<summary class=\"e-n-accordion-item-title\" data-accordion-index=\"1\" tabindex=\"0\" aria-expanded=\"false\" aria-controls=\"e-n-accordion-item-2620\" >\n\t\t\t\t\t<span class='e-n-accordion-item-title-header'><div class=\"e-n-accordion-item-title-text\"> <h5>The Cold War and Latin America: Culture, Market, and Mass Media<\/h5><br> <p>Director: Ximena Espeche<\/p> <\/div><\/span>\n\t\t\t\t\t\t\t<span class='e-n-accordion-item-title-icon'>\n\t\t\t<span class='e-opened' ><svg xmlns=\"http:\/\/www.w3.org\/2000\/svg\" xmlns:xlink=\"http:\/\/www.w3.org\/1999\/xlink\" id=\"Layer_1\" x=\"0px\" y=\"0px\" viewbox=\"0 0 66.9 46.1\" style=\"enable-background:new 0 0 66.9 46.1;\" xml:space=\"preserve\"><path d=\"M31.5,32.2L0,46.1V38L31.5,0h4l31.4,38v8.1L35.7,32.2H31.5z\"><\/path><\/svg><\/span>\n\t\t\t<span class='e-closed'><svg xmlns=\"http:\/\/www.w3.org\/2000\/svg\" id=\"Layer_1\" data-name=\"Layer 1\" viewbox=\"0 0 66.94 46.11\"><path d=\"M35.47,13.94L66.94,0v8.1s-31.45,38.01-31.45,38.01h-4.05S0,8.1,0,8.1V0s31.26,13.94,31.26,13.94h4.21Z\"><\/path><\/svg><\/span>\n\t\t<\/span>\n\n\t\t\t\t\t\t<\/summary>\n\t\t\t\t<div role=\"region\" aria-labelledby=\"e-n-accordion-item-2620\" class=\"elementor-element elementor-element-82b57bf e-con-full e-flex e-con e-child\" data-id=\"82b57bf\" data-element_type=\"container\" data-e-type=\"container\">\n\t\t\t\t<div class=\"elementor-element elementor-element-05c970c elementor-widget elementor-widget-text-editor\" data-id=\"05c970c\" data-element_type=\"widget\" data-e-type=\"widget\" data-widget_type=\"text-editor.default\">\n\t\t\t\t<div class=\"elementor-widget-container\">\n\t\t\t\t\t\t\t\t\t<p>This research builds upon reconceptualizations of the cultural Cold War, but does so from a particular perspective. Most research on the cultural Cold War has focused on the study of the production, trajectories, and organizational logic of institutions linked to one of the main countries involved, as well as their ability to exert pressure and impose various agendas (cultural, academic, etc.); this work, however, looks beyond the framework of culture produced by the educated elite to analyze a complex network of meanings woven between elite interventions and those that take place within the framework of mass culture, and the analytical categories of the intellectual, artistic, and academic fields themselves, through which attempts were made to interpret and shape the meaning of changes in the regional political-cultural arena. \nIn this sense, this project includes works that study the cultural representations and practices of the Cold War and those that take into account the range of meanings associated with culture, mass culture, popular culture, and cultural industry. These were contentious issues during the period: mass culture, popular culture, and culture industries were analyzed, questioned, or celebrated, with intensity and fears regarding the ability of cultural products to manipulate populations, modify behaviors, paralleled the anxieties of the Cold War itself.<\/p><p>Given this, this research holds the following aims: to analyze the cultural Cold War according to the multiple meanings and practices associated with culture and mass culture and taking into account the anxieties of the Cold War; to address the conflicting imaginaries related to Latin America, culture, science, ideology, propaganda, war, (other terms may be added if deemed necessary); to select a series of events and cultural objects in which to analyze how these complex networks of meanings about culture and cultural practices acted within the framework of the Cold War; to study how they were woven together under the aegis of the Cold War or, on the contrary, how they brought about other battles that could not necessarily be summarized in the bipolar confrontation.<\/p><p>Specifically, it will: shed light on Cold War information battles, particularly as related to revolutionary events in Bolivia (1952-1964) and Cuba (1959-1962) and with regard to various actors and forums, including news agencies, revolutionary groups, intellectuals, and academic publications; analyze how these actors and forums reproduced in their practices and critiques their own anxieties related to mass culture while communicating or validating the question and scope of these revolutions; and reconstruct and interpret the contexts of meaning and appropriation of these revolutions in Latin America and the United States. This line of questioning will also examine the transnationalization of the figure of Eva Per\u00f3n through the rock opera <em>Evita <\/em>by Andrew Lloyd Webber and Tim Rice (1976), taking into account its circulation, its theatrical performances in different countries in order to reconstruct and interpret the different contexts of meaning and appropriation of the figure of Eva Per\u00f3n (and the concomitant imaginaries about Peronism). It will pay particular attention to the cases of Spain and Mexico \u2013the first countries where the musical was adapted into Spanish\u2013 and investigate the processes of iconization of Latin American figures such as Che Guevara and Eva Per\u00f3n, within political, ideological, and cultural conflicts of the period.<\/p>\t\t\t\t\t\t\t\t<\/div>\n\t\t\t\t<\/div>\n\t\t\t\t<\/div>\n\t\t\t\t\t<\/details>\n\t\t\t\t\t<\/div>\n\t\t\t\t\t\t<\/div>\n\t\t\t\t<\/div>\n\t\t\t\t<\/div>\n\t\t\t\t\t<\/div>\n\t\t\t\t<\/div>\n\t\t<div class=\"elementor-element elementor-element-2382257 e-flex e-con-boxed e-con e-parent\" data-id=\"2382257\" data-element_type=\"container\" data-e-type=\"container\">\n\t\t\t\t\t<div class=\"e-con-inner\">\n\t\t<div class=\"elementor-element elementor-element-d19378f e-con-full e-flex e-con e-child\" data-id=\"d19378f\" data-element_type=\"container\" data-e-type=\"container\">\n\t\t\t\t<div class=\"elementor-element elementor-element-d2ece44 elementor-widget elementor-widget-image\" data-id=\"d2ece44\" data-element_type=\"widget\" data-e-type=\"widget\" data-widget_type=\"image.default\">\n\t\t\t\t<div class=\"elementor-widget-container\">\n\t\t\t\t\t\t\t\t\t\t\t\t\t\t\t<img loading=\"lazy\" decoding=\"async\" width=\"90\" height=\"90\" src=\"https:\/\/historiaintelectual.com.ar\/wp-content\/uploads\/2025\/04\/Asset-29.svg\" class=\"attachment-full size-full wp-image-7893\" alt=\"\" \/>\t\t\t\t\t\t\t\t\t\t\t\t\t\t\t<\/div>\n\t\t\t\t<\/div>\n\t\t\t\t<\/div>\n\t\t<div class=\"elementor-element elementor-element-fb175bf e-con-full e-flex e-con e-child\" data-id=\"fb175bf\" data-element_type=\"container\" data-e-type=\"container\">\n\t\t\t\t<div class=\"elementor-element elementor-element-72f5dab elementor-widget elementor-widget-n-accordion\" data-id=\"72f5dab\" data-element_type=\"widget\" data-e-type=\"widget\" data-settings=\"{&quot;default_state&quot;:&quot;all_collapsed&quot;,&quot;max_items_expended&quot;:&quot;one&quot;,&quot;n_accordion_animation_duration&quot;:{&quot;unit&quot;:&quot;ms&quot;,&quot;size&quot;:400,&quot;sizes&quot;:[]}}\" data-widget_type=\"nested-accordion.default\">\n\t\t\t\t<div class=\"elementor-widget-container\">\n\t\t\t\t\t\t\t<div class=\"e-n-accordion\" aria-label=\"Workers, State, and Society: Argentina, 1880\u20131945\">\n\t\t\t\t\t\t<details id=\"e-n-accordion-item-1200\" class=\"e-n-accordion-item\" >\n\t\t\t\t<summary class=\"e-n-accordion-item-title\" data-accordion-index=\"1\" tabindex=\"0\" aria-expanded=\"false\" aria-controls=\"e-n-accordion-item-1200\" >\n\t\t\t\t\t<span class='e-n-accordion-item-title-header'><div class=\"e-n-accordion-item-title-text\"> <h5>Political Languages in Latin America (1968-2001): Debates and Controversies<\/h5><br><p> Director: Martina Garategaray<\/p> <\/div><\/span>\n\t\t\t\t\t\t\t<span class='e-n-accordion-item-title-icon'>\n\t\t\t<span class='e-opened' ><svg xmlns=\"http:\/\/www.w3.org\/2000\/svg\" xmlns:xlink=\"http:\/\/www.w3.org\/1999\/xlink\" id=\"Layer_1\" x=\"0px\" y=\"0px\" viewbox=\"0 0 66.9 46.1\" style=\"enable-background:new 0 0 66.9 46.1;\" xml:space=\"preserve\"><path d=\"M31.5,32.2L0,46.1V38L31.5,0h4l31.4,38v8.1L35.7,32.2H31.5z\"><\/path><\/svg><\/span>\n\t\t\t<span class='e-closed'><svg xmlns=\"http:\/\/www.w3.org\/2000\/svg\" id=\"Layer_1\" data-name=\"Layer 1\" viewbox=\"0 0 66.94 46.11\"><path d=\"M35.47,13.94L66.94,0v8.1s-31.45,38.01-31.45,38.01h-4.05S0,8.1,0,8.1V0s31.26,13.94,31.26,13.94h4.21Z\"><\/path><\/svg><\/span>\n\t\t<\/span>\n\n\t\t\t\t\t\t<\/summary>\n\t\t\t\t<div role=\"region\" aria-labelledby=\"e-n-accordion-item-1200\" class=\"elementor-element elementor-element-13bfa33 e-con-full e-flex e-con e-child\" data-id=\"13bfa33\" data-element_type=\"container\" data-e-type=\"container\">\n\t\t\t\t<div class=\"elementor-element elementor-element-03dae2c elementor-widget elementor-widget-text-editor\" data-id=\"03dae2c\" data-element_type=\"widget\" data-e-type=\"widget\" data-widget_type=\"text-editor.default\">\n\t\t\t\t<div class=\"elementor-widget-container\">\n\t\t\t\t\t\t\t\t\t<p>This research seeks to reconstruct the changes that took place in regard to the forms of representation and symbolization of the social world, in traditional political identities, and in political thought in several Latin American countries during the second half of the 20th century. The study of political languages breaks down the opposition between ideas and reality, between history and concepts; given this, this approach focuses on the processes of production, articulation, and disarticulation of meanings about the political system. The objects of analysis will be historical reconstructions of political discourses and concepts; political-ideological traditions and the trajectories of intellectuals; the ways in which these experiences were re-signified in narratives, rituals, and commemorative practices; and magazines as political-cultural supports and political-ideological actors. Focus will be placed on the political-intellectual debates around populism and socialism in Mexico, Nicaragua, Venezuela, Colombia, Peru, and Argentina between 1968 and 2000.<\/p>\t\t\t\t\t\t\t\t<\/div>\n\t\t\t\t<\/div>\n\t\t\t\t<\/div>\n\t\t\t\t\t<\/details>\n\t\t\t\t\t<\/div>\n\t\t\t\t\t\t<\/div>\n\t\t\t\t<\/div>\n\t\t\t\t<\/div>\n\t\t\t\t\t<\/div>\n\t\t\t\t<\/div>\n\t\t<div class=\"elementor-element elementor-element-bb52401 e-flex e-con-boxed e-con e-parent\" data-id=\"bb52401\" data-element_type=\"container\" data-e-type=\"container\">\n\t\t\t\t\t<div class=\"e-con-inner\">\n\t\t<div class=\"elementor-element elementor-element-8ba030e e-con-full e-flex e-con e-child\" data-id=\"8ba030e\" data-element_type=\"container\" data-e-type=\"container\">\n\t\t\t\t<div class=\"elementor-element elementor-element-bd0d1d1 elementor-widget elementor-widget-image\" data-id=\"bd0d1d1\" data-element_type=\"widget\" data-e-type=\"widget\" data-widget_type=\"image.default\">\n\t\t\t\t<div class=\"elementor-widget-container\">\n\t\t\t\t\t\t\t\t\t\t\t\t\t\t\t<img loading=\"lazy\" decoding=\"async\" width=\"90\" height=\"90\" src=\"https:\/\/historiaintelectual.com.ar\/wp-content\/uploads\/2025\/04\/Asset-26.svg\" class=\"attachment-full size-full wp-image-7890\" alt=\"\" \/>\t\t\t\t\t\t\t\t\t\t\t\t\t\t\t<\/div>\n\t\t\t\t<\/div>\n\t\t\t\t<\/div>\n\t\t<div class=\"elementor-element elementor-element-ebf7efb e-con-full e-flex e-con e-child\" data-id=\"ebf7efb\" data-element_type=\"container\" data-e-type=\"container\">\n\t\t\t\t<div class=\"elementor-element elementor-element-c544f12 elementor-widget elementor-widget-n-accordion\" data-id=\"c544f12\" data-element_type=\"widget\" data-e-type=\"widget\" data-settings=\"{&quot;default_state&quot;:&quot;all_collapsed&quot;,&quot;max_items_expended&quot;:&quot;one&quot;,&quot;n_accordion_animation_duration&quot;:{&quot;unit&quot;:&quot;ms&quot;,&quot;size&quot;:400,&quot;sizes&quot;:[]}}\" data-widget_type=\"nested-accordion.default\">\n\t\t\t\t<div class=\"elementor-widget-container\">\n\t\t\t\t\t\t\t<div class=\"e-n-accordion\" aria-label=\"Workers, State, and Society: Argentina, 1880\u20131945\">\n\t\t\t\t\t\t<details id=\"e-n-accordion-item-2060\" class=\"e-n-accordion-item\" >\n\t\t\t\t<summary class=\"e-n-accordion-item-title\" data-accordion-index=\"1\" tabindex=\"0\" aria-expanded=\"false\" aria-controls=\"e-n-accordion-item-2060\" >\n\t\t\t\t\t<span class='e-n-accordion-item-title-header'><div class=\"e-n-accordion-item-title-text\"> <h5>R\u00edo de la Plata Crossings: a History of Buenos Aires and Montevideo as a Cultural Zone<\/h5><br> <p>Director: Adri\u00e1n Gorelik<\/p> <\/div><\/span>\n\t\t\t\t\t\t\t<span class='e-n-accordion-item-title-icon'>\n\t\t\t<span class='e-opened' ><svg xmlns=\"http:\/\/www.w3.org\/2000\/svg\" xmlns:xlink=\"http:\/\/www.w3.org\/1999\/xlink\" id=\"Layer_1\" x=\"0px\" y=\"0px\" viewbox=\"0 0 66.9 46.1\" style=\"enable-background:new 0 0 66.9 46.1;\" xml:space=\"preserve\"><path d=\"M31.5,32.2L0,46.1V38L31.5,0h4l31.4,38v8.1L35.7,32.2H31.5z\"><\/path><\/svg><\/span>\n\t\t\t<span class='e-closed'><svg xmlns=\"http:\/\/www.w3.org\/2000\/svg\" id=\"Layer_1\" data-name=\"Layer 1\" viewbox=\"0 0 66.94 46.11\"><path d=\"M35.47,13.94L66.94,0v8.1s-31.45,38.01-31.45,38.01h-4.05S0,8.1,0,8.1V0s31.26,13.94,31.26,13.94h4.21Z\"><\/path><\/svg><\/span>\n\t\t<\/span>\n\n\t\t\t\t\t\t<\/summary>\n\t\t\t\t<div role=\"region\" aria-labelledby=\"e-n-accordion-item-2060\" class=\"elementor-element elementor-element-9e475b6 e-con-full e-flex e-con e-child\" data-id=\"9e475b6\" data-element_type=\"container\" data-e-type=\"container\">\n\t\t\t\t<div class=\"elementor-element elementor-element-2f0d6ee elementor-widget elementor-widget-text-editor\" data-id=\"2f0d6ee\" data-element_type=\"widget\" data-e-type=\"widget\" data-widget_type=\"text-editor.default\">\n\t\t\t\t<div class=\"elementor-widget-container\">\n\t\t\t\t\t\t\t\t\t<p>Few capital cities have established such close and persistent relations as Buenos Aires and Montevideo; this is particularly the case when one considers the two cities\u2019 shared mass culture and intellectual production. For this reason, those who characterize this interrelationship often adopt an ad hoc category to recognize the degree to which it extends beyond \u201ctransnational contact\u201d: the idea of a common cultural region, an \u201carea\u201d made up of both cities and the river that connects them. The intersection between Uruguayan and Argentine cultures is so extensive, productive, and convincing that, as is often the case when a topic is so self-evident, the larger question is why it has not been addressed until now. There are, of course, invaluable works that serve as antecedents for this project; however, for the most part, these approaches take the intense relationship between the cities as a given, instead focusing on particularities and specifics. What has not yet been articulated in regional historiography, then, is the very fabric of the relationship itself, approached as a whole, and in such a way that its distinctive intensity is no longer treated as an unproblematic given, but instead the core of a new inquiry into the intellectual and cultural history of the two countries. The fundamental purpose of this project is to reconstruct the web of relations that, across the long span of the 19th and 20th centuries, gave substance to this \u201czone\u201d as a problem of intellectual and cultural history.<\/p><p>Within the web of relations between the two cities, four frames will be distinguished, formulated here as a heuristic hypothesis. Each combines a set of issues and analytic approaches: (1) the river and communication infrastructures did not only form the groundwork on which the dynamic link between the two cities was established, but they also developed a representative quality, a landscape constituting a \u201ccultural zone\u201d; (2) political-intellectual contacts, often fueled by diverse experiences of exile; (3) the development of a powerful mass culture that came to exhibit an integrated market across both shores; and (4) intellectual and artistic exchanges, including dialogues across different fields of knowledge. Each frame speaks to a variety of perspectives; the regional nature of the project certainly implies a type of collective work that is central to the proposal itself and to the existence of the group that formulated it, which faces the dual historiographical challenge of addressing a joint intellectual history of significant periods of Argentine and Uruguayan cultures, and a history of communication between two urban cultures that gave rise to the configuration of a shared \u201ccultural arena\u201d for the two cities.<\/p>\t\t\t\t\t\t\t\t<\/div>\n\t\t\t\t<\/div>\n\t\t\t\t<\/div>\n\t\t\t\t\t<\/details>\n\t\t\t\t\t<\/div>\n\t\t\t\t\t\t<\/div>\n\t\t\t\t<\/div>\n\t\t\t\t<\/div>\n\t\t\t\t\t<\/div>\n\t\t\t\t<\/div>\n\t\t<div class=\"elementor-element elementor-element-a4d8c2f e-flex e-con-boxed e-con e-parent\" data-id=\"a4d8c2f\" data-element_type=\"container\" data-e-type=\"container\">\n\t\t\t\t\t<div class=\"e-con-inner\">\n\t\t<div class=\"elementor-element elementor-element-60939a1 e-con-full e-flex e-con e-child\" data-id=\"60939a1\" data-element_type=\"container\" data-e-type=\"container\">\n\t\t\t\t<div class=\"elementor-element elementor-element-351a4de elementor-widget elementor-widget-image\" data-id=\"351a4de\" data-element_type=\"widget\" data-e-type=\"widget\" data-widget_type=\"image.default\">\n\t\t\t\t<div class=\"elementor-widget-container\">\n\t\t\t\t\t\t\t\t\t\t\t\t\t\t\t<img loading=\"lazy\" decoding=\"async\" width=\"90\" height=\"90\" src=\"https:\/\/historiaintelectual.com.ar\/wp-content\/uploads\/2025\/04\/Asset-28-1.svg\" class=\"attachment-full size-full wp-image-7898\" alt=\"\" \/>\t\t\t\t\t\t\t\t\t\t\t\t\t\t\t<\/div>\n\t\t\t\t<\/div>\n\t\t\t\t<\/div>\n\t\t<div class=\"elementor-element elementor-element-e525436 e-con-full e-flex e-con e-child\" data-id=\"e525436\" data-element_type=\"container\" data-e-type=\"container\">\n\t\t\t\t<div class=\"elementor-element elementor-element-a3a1aee elementor-widget elementor-widget-n-accordion\" data-id=\"a3a1aee\" data-element_type=\"widget\" data-e-type=\"widget\" data-settings=\"{&quot;default_state&quot;:&quot;all_collapsed&quot;,&quot;max_items_expended&quot;:&quot;one&quot;,&quot;n_accordion_animation_duration&quot;:{&quot;unit&quot;:&quot;ms&quot;,&quot;size&quot;:400,&quot;sizes&quot;:[]}}\" data-widget_type=\"nested-accordion.default\">\n\t\t\t\t<div class=\"elementor-widget-container\">\n\t\t\t\t\t\t\t<div class=\"e-n-accordion\" aria-label=\"Workers, State, and Society: Argentina, 1880\u20131945\">\n\t\t\t\t\t\t<details id=\"e-n-accordion-item-1710\" class=\"e-n-accordion-item\" >\n\t\t\t\t<summary class=\"e-n-accordion-item-title\" data-accordion-index=\"1\" tabindex=\"0\" aria-expanded=\"false\" aria-controls=\"e-n-accordion-item-1710\" >\n\t\t\t\t\t<span class='e-n-accordion-item-title-header'><div class=\"e-n-accordion-item-title-text\"> <h5>Trabajadores, estado y sociedad: Argentina, 1880-1945<\/h5><br> <p>Director: Roy Hora<\/p> <\/div><\/span>\n\t\t\t\t\t\t\t<span class='e-n-accordion-item-title-icon'>\n\t\t\t<span class='e-opened' ><svg xmlns=\"http:\/\/www.w3.org\/2000\/svg\" xmlns:xlink=\"http:\/\/www.w3.org\/1999\/xlink\" id=\"Layer_1\" x=\"0px\" y=\"0px\" viewbox=\"0 0 66.9 46.1\" style=\"enable-background:new 0 0 66.9 46.1;\" xml:space=\"preserve\"><path d=\"M31.5,32.2L0,46.1V38L31.5,0h4l31.4,38v8.1L35.7,32.2H31.5z\"><\/path><\/svg><\/span>\n\t\t\t<span class='e-closed'><svg xmlns=\"http:\/\/www.w3.org\/2000\/svg\" id=\"Layer_1\" data-name=\"Layer 1\" viewbox=\"0 0 66.94 46.11\"><path d=\"M35.47,13.94L66.94,0v8.1s-31.45,38.01-31.45,38.01h-4.05S0,8.1,0,8.1V0s31.26,13.94,31.26,13.94h4.21Z\"><\/path><\/svg><\/span>\n\t\t<\/span>\n\n\t\t\t\t\t\t<\/summary>\n\t\t\t\t<div role=\"region\" aria-labelledby=\"e-n-accordion-item-1710\" class=\"elementor-element elementor-element-4967f61 e-con-full e-flex e-con e-child\" data-id=\"4967f61\" data-element_type=\"container\" data-e-type=\"container\">\n\t\t\t\t<div class=\"elementor-element elementor-element-21f3c19 elementor-widget elementor-widget-text-editor\" data-id=\"21f3c19\" data-element_type=\"widget\" data-e-type=\"widget\" data-widget_type=\"text-editor.default\">\n\t\t\t\t<div class=\"elementor-widget-container\">\n\t\t\t\t\t\t\t\t\t<p>The overall objective of this research is to reconsider key aspects of the political history of workers in Argentina between 1880 and 1945. It explores issues related to labor protests, the formation and nature of class identities, the relationship between workers and the state, the experiences of confrontation and inclusion of the working classes in public life, and the political culture of the protagonists. It focuses on organized workers in large coastal cities. It also aims to connect the agenda of studies on the history of workers and labor protests with other highly relevant but less-integrated research agendas. Among these are those focused on the political and social history of the period under study, which offer highly innovative perspectives that are not always well reflected in studies on the world of workers.<\/p>\t\t\t\t\t\t\t\t<\/div>\n\t\t\t\t<\/div>\n\t\t\t\t<\/div>\n\t\t\t\t\t<\/details>\n\t\t\t\t\t<\/div>\n\t\t\t\t\t\t<\/div>\n\t\t\t\t<\/div>\n\t\t\t\t<\/div>\n\t\t\t\t\t<\/div>\n\t\t\t\t<\/div>\n\t\t<div class=\"elementor-element elementor-element-934f3ce e-flex e-con-boxed e-con e-parent\" data-id=\"934f3ce\" data-element_type=\"container\" data-e-type=\"container\">\n\t\t\t\t\t<div class=\"e-con-inner\">\n\t\t<div class=\"elementor-element elementor-element-b46d871 e-con-full e-flex e-con e-child\" data-id=\"b46d871\" data-element_type=\"container\" data-e-type=\"container\">\n\t\t\t\t<div class=\"elementor-element elementor-element-dc6273f e-transform elementor-widget elementor-widget-image\" data-id=\"dc6273f\" data-element_type=\"widget\" data-e-type=\"widget\" data-settings=\"{&quot;_transform_rotateZ_effect&quot;:{&quot;unit&quot;:&quot;px&quot;,&quot;size&quot;:180,&quot;sizes&quot;:[]},&quot;_transform_rotateZ_effect_tablet&quot;:{&quot;unit&quot;:&quot;deg&quot;,&quot;size&quot;:&quot;&quot;,&quot;sizes&quot;:[]},&quot;_transform_rotateZ_effect_mobile&quot;:{&quot;unit&quot;:&quot;deg&quot;,&quot;size&quot;:&quot;&quot;,&quot;sizes&quot;:[]}}\" data-widget_type=\"image.default\">\n\t\t\t\t<div class=\"elementor-widget-container\">\n\t\t\t\t\t\t\t\t\t\t\t\t\t\t\t<img decoding=\"async\" width=\"90\" height=\"90\" src=\"https:\/\/historiaintelectual.com.ar\/wp-content\/uploads\/2025\/04\/Asset-24-1.svg\" class=\"attachment-full size-full wp-image-7894\" alt=\"\" \/>\t\t\t\t\t\t\t\t\t\t\t\t\t\t\t<\/div>\n\t\t\t\t<\/div>\n\t\t\t\t<\/div>\n\t\t<div class=\"elementor-element elementor-element-46f0e25 e-con-full e-flex e-con e-child\" data-id=\"46f0e25\" data-element_type=\"container\" data-e-type=\"container\">\n\t\t\t\t<div class=\"elementor-element elementor-element-e9daece elementor-widget elementor-widget-n-accordion\" data-id=\"e9daece\" data-element_type=\"widget\" data-e-type=\"widget\" data-settings=\"{&quot;default_state&quot;:&quot;all_collapsed&quot;,&quot;max_items_expended&quot;:&quot;one&quot;,&quot;n_accordion_animation_duration&quot;:{&quot;unit&quot;:&quot;ms&quot;,&quot;size&quot;:400,&quot;sizes&quot;:[]}}\" data-widget_type=\"nested-accordion.default\">\n\t\t\t\t<div class=\"elementor-widget-container\">\n\t\t\t\t\t\t\t<div class=\"e-n-accordion\" aria-label=\"Workers, State, and Society: Argentina, 1880\u20131945\">\n\t\t\t\t\t\t<details id=\"e-n-accordion-item-2450\" class=\"e-n-accordion-item\" >\n\t\t\t\t<summary class=\"e-n-accordion-item-title\" data-accordion-index=\"1\" tabindex=\"0\" aria-expanded=\"false\" aria-controls=\"e-n-accordion-item-2450\" >\n\t\t\t\t\t<span class='e-n-accordion-item-title-header'><div class=\"e-n-accordion-item-title-text\"> <h5>Cultural Revolution: the Emergence of New Political and Social Vocabularies in Latin America during the Long 19th century from a Global Perspective<\/h5><br> <p>Director: Jorge Myers<\/p> <\/div><\/span>\n\t\t\t\t\t\t\t<span class='e-n-accordion-item-title-icon'>\n\t\t\t<span class='e-opened' ><svg xmlns=\"http:\/\/www.w3.org\/2000\/svg\" xmlns:xlink=\"http:\/\/www.w3.org\/1999\/xlink\" id=\"Layer_1\" x=\"0px\" y=\"0px\" viewbox=\"0 0 66.9 46.1\" style=\"enable-background:new 0 0 66.9 46.1;\" xml:space=\"preserve\"><path d=\"M31.5,32.2L0,46.1V38L31.5,0h4l31.4,38v8.1L35.7,32.2H31.5z\"><\/path><\/svg><\/span>\n\t\t\t<span class='e-closed'><svg xmlns=\"http:\/\/www.w3.org\/2000\/svg\" id=\"Layer_1\" data-name=\"Layer 1\" viewbox=\"0 0 66.94 46.11\"><path d=\"M35.47,13.94L66.94,0v8.1s-31.45,38.01-31.45,38.01h-4.05S0,8.1,0,8.1V0s31.26,13.94,31.26,13.94h4.21Z\"><\/path><\/svg><\/span>\n\t\t<\/span>\n\n\t\t\t\t\t\t<\/summary>\n\t\t\t\t<div role=\"region\" aria-labelledby=\"e-n-accordion-item-2450\" class=\"elementor-element elementor-element-3362ff3 e-con-full e-flex e-con e-child\" data-id=\"3362ff3\" data-element_type=\"container\" data-e-type=\"container\">\n\t\t\t\t<div class=\"elementor-element elementor-element-8b1a7ca elementor-widget elementor-widget-text-editor\" data-id=\"8b1a7ca\" data-element_type=\"widget\" data-e-type=\"widget\" data-widget_type=\"text-editor.default\">\n\t\t\t\t<div class=\"elementor-widget-container\">\n\t\t\t\t\t\t\t\t\t<p>The purpose of this research is to examine\u2014through the tools of intellectual history, contextual analysis of ideas, and the history of concepts\u2014the transnational processes by which the region\u2019s political and social vocabularies were modified and re-signified in the mid-19th century. These processes correspond to the final stage of the <em>Sattelzeit <\/em>postulated by Reinhart Koselleck and to the \u201cdouble revolution\u201d proposed by Eric Hobsbawm, centered in the European revolutionary cycle of 1848\u201349.<\/p><p>The focus will be on four Latin American regional\/national spaces \u2013and historical moments\u2013 in which dialogue and interaction with the vocabularies coined (or re-signified) in the context of the revolutions of 1848 became especially pronounced: New Granada between 1849 and 1854, when the cycle of the \u201cliberal\u201d revolution that culminated in a \u201cred\u201d and artisan government in Bogot\u00e1; Montevideo during the siege from 1843 to 1851, when it was a melting pot of nationalities and ideologies; Pernambuco (in the Empire of Brazil) at the time of the \u201cPraieira\u201d Revolution (1848\u201349); and Chile during the years of the Chilean \u201cJirondinos\u201d and the revolution of 1851, dominated by Society of Equality. Two contexts in which interaction with the discursive effects of 1848 came later will also be considered: Mexico and the Argentine Confederation, from 1850\u201360.<\/p><p>The central hypothesis is that the profound intellectual transformation that took place within these specific junctures and national intellectual sites arose both from unresolved dilemmas shaping local contexts and from new theoretical formulations \u2013and their corresponding conceptual vocabularies\u2013 that arrived from beyond national borders. This dual origin, I argue, accounts for the specificity of a discursive universe that must be read and interpreted on its own terms, which are neither exclusively \u201cnational\u201d nor exclusively \u201ctransnational\u201d or \u201cglobal.\u201d Rather, they occupy an interstitial position between these dimensions, in a complex and shifting manner that demands an analysis attentive to the very short-term dynamics of the history of discourses and concepts.<\/p>\t\t\t\t\t\t\t\t<\/div>\n\t\t\t\t<\/div>\n\t\t\t\t<\/div>\n\t\t\t\t\t<\/details>\n\t\t\t\t\t<\/div>\n\t\t\t\t\t\t<\/div>\n\t\t\t\t<\/div>\n\t\t\t\t<\/div>\n\t\t\t\t\t<\/div>\n\t\t\t\t<\/div>\n\t\t<div class=\"elementor-element elementor-element-2a37334 e-flex e-con-boxed e-con e-parent\" data-id=\"2a37334\" data-element_type=\"container\" data-e-type=\"container\">\n\t\t\t\t\t<div class=\"e-con-inner\">\n\t\t<div class=\"elementor-element elementor-element-c5ac5e5 e-con-full e-flex e-con e-child\" data-id=\"c5ac5e5\" data-element_type=\"container\" data-e-type=\"container\">\n\t\t\t\t<div class=\"elementor-element elementor-element-0ab2c5c e-transform elementor-widget elementor-widget-image\" data-id=\"0ab2c5c\" data-element_type=\"widget\" data-e-type=\"widget\" data-settings=\"{&quot;_transform_rotateZ_effect&quot;:{&quot;unit&quot;:&quot;px&quot;,&quot;size&quot;:180,&quot;sizes&quot;:[]},&quot;_transform_rotateZ_effect_tablet&quot;:{&quot;unit&quot;:&quot;deg&quot;,&quot;size&quot;:&quot;&quot;,&quot;sizes&quot;:[]},&quot;_transform_rotateZ_effect_mobile&quot;:{&quot;unit&quot;:&quot;deg&quot;,&quot;size&quot;:&quot;&quot;,&quot;sizes&quot;:[]}}\" data-widget_type=\"image.default\">\n\t\t\t\t<div class=\"elementor-widget-container\">\n\t\t\t\t\t\t\t\t\t\t\t\t\t\t\t<img decoding=\"async\" width=\"90\" height=\"90\" src=\"https:\/\/historiaintelectual.com.ar\/wp-content\/uploads\/2025\/04\/Asset-27-1.svg\" class=\"attachment-full size-full wp-image-7897\" alt=\"\" \/>\t\t\t\t\t\t\t\t\t\t\t\t\t\t\t<\/div>\n\t\t\t\t<\/div>\n\t\t\t\t<\/div>\n\t\t<div class=\"elementor-element elementor-element-fad5d26 e-con-full e-flex e-con e-child\" data-id=\"fad5d26\" data-element_type=\"container\" data-e-type=\"container\">\n\t\t\t\t<div class=\"elementor-element elementor-element-35674f8 elementor-widget elementor-widget-n-accordion\" data-id=\"35674f8\" data-element_type=\"widget\" data-e-type=\"widget\" data-settings=\"{&quot;default_state&quot;:&quot;all_collapsed&quot;,&quot;max_items_expended&quot;:&quot;one&quot;,&quot;n_accordion_animation_duration&quot;:{&quot;unit&quot;:&quot;ms&quot;,&quot;size&quot;:400,&quot;sizes&quot;:[]}}\" data-widget_type=\"nested-accordion.default\">\n\t\t\t\t<div class=\"elementor-widget-container\">\n\t\t\t\t\t\t\t<div class=\"e-n-accordion\" aria-label=\"Workers, State, and Society: Argentina, 1880\u20131945\">\n\t\t\t\t\t\t<details id=\"e-n-accordion-item-5590\" class=\"e-n-accordion-item\" >\n\t\t\t\t<summary class=\"e-n-accordion-item-title\" data-accordion-index=\"1\" tabindex=\"0\" aria-expanded=\"false\" aria-controls=\"e-n-accordion-item-5590\" >\n\t\t\t\t\t<span class='e-n-accordion-item-title-header'><div class=\"e-n-accordion-item-title-text\"> <h5>Infrastructure, Mobility, and Culture: the Cultural History of Public Spaces<\/h5><br> <p>Director: Dhan Zunino<\/p> <\/div><\/span>\n\t\t\t\t\t\t\t<span class='e-n-accordion-item-title-icon'>\n\t\t\t<span class='e-opened' ><svg xmlns=\"http:\/\/www.w3.org\/2000\/svg\" xmlns:xlink=\"http:\/\/www.w3.org\/1999\/xlink\" id=\"Layer_1\" x=\"0px\" y=\"0px\" viewbox=\"0 0 66.9 46.1\" style=\"enable-background:new 0 0 66.9 46.1;\" xml:space=\"preserve\"><path d=\"M31.5,32.2L0,46.1V38L31.5,0h4l31.4,38v8.1L35.7,32.2H31.5z\"><\/path><\/svg><\/span>\n\t\t\t<span class='e-closed'><svg xmlns=\"http:\/\/www.w3.org\/2000\/svg\" id=\"Layer_1\" data-name=\"Layer 1\" viewbox=\"0 0 66.94 46.11\"><path d=\"M35.47,13.94L66.94,0v8.1s-31.45,38.01-31.45,38.01h-4.05S0,8.1,0,8.1V0s31.26,13.94,31.26,13.94h4.21Z\"><\/path><\/svg><\/span>\n\t\t<\/span>\n\n\t\t\t\t\t\t<\/summary>\n\t\t\t\t<div role=\"region\" aria-labelledby=\"e-n-accordion-item-5590\" class=\"elementor-element elementor-element-b0cb90f e-con-full e-flex e-con e-child\" data-id=\"b0cb90f\" data-element_type=\"container\" data-e-type=\"container\">\n\t\t\t\t<div class=\"elementor-element elementor-element-ea1186d elementor-widget elementor-widget-text-editor\" data-id=\"ea1186d\" data-element_type=\"widget\" data-e-type=\"widget\" data-widget_type=\"text-editor.default\">\n\t\t\t\t<div class=\"elementor-widget-container\">\n\t\t\t\t\t\t\t\t\t<p>This line of inquiry offers a forum for projects that share a common goal: developing historical and cultural perspectives on architectural, urban, and territorial spaces, understood from a public dimension. Such historical-cultural reflection incorporates elements of intellectual history into the study of technical disciplines\u2014their ideas and the technical or intellectual agents operating within them\u2014while also foregrounding the cultural and political significance of architectural, urban, and territorial events as one of the innovative directions currently reshaping intellectual history. This line of inquiry is being carried out in collaboration with the Institute for Science and Technology Studies at UNQ.<\/p>\t\t\t\t\t\t\t\t<\/div>\n\t\t\t\t<\/div>\n\t\t\t\t<\/div>\n\t\t\t\t\t<\/details>\n\t\t\t\t\t<\/div>\n\t\t\t\t\t\t<\/div>\n\t\t\t\t<\/div>\n\t\t\t\t<\/div>\n\t\t\t\t\t<\/div>\n\t\t\t\t<\/div>\n\t\t<div class=\"elementor-element elementor-element-3629a1d9 e-flex e-con-boxed e-con e-parent\" data-id=\"3629a1d9\" data-element_type=\"container\" data-e-type=\"container\" id=\"equipo\">\n\t\t\t\t\t<div class=\"e-con-inner\">\n\t\t\t\t<div class=\"elementor-element elementor-element-d260f5a elementor-widget elementor-widget-heading\" data-id=\"d260f5a\" data-element_type=\"widget\" data-e-type=\"widget\" data-widget_type=\"heading.default\">\n\t\t\t\t<div class=\"elementor-widget-container\">\n\t\t\t\t\t<h2 class=\"elementor-heading-title elementor-size-default\">Team<\/h2>\t\t\t\t<\/div>\n\t\t\t\t<\/div>\n\t\t\t\t\t<\/div>\n\t\t\t\t<\/div>\n\t\t<div class=\"elementor-element elementor-element-52e7401 e-flex e-con-boxed e-con e-parent\" data-id=\"52e7401\" data-element_type=\"container\" data-e-type=\"container\">\n\t\t\t\t\t<div class=\"e-con-inner\">\n\t\t<div class=\"elementor-element elementor-element-5569fa2 e-con-full e-flex e-con e-child\" data-id=\"5569fa2\" data-element_type=\"container\" data-e-type=\"container\">\n\t\t\t\t<div class=\"elementor-element elementor-element-f34f42c elementor-widget elementor-widget-text-editor\" data-id=\"f34f42c\" data-element_type=\"widget\" data-e-type=\"widget\" data-widget_type=\"text-editor.default\">\n\t\t\t\t<div class=\"elementor-widget-container\">\n\t\t\t\t\t\t\t\t\t<p>Director (2022-2026): <br \/><strong>Jorge Myers<\/strong><\/p><p>Board of directors (2022-2026):<br \/><strong>Carlos Altamirano<br \/><\/strong><strong style=\"font-family: -apple-system, BlinkMacSystemFont, 'Segoe UI', Roboto, 'Helvetica Neue', Arial, 'Noto Sans', sans-serif, 'Apple Color Emoji', 'Segoe UI Emoji', 'Segoe UI Symbol', 'Noto Color Emoji';\">Alejandro Blanco<br \/><\/strong><strong>Flavia Fiorucci<br \/>Silvina Cormick<\/strong><\/p>\t\t\t\t\t\t\t\t<\/div>\n\t\t\t\t<\/div>\n\t\t\t\t<\/div>\n\t\t<div class=\"elementor-element elementor-element-882e3d1 e-con-full e-flex e-con e-child\" data-id=\"882e3d1\" data-element_type=\"container\" data-e-type=\"container\">\n\t\t\t\t<div class=\"elementor-element elementor-element-fdab567 elementor-widget elementor-widget-text-editor\" data-id=\"fdab567\" data-element_type=\"widget\" data-e-type=\"widget\" data-widget_type=\"text-editor.default\">\n\t\t\t\t<div class=\"elementor-widget-container\">\n\t\t\t\t\t\t\t\t\t<p>Researchers<br \/><strong>Carlos Altamirano<br \/>Anahi Ballent<br \/>Mart\u00edn Bergel<br \/>Alejandro Blanco<br \/>Sebasti\u00e1n Carassai<br \/>Laura Ehrlich<br \/>Gabriel Entin<br \/>Ximena Espeche<br \/>Flavia Fiorucci<br \/>Martina Garategaray<br \/><\/strong><strong>Facundo G\u00f3mez<br \/>Adri\u00e1n Gorelik<br \/>Roy Hora<br \/>Ana Luc\u00eda Magrini<br \/>Ricardo Mart\u00ednez Mazzola<br \/>Jorge Myers<br \/>El\u00edas Palti<br \/><\/strong><strong>Laura Prado Acosta<br \/><\/strong><strong>Santiago Roggerone<br \/><\/strong><strong>Mariana Rosetti<br \/>Cecilia Tossounian<br \/>Dhan Zunino Singh<\/strong><\/p>\t\t\t\t\t\t\t\t<\/div>\n\t\t\t\t<\/div>\n\t\t\t\t<\/div>\n\t\t<div class=\"elementor-element elementor-element-678874e e-con-full e-flex e-con e-child\" data-id=\"678874e\" data-element_type=\"container\" data-e-type=\"container\">\n\t\t\t\t<div class=\"elementor-element elementor-element-0fcd043 elementor-widget elementor-widget-text-editor\" data-id=\"0fcd043\" data-element_type=\"widget\" data-e-type=\"widget\" data-widget_type=\"text-editor.default\">\n\t\t\t\t<div class=\"elementor-widget-container\">\n\t\t\t\t\t\t\t\t\t<p>PhD Candidates<br \/><strong>Silvina Cormick<br \/>Lucas D&#8217; Avenia<\/strong><br \/><strong>Cecilia Dur\u00e1n<br \/><\/strong><strong>Mat\u00edas Iglesias<br \/><\/strong><strong>Melisa Redondo<\/strong><\/p>\t\t\t\t\t\t\t\t<\/div>\n\t\t\t\t<\/div>\n\t\t\t\t<\/div>\n\t\t<div class=\"elementor-element elementor-element-2f96c39 e-con-full e-flex e-con e-child\" data-id=\"2f96c39\" data-element_type=\"container\" data-e-type=\"container\">\n\t\t\t\t<div class=\"elementor-element elementor-element-e80fed9 elementor-widget elementor-widget-text-editor\" data-id=\"e80fed9\" data-element_type=\"widget\" data-e-type=\"widget\" data-widget_type=\"text-editor.default\">\n\t\t\t\t<div class=\"elementor-widget-container\">\n\t\t\t\t\t\t\t\t\t<p>OJS Prismas:<br \/><strong>Ana Mar\u00eda Vi\u00f1as A<\/strong><\/p><p>Communications Manager <br \/><strong>Mar\u00eda Noel Alvarez<\/strong><\/p><p>Design<br \/><a href=\"https:\/\/www.fabianmuggeri.com\/\" target=\"_blank\" rel=\"noopener\"><strong>Fabi\u00e1n Muggeri<\/strong><\/a><\/p><p>Web development<br \/><a href=\"https:\/\/conceptotilo.com\/\" target=\"_blank\" rel=\"noopener\"><strong>Ana Luz Bustamante<\/strong><\/a><\/p>\t\t\t\t\t\t\t\t<\/div>\n\t\t\t\t<\/div>\n\t\t\t\t<\/div>\n\t\t\t\t\t<\/div>\n\t\t\t\t<\/div>\n\t\t\t\t<\/div>","protected":false},"excerpt":{"rendered":"<p>El Centro Centro de Historia Intelectual L\u00edneas de trabajo Equipo Centro\u00a0de\u00a0Historia\u00a0Intelectual El Centro de Historia Intelectual tiene como objetivo realizar estudios de historia intelectual argentina y latinoamericana; su origen se remonta a 1994, cuando Oscar Ter\u00e1n cre\u00f3 en la Universidad Nacional de Quilmes un programa de investigaciones que comenz\u00f3 llam\u00e1ndose Programa de Historia y An\u00e1lisis [&hellip;]<\/p>\n","protected":false},"author":8,"featured_media":0,"parent":0,"menu_order":0,"comment_status":"closed","ping_status":"closed","template":"","meta":{"footnotes":""},"class_list":["post-5979","page","type-page","status-publish","hentry"],"yoast_head":"<!-- This site is optimized with the Yoast SEO plugin v27.3 - https:\/\/yoast.com\/product\/yoast-seo-wordpress\/ -->\n<title>El Centro &#187; Historia Intelectual<\/title>\n<meta name=\"robots\" content=\"index, follow, max-snippet:-1, max-image-preview:large, max-video-preview:-1\" \/>\n<link rel=\"canonical\" href=\"https:\/\/historiaintelectual.com.ar\/eng\/centro\/\" \/>\n<meta property=\"og:locale\" content=\"en_US\" \/>\n<meta property=\"og:type\" content=\"article\" \/>\n<meta property=\"og:title\" content=\"El Centro &#187; Historia Intelectual\" \/>\n<meta property=\"og:description\" content=\"El Centro Centro de Historia Intelectual L\u00edneas de trabajo Equipo Centro\u00a0de\u00a0Historia\u00a0Intelectual El Centro de Historia Intelectual tiene como objetivo realizar estudios de historia intelectual argentina y latinoamericana; su origen se remonta a 1994, cuando Oscar Ter\u00e1n cre\u00f3 en la Universidad Nacional de Quilmes un programa de investigaciones que comenz\u00f3 llam\u00e1ndose Programa de Historia y An\u00e1lisis [&hellip;]\" \/>\n<meta property=\"og:url\" content=\"https:\/\/historiaintelectual.com.ar\/eng\/centro\/\" \/>\n<meta property=\"og:site_name\" content=\"Historia Intelectual\" \/>\n<meta property=\"article:publisher\" content=\"https:\/\/www.facebook.com\/Centrodehistoriaintelectual\/\" \/>\n<meta property=\"article:modified_time\" content=\"2025-10-02T16:43:23+00:00\" \/>\n<meta property=\"og:image\" content=\"http:\/\/historiaintelectual.com.ar\/wp-content\/uploads\/2025\/04\/Asset-14.png\" \/>\n<script type=\"application\/ld+json\" class=\"yoast-schema-graph\">{\"@context\":\"https:\\\/\\\/schema.org\",\"@graph\":[{\"@type\":\"WebPage\",\"@id\":\"https:\\\/\\\/historiaintelectual.com.ar\\\/centro\\\/\",\"url\":\"https:\\\/\\\/historiaintelectual.com.ar\\\/centro\\\/\",\"name\":\"El Centro &#187; Historia Intelectual\",\"isPartOf\":{\"@id\":\"https:\\\/\\\/historiaintelectual.com.ar\\\/#website\"},\"primaryImageOfPage\":{\"@id\":\"https:\\\/\\\/historiaintelectual.com.ar\\\/centro\\\/#primaryimage\"},\"image\":{\"@id\":\"https:\\\/\\\/historiaintelectual.com.ar\\\/centro\\\/#primaryimage\"},\"thumbnailUrl\":\"http:\\\/\\\/historiaintelectual.com.ar\\\/wp-content\\\/uploads\\\/2025\\\/04\\\/Asset-14.png\",\"datePublished\":\"2019-12-23T05:32:47+00:00\",\"dateModified\":\"2025-10-02T16:43:23+00:00\",\"breadcrumb\":{\"@id\":\"https:\\\/\\\/historiaintelectual.com.ar\\\/centro\\\/#breadcrumb\"},\"inLanguage\":\"en-US\",\"potentialAction\":[{\"@type\":\"ReadAction\",\"target\":[\"https:\\\/\\\/historiaintelectual.com.ar\\\/centro\\\/\"]}]},{\"@type\":\"ImageObject\",\"inLanguage\":\"en-US\",\"@id\":\"https:\\\/\\\/historiaintelectual.com.ar\\\/centro\\\/#primaryimage\",\"url\":\"http:\\\/\\\/historiaintelectual.com.ar\\\/wp-content\\\/uploads\\\/2025\\\/04\\\/Asset-14.png\",\"contentUrl\":\"http:\\\/\\\/historiaintelectual.com.ar\\\/wp-content\\\/uploads\\\/2025\\\/04\\\/Asset-14.png\"},{\"@type\":\"BreadcrumbList\",\"@id\":\"https:\\\/\\\/historiaintelectual.com.ar\\\/centro\\\/#breadcrumb\",\"itemListElement\":[{\"@type\":\"ListItem\",\"position\":1,\"name\":\"Portada\",\"item\":\"https:\\\/\\\/historiaintelectual.com.ar\\\/\"},{\"@type\":\"ListItem\",\"position\":2,\"name\":\"El Centro\"}]},{\"@type\":\"WebSite\",\"@id\":\"https:\\\/\\\/historiaintelectual.com.ar\\\/#website\",\"url\":\"https:\\\/\\\/historiaintelectual.com.ar\\\/\",\"name\":\"Historia Intelectual\",\"description\":\"Centro de Historia Intelectual\",\"publisher\":{\"@id\":\"https:\\\/\\\/historiaintelectual.com.ar\\\/#organization\"},\"alternateName\":\"Centro de historia intelectual\",\"potentialAction\":[{\"@type\":\"SearchAction\",\"target\":{\"@type\":\"EntryPoint\",\"urlTemplate\":\"https:\\\/\\\/historiaintelectual.com.ar\\\/?s={search_term_string}\"},\"query-input\":{\"@type\":\"PropertyValueSpecification\",\"valueRequired\":true,\"valueName\":\"search_term_string\"}}],\"inLanguage\":\"en-US\"},{\"@type\":\"Organization\",\"@id\":\"https:\\\/\\\/historiaintelectual.com.ar\\\/#organization\",\"name\":\"Centro Historia Intelectual\",\"url\":\"https:\\\/\\\/historiaintelectual.com.ar\\\/\",\"logo\":{\"@type\":\"ImageObject\",\"inLanguage\":\"en-US\",\"@id\":\"https:\\\/\\\/historiaintelectual.com.ar\\\/#\\\/schema\\\/logo\\\/image\\\/\",\"url\":\"https:\\\/\\\/historiaintelectual.com.ar\\\/wp-content\\\/uploads\\\/2025\\\/04\\\/logo-25.png\",\"contentUrl\":\"https:\\\/\\\/historiaintelectual.com.ar\\\/wp-content\\\/uploads\\\/2025\\\/04\\\/logo-25.png\",\"width\":456,\"height\":456,\"caption\":\"Centro Historia Intelectual\"},\"image\":{\"@id\":\"https:\\\/\\\/historiaintelectual.com.ar\\\/#\\\/schema\\\/logo\\\/image\\\/\"},\"sameAs\":[\"https:\\\/\\\/www.facebook.com\\\/Centrodehistoriaintelectual\\\/\",\"https:\\\/\\\/www.youtube.com\\\/channel\\\/UCGr8q_2-dchoqKT-jT5Lmfw\",\"https:\\\/\\\/www.instagram.com\\\/chi_unq\\\/\"]}]}<\/script>\n<!-- \/ Yoast SEO plugin. -->","yoast_head_json":{"title":"El Centro &#187; Historia Intelectual","robots":{"index":"index","follow":"follow","max-snippet":"max-snippet:-1","max-image-preview":"max-image-preview:large","max-video-preview":"max-video-preview:-1"},"canonical":"https:\/\/historiaintelectual.com.ar\/eng\/centro\/","og_locale":"en_US","og_type":"article","og_title":"El Centro &#187; Historia Intelectual","og_description":"El Centro Centro de Historia Intelectual L\u00edneas de trabajo Equipo Centro\u00a0de\u00a0Historia\u00a0Intelectual El Centro de Historia Intelectual tiene como objetivo realizar estudios de historia intelectual argentina y latinoamericana; su origen se remonta a 1994, cuando Oscar Ter\u00e1n cre\u00f3 en la Universidad Nacional de Quilmes un programa de investigaciones que comenz\u00f3 llam\u00e1ndose Programa de Historia y An\u00e1lisis [&hellip;]","og_url":"https:\/\/historiaintelectual.com.ar\/eng\/centro\/","og_site_name":"Historia Intelectual","article_publisher":"https:\/\/www.facebook.com\/Centrodehistoriaintelectual\/","article_modified_time":"2025-10-02T16:43:23+00:00","og_image":[{"url":"http:\/\/historiaintelectual.com.ar\/wp-content\/uploads\/2025\/04\/Asset-14.png","type":"","width":"","height":""}],"schema":{"@context":"https:\/\/schema.org","@graph":[{"@type":"WebPage","@id":"https:\/\/historiaintelectual.com.ar\/centro\/","url":"https:\/\/historiaintelectual.com.ar\/centro\/","name":"El Centro &#187; Historia Intelectual","isPartOf":{"@id":"https:\/\/historiaintelectual.com.ar\/#website"},"primaryImageOfPage":{"@id":"https:\/\/historiaintelectual.com.ar\/centro\/#primaryimage"},"image":{"@id":"https:\/\/historiaintelectual.com.ar\/centro\/#primaryimage"},"thumbnailUrl":"http:\/\/historiaintelectual.com.ar\/wp-content\/uploads\/2025\/04\/Asset-14.png","datePublished":"2019-12-23T05:32:47+00:00","dateModified":"2025-10-02T16:43:23+00:00","breadcrumb":{"@id":"https:\/\/historiaintelectual.com.ar\/centro\/#breadcrumb"},"inLanguage":"en-US","potentialAction":[{"@type":"ReadAction","target":["https:\/\/historiaintelectual.com.ar\/centro\/"]}]},{"@type":"ImageObject","inLanguage":"en-US","@id":"https:\/\/historiaintelectual.com.ar\/centro\/#primaryimage","url":"http:\/\/historiaintelectual.com.ar\/wp-content\/uploads\/2025\/04\/Asset-14.png","contentUrl":"http:\/\/historiaintelectual.com.ar\/wp-content\/uploads\/2025\/04\/Asset-14.png"},{"@type":"BreadcrumbList","@id":"https:\/\/historiaintelectual.com.ar\/centro\/#breadcrumb","itemListElement":[{"@type":"ListItem","position":1,"name":"Portada","item":"https:\/\/historiaintelectual.com.ar\/"},{"@type":"ListItem","position":2,"name":"El Centro"}]},{"@type":"WebSite","@id":"https:\/\/historiaintelectual.com.ar\/#website","url":"https:\/\/historiaintelectual.com.ar\/","name":"Historia Intelectual","description":"Center for Intellectual History","publisher":{"@id":"https:\/\/historiaintelectual.com.ar\/#organization"},"alternateName":"Centro de historia intelectual","potentialAction":[{"@type":"SearchAction","target":{"@type":"EntryPoint","urlTemplate":"https:\/\/historiaintelectual.com.ar\/?s={search_term_string}"},"query-input":{"@type":"PropertyValueSpecification","valueRequired":true,"valueName":"search_term_string"}}],"inLanguage":"en-US"},{"@type":"Organization","@id":"https:\/\/historiaintelectual.com.ar\/#organization","name":"Centro Historia Intelectual","url":"https:\/\/historiaintelectual.com.ar\/","logo":{"@type":"ImageObject","inLanguage":"en-US","@id":"https:\/\/historiaintelectual.com.ar\/#\/schema\/logo\/image\/","url":"https:\/\/historiaintelectual.com.ar\/wp-content\/uploads\/2025\/04\/logo-25.png","contentUrl":"https:\/\/historiaintelectual.com.ar\/wp-content\/uploads\/2025\/04\/logo-25.png","width":456,"height":456,"caption":"Centro Historia Intelectual"},"image":{"@id":"https:\/\/historiaintelectual.com.ar\/#\/schema\/logo\/image\/"},"sameAs":["https:\/\/www.facebook.com\/Centrodehistoriaintelectual\/","https:\/\/www.youtube.com\/channel\/UCGr8q_2-dchoqKT-jT5Lmfw","https:\/\/www.instagram.com\/chi_unq\/"]}]}},"_links":{"self":[{"href":"https:\/\/historiaintelectual.com.ar\/eng\/wp-json\/wp\/v2\/pages\/5979","targetHints":{"allow":["GET"]}}],"collection":[{"href":"https:\/\/historiaintelectual.com.ar\/eng\/wp-json\/wp\/v2\/pages"}],"about":[{"href":"https:\/\/historiaintelectual.com.ar\/eng\/wp-json\/wp\/v2\/types\/page"}],"author":[{"embeddable":true,"href":"https:\/\/historiaintelectual.com.ar\/eng\/wp-json\/wp\/v2\/users\/8"}],"replies":[{"embeddable":true,"href":"https:\/\/historiaintelectual.com.ar\/eng\/wp-json\/wp\/v2\/comments?post=5979"}],"version-history":[{"count":233,"href":"https:\/\/historiaintelectual.com.ar\/eng\/wp-json\/wp\/v2\/pages\/5979\/revisions"}],"predecessor-version":[{"id":10771,"href":"https:\/\/historiaintelectual.com.ar\/eng\/wp-json\/wp\/v2\/pages\/5979\/revisions\/10771"}],"wp:attachment":[{"href":"https:\/\/historiaintelectual.com.ar\/eng\/wp-json\/wp\/v2\/media?parent=5979"}],"curies":[{"name":"wp","href":"https:\/\/api.w.org\/{rel}","templated":true}]}}