{"id":4001,"date":"2015-07-06T14:06:48","date_gmt":"2015-07-06T14:06:48","guid":{"rendered":"http:\/\/historiaintelectual.com.ar\/desarrollo\/?page_id=4001"},"modified":"2025-08-25T15:08:10","modified_gmt":"2025-08-25T18:08:10","slug":"contactanos","status":"publish","type":"page","link":"https:\/\/historiaintelectual.com.ar\/eng\/contactanos\/","title":{"rendered":"Contact"},"content":{"rendered":"\t\t<div data-elementor-type=\"wp-page\" data-elementor-id=\"4001\" class=\"elementor elementor-4001\" data-elementor-post-type=\"page\">\n\t\t\t\t<div class=\"elementor-element elementor-element-24107d0 e-flex e-con-boxed e-con e-parent\" data-id=\"24107d0\" data-element_type=\"container\" data-e-type=\"container\">\n\t\t\t\t\t<div class=\"e-con-inner\">\n\t\t<div class=\"elementor-element elementor-element-27693f3 e-con-full e-flex e-con e-child\" data-id=\"27693f3\" data-element_type=\"container\" data-e-type=\"container\">\n\t\t\t\t<div class=\"elementor-element elementor-element-0242030 elementor-widget elementor-widget-image\" data-id=\"0242030\" data-element_type=\"widget\" data-e-type=\"widget\" data-widget_type=\"image.default\">\n\t\t\t\t<div class=\"elementor-widget-container\">\n\t\t\t\t\t\t\t\t\t\t\t\t\t\t\t\t<a href=\"https:\/\/historiaintelectual.com.ar\/eng\">\n\t\t\t\t\t\t\t<img fetchpriority=\"high\" decoding=\"async\" width=\"252\" height=\"252\" src=\"https:\/\/historiaintelectual.com.ar\/wp-content\/uploads\/2025\/04\/Asset-17.png\" class=\"attachment-full size-full wp-image-7735\" alt=\"\" srcset=\"https:\/\/historiaintelectual.com.ar\/wp-content\/uploads\/2025\/04\/Asset-17.png 252w, https:\/\/historiaintelectual.com.ar\/wp-content\/uploads\/2025\/04\/Asset-17-150x150.png 150w\" sizes=\"(max-width: 252px) 100vw, 252px\" \/>\t\t\t\t\t\t\t\t<\/a>\n\t\t\t\t\t\t\t\t\t\t\t\t\t\t\t<\/div>\n\t\t\t\t<\/div>\n\t\t\t\t<\/div>\n\t\t<div class=\"elementor-element elementor-element-a27a0d4 e-con-full e-flex e-con e-child\" data-id=\"a27a0d4\" data-element_type=\"container\" data-e-type=\"container\">\n\t\t\t\t<div class=\"elementor-element elementor-element-c313471 elementor-widget elementor-widget-heading\" data-id=\"c313471\" data-element_type=\"widget\" data-e-type=\"widget\" data-widget_type=\"heading.default\">\n\t\t\t\t<div class=\"elementor-widget-container\">\n\t\t\t\t\t<h2 class=\"elementor-heading-title elementor-size-default\">Contacto<\/h2>\t\t\t\t<\/div>\n\t\t\t\t<\/div>\n\t\t\t\t<div class=\"elementor-element elementor-element-7b90f3b elementor-widget elementor-widget-text-editor\" data-id=\"7b90f3b\" data-element_type=\"widget\" data-e-type=\"widget\" data-widget_type=\"text-editor.default\">\n\t\t\t\t<div class=\"elementor-widget-container\">\n\t\t\t\t\t\t\t\t\t<p><span style=\"color: #6d6e71;\"><strong>Direcci\u00f3n postal<\/strong><\/span><br \/>Roque Saenz Pe\u00f1a 352 (B1876BXD) <br \/>Bernal, Buenos Aires, Argentina<\/p><p><span style=\"color: #6d6e71;\"><strong>Tel\u00e9fono<\/strong><\/span><br \/>(5411) 4365 7100, interno 5737<\/p><p><span style=\"color: #6d6e71;\"><strong>E-mail<br \/><\/strong><a href=\"mailto:centrohistoriaintelectual@gmail.com\">centrohistoriaintelectual@gmail.com<\/a><\/span><\/p><p><span style=\"color: #6d6e71;\"><strong>Revista Prismas<\/strong><\/span><br \/><a href=\"mailto:revistaprismas@gmail.com\">revistaprismas@gmail.com<\/a><\/p>\t\t\t\t\t\t\t\t<\/div>\n\t\t\t\t<\/div>\n\t\t\t\t<div class=\"elementor-element elementor-element-93ded9a elementor-widget-mobile__width-inherit elementor-widget elementor-widget-shortcode\" data-id=\"93ded9a\" data-element_type=\"widget\" data-e-type=\"widget\" data-widget_type=\"shortcode.default\">\n\t\t\t\t<div class=\"elementor-widget-container\">\n\t\t\t\t\t\t\t<div class=\"elementor-shortcode\">\t\t\t\t\t<script type=\"text\/javascript\">\n\t\t\t\t\t\tvar gCaptchaSibWidget;\n                        var onloadSibCallbackInvisible = function () {\n\n                            var element = document.getElementsByClassName('sib-default-btn');\n                            var countInvisible = 0;\n                            var indexArray = [];\n                            jQuery('.sib-default-btn').each(function (index, el) {\n                                if ((jQuery(el).attr('id') == \"invisible\")) {\n                                    indexArray[countInvisible] = index;\n                                    countInvisible++\n                                }\n                            });\n\n                            jQuery('.invi-recaptcha').each(function (index, el) {\n                                grecaptcha.render(element[indexArray[index]], {\n                                    'sitekey': jQuery(el).attr('data-sitekey'),\n                                    'callback': sibVerifyCallback,\n                                });\n                            });\n                        };\n\t\t\t\t\t<\/script>\n\t\t\t\t\t                <script src=\"https:\/\/www.google.com\/recaptcha\/api.js?onload=onloadSibCallbackInvisible&render=explicit\" async defer><\/script>\n\t\t\t\t\n\t\t\t<form id=\"sib_signup_form_1\" method=\"post\" class=\"sib_signup_form\">\n\t\t\t\t<div class=\"sib_loader\" style=\"display:none;\"><img\n\t\t\t\t\t\t\tsrc=\"https:\/\/historiaintelectual.com.ar\/wp-includes\/images\/spinner.gif\" alt=\"loader\"><\/div>\n\t\t\t\t<input type=\"hidden\" name=\"sib_form_action\" value=\"subscribe_form_submit\">\n\t\t\t\t<input type=\"hidden\" name=\"sib_form_id\" value=\"1\">\n                <input type=\"hidden\" name=\"sib_form_alert_notice\" value=\"Este campo es obligatorio\">\n                <input type=\"hidden\" name=\"sib_form_invalid_email_notice\" value=\"El email ingresado es incorrecto...\">\n                <input type=\"hidden\" name=\"sib_security\" value=\"6a8645ce91\">\n\t\t\t\t<div class=\"sib_signup_box_inside_1\">\n\t\t\t\t\t<div style=\"\/*display:none*\/\" class=\"sib_msg_disp\">\n\t\t\t\t\t<\/div>\n                                            <div id=\"sib_captcha_invisible\" class=\"invi-recaptcha\" data-sitekey=\"6LcxrpwrAAAAAOBRH8zD52FvpNxlF4oUfwp818dW\"><\/div>\n                    \t\t\t\t\t<p class=\"sib-NOMBRE-area\"> \r\n    <input type=\"text\" class=\"sib-NOMBRE-area\" name=\"NOMBRE\" placeholder=\"nombre\" required=\"required\"> \r\n<\/p>\r\n<p class=\"sib-APELLIDO-area\"> \r\n    <input type=\"text\" class=\"sib-APELLIDO-area\" name=\"APELLIDO\" placeholder=\"apellido\"> \r\n<\/p>\r\n<p class=\"sib-email-area\">\r\n    <input type=\"email\" class=\"sib-email-area\" name=\"email\" placeholder=\"correo electr\u00f3nico\" required=\"required\">\r\n<\/p>\r\n<p class=\"sib-PAIS-area\"> \r\n    <input type=\"text\" class=\"sib-PAIS-area\" name=\"PAIS\" placeholder=\"pa\u00eds\" required=\"required\"> \r\n<\/p>\r\n<p class=\"sib-INSTITUCION-area\"> \r\n    <input type=\"text\" class=\"sib-INSTITUCION-area\" name=\"INSTITUCION\" placeholder=\"pertenencia institucional\">\r\n<\/p>\r\n<p>\r\n    <input type=\"submit\" id=\"invisible\" class=\"sib-default-btn\" value=\"Quiero recibir novedades\">\r\n<\/p>\r\n\t\t\t\t<\/div>\n\t\t\t<\/form>\n\t\t\t<style>\n\t\t\t\tform#sib_signup_form_1 { padding: 5px; -moz-box-sizing:border-box; -webkit-box-sizing: border-box; box-sizing: border-box; } form#sib_signup_form_1 input[type=text],form#sib_signup_form_1 input[type=email], form#sib_signup_form_1 select { width: 50%; border: 1px solid #bbb; height: auto; margin: 5px 0 0 0;} form#sib_signup_form_1 p .sib-default-btn { font-family: &#039;Archivo&#039;, Roboto, sans-serif; margin: 5px 0; padding: 6px 12px; color:#fff; background-color: #333; border-color: #2E2E2E; font-size: 14px; font-weight:400; line-height: 1.4285; text-align: center; cursor: pointer; vertical-align: middle; -webkit-user-select:none; -moz-user-select:none; -ms-user-select:none; user-select:none; white-space: normal; border:1px solid transparent; border-radius: 3px; } form#sib_signup_form_1 .sib-default-btn:hover { background-color: #444; } form#sib_signup_form_1 p{ margin: 10px 0 0 0;} form#sib_signup_form_1p input{ font-family: &#039;Archivo&#039;, Roboto, sans-serif;}form#sib_signup_form_1 p.sib-alert-message {\n    padding: 6px 12px;\n    margin-bottom: 20px;\n    border: 1px solid transparent;\n    border-radius: 4px;\n    -webkit-box-sizing: border-box;\n    -moz-box-sizing: border-box;\n    box-sizing: border-box;\n}\nform#sib_signup_form_1 p.sib-alert-message-error {\n    background-color: #f2dede;\n    border-color: #ebccd1;\n    color: #a94442;\n}\nform#sib_signup_form_1 p.sib-alert-message-success {\n    background-color: #dff0d8;\n    border-color: #d6e9c6;\n    color: #3c763d;\n}\nform#sib_signup_form_1 p.sib-alert-message-warning {\n    background-color: #fcf8e3;\n    border-color: #faebcc;\n    color: #8a6d3b;\n}\n\t\t\t<\/style>\n\t\t\t<\/div>\n\t\t\t\t\t\t<\/div>\n\t\t\t\t<\/div>\n\t\t\t\t<div class=\"elementor-element elementor-element-3bfc40a elementor-widget elementor-widget-heading\" data-id=\"3bfc40a\" data-element_type=\"widget\" data-e-type=\"widget\" data-widget_type=\"heading.default\">\n\t\t\t\t<div class=\"elementor-widget-container\">\n\t\t\t\t\t<h2 class=\"elementor-heading-title elementor-size-default\">Enlaces<\/h2>\t\t\t\t<\/div>\n\t\t\t\t<\/div>\n\t\t\t\t<div class=\"elementor-element elementor-element-fafafb7 elementor-widget elementor-widget-text-editor\" data-id=\"fafafb7\" data-element_type=\"widget\" data-e-type=\"widget\" data-widget_type=\"text-editor.default\">\n\t\t\t\t<div class=\"elementor-widget-container\">\n\t\t\t\t\t\t\t\t\t<p>Asociaci\u00f3n Argentina de Investigadores en Historia<br \/><a href=\"http:\/\/www.asaih.org\">www.asaih.org<\/a><\/p><p>Centro de Documentaci\u00f3n e Investigaci\u00f3n de la Cultura de las Izquierdas en Argentina, Universidad Nacional General San Mart\u00edn<br \/><a href=\"https:\/\/cedinci.org\/\" target=\"_blank\" rel=\"noopener\">cedinci.org<\/a><\/p><div>Departamento de Ciencias Sociales de la UNQ <a href=\"http:\/\/sociales.unq.edu.ar\/\" target=\"_blank\" rel=\"noopener\" data-saferedirecturl=\"https:\/\/www.google.com\/url?q=http:\/\/sociales.unq.edu.ar\/&amp;source=gmail&amp;ust=1756230498454000&amp;usg=AOvVaw2ufxjbvDzBxqJaCLOBJkaB\">sociales.unq.edu.<wbr \/>ar<\/a><\/div><div>\u00a0<\/div><p>Ediciones UNQ\u00a0<br \/><a href=\"https:\/\/ediciones.unq.edu.ar\/\" target=\"_blank\" rel=\"noopener\">ediciones.unq.edu.ar\/<\/a><\/p><div>Secretar\u00eda de Investigaciones de la UNQ <a href=\"https:\/\/www.unq.edu.ar\/investigacion\/\" target=\"_blank\" rel=\"noopener\" data-saferedirecturl=\"https:\/\/www.google.com\/url?q=https:\/\/www.unq.edu.ar\/investigacion\/&amp;source=gmail&amp;ust=1756230498454000&amp;usg=AOvVaw3XOdtzqKss9Jh7KmaG5nfQ\">unq.edu.ar\/<wbr \/>investigacion\/<\/a><\/div><div>\u00a0<\/div><p>Seminario de Historia Intelectual de Am\u00e9rica Latina siglos XIX y XX, Colegio de M\u00e9xico <br \/><a href=\"https:\/\/shial.colmex.mx\/\" target=\"_blank\" rel=\"noopener\">shial.colmex.mx<\/a><\/p><p>Programa de Historia y Antropolog\u00eda de la Cultura (Instituto de Antropolog\u00eda de C\u00f3rdoba, CONICET-UNC)<br \/><a href=\"https:\/\/culturasinteriores.ffyh.unc.edu.ar\/\" target=\"_blank\" rel=\"noopener\">culturasinteriores.ffyh.unc.edu.ar<\/a><\/p>\t\t\t\t\t\t\t\t<\/div>\n\t\t\t\t<\/div>\n\t\t\t\t<\/div>\n\t\t\t\t\t<\/div>\n\t\t\t\t<\/div>\n\t\t\t\t<\/div>\n\t\t","protected":false},"excerpt":{"rendered":"<p>Contacto Direcci\u00f3n postalRoque Saenz Pe\u00f1a 352 (B1876BXD) Bernal, Buenos Aires, Argentina Tel\u00e9fono(5411) 4365 7100, interno 5737 E-mailcentrohistoriaintelectual@gmail.com Revista Prismasrevistaprismas@gmail.com Enlaces Asociaci\u00f3n Argentina de Investigadores en Historiawww.asaih.org Centro de Documentaci\u00f3n e Investigaci\u00f3n de la Cultura de las Izquierdas en Argentina, Universidad Nacional General San Mart\u00edncedinci.org Departamento de Ciencias Sociales de la UNQ sociales.unq.edu.ar\u00a0 Ediciones UNQ\u00a0ediciones.unq.edu.ar\/ Secretar\u00eda [&hellip;]<\/p>\n","protected":false},"author":1,"featured_media":0,"parent":0,"menu_order":0,"comment_status":"closed","ping_status":"closed","template":"","meta":{"footnotes":""},"class_list":["post-4001","page","type-page","status-publish","hentry"],"yoast_head":"<!-- This site is optimized with the Yoast SEO plugin v27.3 - https:\/\/yoast.com\/product\/yoast-seo-wordpress\/ -->\n<title>Contacto &#187; Historia Intelectual<\/title>\n<meta name=\"robots\" content=\"index, follow, max-snippet:-1, max-image-preview:large, max-video-preview:-1\" \/>\n<link rel=\"canonical\" href=\"http:\/\/historiaintelectual.com.ar\/eng\/contactanos\/\" \/>\n<meta property=\"og:locale\" content=\"en_US\" \/>\n<meta property=\"og:type\" content=\"article\" \/>\n<meta property=\"og:title\" content=\"Contacto &#187; Historia Intelectual\" \/>\n<meta property=\"og:description\" content=\"Contacto Direcci\u00f3n postalRoque Saenz Pe\u00f1a 352 (B1876BXD) Bernal, Buenos Aires, Argentina Tel\u00e9fono(5411) 4365 7100, interno 5737 E-mailcentrohistoriaintelectual@gmail.com Revista Prismasrevistaprismas@gmail.com Enlaces Asociaci\u00f3n Argentina de Investigadores en Historiawww.asaih.org Centro de Documentaci\u00f3n e Investigaci\u00f3n de la Cultura de las Izquierdas en Argentina, Universidad Nacional General San Mart\u00edncedinci.org Departamento de Ciencias Sociales de la UNQ sociales.unq.edu.ar\u00a0 Ediciones UNQ\u00a0ediciones.unq.edu.ar\/ Secretar\u00eda [&hellip;]\" \/>\n<meta property=\"og:url\" content=\"http:\/\/historiaintelectual.com.ar\/eng\/contactanos\/\" \/>\n<meta property=\"og:site_name\" content=\"Historia Intelectual\" \/>\n<meta property=\"article:publisher\" content=\"https:\/\/www.facebook.com\/Centrodehistoriaintelectual\/\" \/>\n<meta property=\"article:modified_time\" content=\"2025-08-25T18:08:10+00:00\" \/>\n<meta property=\"og:image\" content=\"http:\/\/historiaintelectual.com.ar\/wp-content\/uploads\/2025\/04\/Asset-17.png\" \/>\n<script type=\"application\/ld+json\" class=\"yoast-schema-graph\">{\"@context\":\"https:\\\/\\\/schema.org\",\"@graph\":[{\"@type\":\"WebPage\",\"@id\":\"http:\\\/\\\/historiaintelectual.com.ar\\\/eng\\\/contactanos\\\/\",\"url\":\"http:\\\/\\\/historiaintelectual.com.ar\\\/eng\\\/contactanos\\\/\",\"name\":\"Contacto &#187; Historia Intelectual\",\"isPartOf\":{\"@id\":\"https:\\\/\\\/historiaintelectual.com.ar\\\/#website\"},\"primaryImageOfPage\":{\"@id\":\"http:\\\/\\\/historiaintelectual.com.ar\\\/eng\\\/contactanos\\\/#primaryimage\"},\"image\":{\"@id\":\"http:\\\/\\\/historiaintelectual.com.ar\\\/eng\\\/contactanos\\\/#primaryimage\"},\"thumbnailUrl\":\"http:\\\/\\\/historiaintelectual.com.ar\\\/wp-content\\\/uploads\\\/2025\\\/04\\\/Asset-17.png\",\"datePublished\":\"2015-07-06T14:06:48+00:00\",\"dateModified\":\"2025-08-25T18:08:10+00:00\",\"breadcrumb\":{\"@id\":\"http:\\\/\\\/historiaintelectual.com.ar\\\/eng\\\/contactanos\\\/#breadcrumb\"},\"inLanguage\":\"en-US\",\"potentialAction\":[{\"@type\":\"ReadAction\",\"target\":[\"http:\\\/\\\/historiaintelectual.com.ar\\\/eng\\\/contactanos\\\/\"]}]},{\"@type\":\"ImageObject\",\"inLanguage\":\"en-US\",\"@id\":\"http:\\\/\\\/historiaintelectual.com.ar\\\/eng\\\/contactanos\\\/#primaryimage\",\"url\":\"http:\\\/\\\/historiaintelectual.com.ar\\\/wp-content\\\/uploads\\\/2025\\\/04\\\/Asset-17.png\",\"contentUrl\":\"http:\\\/\\\/historiaintelectual.com.ar\\\/wp-content\\\/uploads\\\/2025\\\/04\\\/Asset-17.png\"},{\"@type\":\"BreadcrumbList\",\"@id\":\"http:\\\/\\\/historiaintelectual.com.ar\\\/eng\\\/contactanos\\\/#breadcrumb\",\"itemListElement\":[{\"@type\":\"ListItem\",\"position\":1,\"name\":\"Portada\",\"item\":\"https:\\\/\\\/historiaintelectual.com.ar\\\/\"},{\"@type\":\"ListItem\",\"position\":2,\"name\":\"Contacto\"}]},{\"@type\":\"WebSite\",\"@id\":\"https:\\\/\\\/historiaintelectual.com.ar\\\/#website\",\"url\":\"https:\\\/\\\/historiaintelectual.com.ar\\\/\",\"name\":\"Historia Intelectual\",\"description\":\"Centro de Historia Intelectual\",\"publisher\":{\"@id\":\"https:\\\/\\\/historiaintelectual.com.ar\\\/#organization\"},\"alternateName\":\"Centro de historia intelectual\",\"potentialAction\":[{\"@type\":\"SearchAction\",\"target\":{\"@type\":\"EntryPoint\",\"urlTemplate\":\"https:\\\/\\\/historiaintelectual.com.ar\\\/?s={search_term_string}\"},\"query-input\":{\"@type\":\"PropertyValueSpecification\",\"valueRequired\":true,\"valueName\":\"search_term_string\"}}],\"inLanguage\":\"en-US\"},{\"@type\":\"Organization\",\"@id\":\"https:\\\/\\\/historiaintelectual.com.ar\\\/#organization\",\"name\":\"Centro Historia Intelectual\",\"url\":\"https:\\\/\\\/historiaintelectual.com.ar\\\/\",\"logo\":{\"@type\":\"ImageObject\",\"inLanguage\":\"en-US\",\"@id\":\"https:\\\/\\\/historiaintelectual.com.ar\\\/#\\\/schema\\\/logo\\\/image\\\/\",\"url\":\"https:\\\/\\\/historiaintelectual.com.ar\\\/wp-content\\\/uploads\\\/2025\\\/04\\\/logo-25.png\",\"contentUrl\":\"https:\\\/\\\/historiaintelectual.com.ar\\\/wp-content\\\/uploads\\\/2025\\\/04\\\/logo-25.png\",\"width\":456,\"height\":456,\"caption\":\"Centro Historia Intelectual\"},\"image\":{\"@id\":\"https:\\\/\\\/historiaintelectual.com.ar\\\/#\\\/schema\\\/logo\\\/image\\\/\"},\"sameAs\":[\"https:\\\/\\\/www.facebook.com\\\/Centrodehistoriaintelectual\\\/\",\"https:\\\/\\\/www.youtube.com\\\/channel\\\/UCGr8q_2-dchoqKT-jT5Lmfw\",\"https:\\\/\\\/www.instagram.com\\\/chi_unq\\\/\"]}]}<\/script>\n<!-- \/ Yoast SEO plugin. -->","yoast_head_json":{"title":"Contacto &#187; Historia Intelectual","robots":{"index":"index","follow":"follow","max-snippet":"max-snippet:-1","max-image-preview":"max-image-preview:large","max-video-preview":"max-video-preview:-1"},"canonical":"http:\/\/historiaintelectual.com.ar\/eng\/contactanos\/","og_locale":"en_US","og_type":"article","og_title":"Contacto &#187; Historia Intelectual","og_description":"Contacto Direcci\u00f3n postalRoque Saenz Pe\u00f1a 352 (B1876BXD) Bernal, Buenos Aires, Argentina Tel\u00e9fono(5411) 4365 7100, interno 5737 E-mailcentrohistoriaintelectual@gmail.com Revista Prismasrevistaprismas@gmail.com Enlaces Asociaci\u00f3n Argentina de Investigadores en Historiawww.asaih.org Centro de Documentaci\u00f3n e Investigaci\u00f3n de la Cultura de las Izquierdas en Argentina, Universidad Nacional General San Mart\u00edncedinci.org Departamento de Ciencias Sociales de la UNQ sociales.unq.edu.ar\u00a0 Ediciones UNQ\u00a0ediciones.unq.edu.ar\/ Secretar\u00eda [&hellip;]","og_url":"http:\/\/historiaintelectual.com.ar\/eng\/contactanos\/","og_site_name":"Historia Intelectual","article_publisher":"https:\/\/www.facebook.com\/Centrodehistoriaintelectual\/","article_modified_time":"2025-08-25T18:08:10+00:00","og_image":[{"url":"http:\/\/historiaintelectual.com.ar\/wp-content\/uploads\/2025\/04\/Asset-17.png","type":"","width":"","height":""}],"schema":{"@context":"https:\/\/schema.org","@graph":[{"@type":"WebPage","@id":"http:\/\/historiaintelectual.com.ar\/eng\/contactanos\/","url":"http:\/\/historiaintelectual.com.ar\/eng\/contactanos\/","name":"Contacto &#187; Historia Intelectual","isPartOf":{"@id":"https:\/\/historiaintelectual.com.ar\/#website"},"primaryImageOfPage":{"@id":"http:\/\/historiaintelectual.com.ar\/eng\/contactanos\/#primaryimage"},"image":{"@id":"http:\/\/historiaintelectual.com.ar\/eng\/contactanos\/#primaryimage"},"thumbnailUrl":"http:\/\/historiaintelectual.com.ar\/wp-content\/uploads\/2025\/04\/Asset-17.png","datePublished":"2015-07-06T14:06:48+00:00","dateModified":"2025-08-25T18:08:10+00:00","breadcrumb":{"@id":"http:\/\/historiaintelectual.com.ar\/eng\/contactanos\/#breadcrumb"},"inLanguage":"en-US","potentialAction":[{"@type":"ReadAction","target":["http:\/\/historiaintelectual.com.ar\/eng\/contactanos\/"]}]},{"@type":"ImageObject","inLanguage":"en-US","@id":"http:\/\/historiaintelectual.com.ar\/eng\/contactanos\/#primaryimage","url":"http:\/\/historiaintelectual.com.ar\/wp-content\/uploads\/2025\/04\/Asset-17.png","contentUrl":"http:\/\/historiaintelectual.com.ar\/wp-content\/uploads\/2025\/04\/Asset-17.png"},{"@type":"BreadcrumbList","@id":"http:\/\/historiaintelectual.com.ar\/eng\/contactanos\/#breadcrumb","itemListElement":[{"@type":"ListItem","position":1,"name":"Portada","item":"https:\/\/historiaintelectual.com.ar\/"},{"@type":"ListItem","position":2,"name":"Contacto"}]},{"@type":"WebSite","@id":"https:\/\/historiaintelectual.com.ar\/#website","url":"https:\/\/historiaintelectual.com.ar\/","name":"Historia Intelectual","description":"Center for Intellectual History","publisher":{"@id":"https:\/\/historiaintelectual.com.ar\/#organization"},"alternateName":"Centro de historia intelectual","potentialAction":[{"@type":"SearchAction","target":{"@type":"EntryPoint","urlTemplate":"https:\/\/historiaintelectual.com.ar\/?s={search_term_string}"},"query-input":{"@type":"PropertyValueSpecification","valueRequired":true,"valueName":"search_term_string"}}],"inLanguage":"en-US"},{"@type":"Organization","@id":"https:\/\/historiaintelectual.com.ar\/#organization","name":"Centro Historia Intelectual","url":"https:\/\/historiaintelectual.com.ar\/","logo":{"@type":"ImageObject","inLanguage":"en-US","@id":"https:\/\/historiaintelectual.com.ar\/#\/schema\/logo\/image\/","url":"https:\/\/historiaintelectual.com.ar\/wp-content\/uploads\/2025\/04\/logo-25.png","contentUrl":"https:\/\/historiaintelectual.com.ar\/wp-content\/uploads\/2025\/04\/logo-25.png","width":456,"height":456,"caption":"Centro Historia Intelectual"},"image":{"@id":"https:\/\/historiaintelectual.com.ar\/#\/schema\/logo\/image\/"},"sameAs":["https:\/\/www.facebook.com\/Centrodehistoriaintelectual\/","https:\/\/www.youtube.com\/channel\/UCGr8q_2-dchoqKT-jT5Lmfw","https:\/\/www.instagram.com\/chi_unq\/"]}]}},"_links":{"self":[{"href":"https:\/\/historiaintelectual.com.ar\/eng\/wp-json\/wp\/v2\/pages\/4001","targetHints":{"allow":["GET"]}}],"collection":[{"href":"https:\/\/historiaintelectual.com.ar\/eng\/wp-json\/wp\/v2\/pages"}],"about":[{"href":"https:\/\/historiaintelectual.com.ar\/eng\/wp-json\/wp\/v2\/types\/page"}],"author":[{"embeddable":true,"href":"https:\/\/historiaintelectual.com.ar\/eng\/wp-json\/wp\/v2\/users\/1"}],"replies":[{"embeddable":true,"href":"https:\/\/historiaintelectual.com.ar\/eng\/wp-json\/wp\/v2\/comments?post=4001"}],"version-history":[{"count":68,"href":"https:\/\/historiaintelectual.com.ar\/eng\/wp-json\/wp\/v2\/pages\/4001\/revisions"}],"predecessor-version":[{"id":10258,"href":"https:\/\/historiaintelectual.com.ar\/eng\/wp-json\/wp\/v2\/pages\/4001\/revisions\/10258"}],"wp:attachment":[{"href":"https:\/\/historiaintelectual.com.ar\/eng\/wp-json\/wp\/v2\/media?parent=4001"}],"curies":[{"name":"wp","href":"https:\/\/api.w.org\/{rel}","templated":true}]}}