{"version":"1.0","provider_name":"Historia Intelectual","provider_url":"https:\/\/historiaintelectual.com.ar\/eng","author_name":"admin","author_url":"https:\/\/historiaintelectual.com.ar\/eng\/author\/admin\/","title":"Laura Prado &#187; Historia Intelectual","type":"rich","width":600,"height":338,"html":"<blockquote class=\"wp-embedded-content\" data-secret=\"LO3Rn6ONwQ\"><a href=\"https:\/\/historiaintelectual.com.ar\/eng\/los-intelectuales-del-partido-comunista\/\">Laura Prado<\/a><\/blockquote><iframe sandbox=\"allow-scripts\" security=\"restricted\" src=\"https:\/\/historiaintelectual.com.ar\/eng\/los-intelectuales-del-partido-comunista\/embed\/#?secret=LO3Rn6ONwQ\" width=\"600\" height=\"338\" title=\"&#8220;Laura Prado&#8221; &#8212; Historia Intelectual\" data-secret=\"LO3Rn6ONwQ\" frameborder=\"0\" marginwidth=\"0\" marginheight=\"0\" scrolling=\"no\" class=\"wp-embedded-content\"><\/iframe><script>\n\/*! This file is auto-generated *\/\n!function(d,l){\"use strict\";l.querySelector&&d.addEventListener&&\"undefined\"!=typeof URL&&(d.wp=d.wp||{},d.wp.receiveEmbedMessage||(d.wp.receiveEmbedMessage=function(e){var t=e.data;if((t||t.secret||t.message||t.value)&&!\/[^a-zA-Z0-9]\/.test(t.secret)){for(var s,r,n,a=l.querySelectorAll('iframe[data-secret=\"'+t.secret+'\"]'),o=l.querySelectorAll('blockquote[data-secret=\"'+t.secret+'\"]'),c=new RegExp(\"^https?:$\",\"i\"),i=0;i<o.length;i++)o[i].style.display=\"none\";for(i=0;i<a.length;i++)s=a[i],e.source===s.contentWindow&&(s.removeAttribute(\"style\"),\"height\"===t.message?(1e3<(r=parseInt(t.value,10))?r=1e3:~~r<200&&(r=200),s.height=r):\"link\"===t.message&&(r=new URL(s.getAttribute(\"src\")),n=new URL(t.value),c.test(n.protocol))&&n.host===r.host&&l.activeElement===s&&(d.top.location.href=t.value))}},d.addEventListener(\"message\",d.wp.receiveEmbedMessage,!1),l.addEventListener(\"DOMContentLoaded\",function(){for(var e,t,s=l.querySelectorAll(\"iframe.wp-embedded-content\"),r=0;r<s.length;r++)(t=(e=s[r]).getAttribute(\"data-secret\"))||(t=Math.random().toString(36).substring(2,12),e.src+=\"#?secret=\"+t,e.setAttribute(\"data-secret\",t)),e.contentWindow.postMessage({message:\"ready\",secret:t},\"*\")},!1)))}(window,document);\n\/\/# sourceURL=https:\/\/historiaintelectual.com.ar\/wp-includes\/js\/wp-embed.min.js\n<\/script>","thumbnail_url":"https:\/\/historiaintelectual.com.ar\/wp-content\/uploads\/2015\/08\/Laura-Prado_78-scaled.jpg","thumbnail_width":2560,"thumbnail_height":1707,"description":"Bio Los intelectuales del Partido Comunista En el cruce entre lo pol\u00edtico y lo cultural, numerosos intelectuales y artistas encontraron un sentido de la acci\u00f3n. La biograf\u00eda intelectual del argentino H\u00e9ctor Agosti recorre esos espacios de politizaci\u00f3n. En la d\u00e9cada de 1930 fue un preso pol\u00edtico, public\u00f3 su primer libro al salir de la c\u00e1rcel [&hellip;]"}