{"id":4852,"date":"2015-10-29T18:34:55","date_gmt":"2015-10-29T18:34:55","guid":{"rendered":"http:\/\/historiaintelectual.com.ar\/desarrollo\/?page_id=4852"},"modified":"2025-10-10T16:18:37","modified_gmt":"2025-10-10T19:18:37","slug":"actividades","status":"publish","type":"page","link":"http:\/\/historiaintelectual.com.ar\/eng\/actividades\/","title":{"rendered":"Activities"},"content":{"rendered":"\t\t<div data-elementor-type=\"wp-page\" data-elementor-id=\"4852\" class=\"elementor elementor-4852\" data-elementor-post-type=\"page\">\n\t\t\t\t<div class=\"elementor-element elementor-element-bb2c820 e-flex e-con-boxed e-con e-parent\" data-id=\"bb2c820\" data-element_type=\"container\" data-e-type=\"container\">\n\t\t\t\t\t<div class=\"e-con-inner\">\n\t\t<div class=\"elementor-element elementor-element-63c8fef e-con-full e-flex e-con e-child\" data-id=\"63c8fef\" data-element_type=\"container\" data-e-type=\"container\">\n\t\t\t\t<div class=\"elementor-element elementor-element-8ed386a elementor-widget elementor-widget-image\" data-id=\"8ed386a\" data-element_type=\"widget\" data-e-type=\"widget\" data-widget_type=\"image.default\">\n\t\t\t\t<div class=\"elementor-widget-container\">\n\t\t\t\t\t\t\t\t\t\t\t\t\t\t\t\t<a href=\"http:\/\/historiaintelectual.com.ar\/eng\">\n\t\t\t\t\t\t\t<img fetchpriority=\"high\" decoding=\"async\" width=\"251\" height=\"252\" src=\"https:\/\/historiaintelectual.com.ar\/wp-content\/uploads\/2025\/04\/Asset-15.png\" class=\"attachment-full size-full wp-image-7733\" alt=\"\" srcset=\"https:\/\/historiaintelectual.com.ar\/wp-content\/uploads\/2025\/04\/Asset-15.png 251w, https:\/\/historiaintelectual.com.ar\/wp-content\/uploads\/2025\/04\/Asset-15-150x150.png 150w\" sizes=\"(max-width: 251px) 100vw, 251px\" \/>\t\t\t\t\t\t\t\t<\/a>\n\t\t\t\t\t\t\t\t\t\t\t\t\t\t\t<\/div>\n\t\t\t\t<\/div>\n\t\t\t\t<\/div>\n\t\t<div class=\"elementor-element elementor-element-9ac02ee e-con-full e-flex e-con e-child\" data-id=\"9ac02ee\" data-element_type=\"container\" data-e-type=\"container\">\n\t\t\t\t<div class=\"elementor-element elementor-element-48294ab elementor-widget elementor-widget-heading\" data-id=\"48294ab\" data-element_type=\"widget\" data-e-type=\"widget\" data-widget_type=\"heading.default\">\n\t\t\t\t<div class=\"elementor-widget-container\">\n\t\t\t\t\t<h2 class=\"elementor-heading-title elementor-size-default\">Actividades<\/h2>\t\t\t\t<\/div>\n\t\t\t\t<\/div>\n\t\t\t\t<\/div>\n\t\t\t\t\t<\/div>\n\t\t\t\t<\/div>\n\t\t<div class=\"elementor-element elementor-element-1cf9021 e-flex e-con-boxed e-con e-parent\" data-id=\"1cf9021\" data-element_type=\"container\" data-e-type=\"container\">\n\t\t\t\t\t<div class=\"e-con-inner\">\n\t\t\t\t<div class=\"elementor-element elementor-element-f55c6ee e-n-tabs-none elementor-widget elementor-widget-n-tabs\" data-id=\"f55c6ee\" data-element_type=\"widget\" data-e-type=\"widget\" data-settings=\"{&quot;tabs_justify_horizontal&quot;:&quot;stretch&quot;,&quot;horizontal_scroll_mobile&quot;:&quot;disable&quot;,&quot;tabs_justify_horizontal_mobile&quot;:&quot;stretch&quot;,&quot;horizontal_scroll&quot;:&quot;disable&quot;}\" data-widget_type=\"nested-tabs.default\">\n\t\t\t\t<div class=\"elementor-widget-container\">\n\t\t\t\t\t\t\t<div class=\"e-n-tabs\" data-widget-number=\"257279726\" aria-label=\"Pesta\u00f1as. Abr\u00ed items con Enter o la Barra Espaciadora; cerr\u00e1 con Esc y naveg\u00e1 utilizando el teclado de flechas.\">\n\t\t\t<div class=\"e-n-tabs-heading\" role=\"tablist\">\n\t\t\t\t\t<button id=\"archivo\" data-tab-title-id=\"e-n-tab-title-2572797261\" class=\"e-n-tab-title\" aria-selected=\"true\" data-tab-index=\"1\" role=\"tab\" tabindex=\"0\" aria-controls=\"e-n-tab-content-2572797261\" style=\"--n-tabs-title-order: 1;\">\n\t\t\t\t\t\t<span class=\"e-n-tab-title-text\">\n\t\t\t\tArchivo de actividades\t\t\t<\/span>\n\t\t<\/button>\n\t\t\t\t<button id=\"encurso\" data-tab-title-id=\"e-n-tab-title-2572797262\" class=\"e-n-tab-title\" aria-selected=\"false\" data-tab-index=\"2\" role=\"tab\" tabindex=\"-1\" aria-controls=\"e-n-tab-content-2572797262\" style=\"--n-tabs-title-order: 2;\">\n\t\t\t\t\t\t<span class=\"e-n-tab-title-text\">\n\t\t\t\tActividades en curso\t\t\t<\/span>\n\t\t<\/button>\n\t\t\t\t\t<\/div>\n\t\t\t<div class=\"e-n-tabs-content\">\n\t\t\t\t<div id=\"e-n-tab-content-2572797261\" role=\"tabpanel\" aria-labelledby=\"archivo\" data-tab-index=\"1\" style=\"--n-tabs-title-order: 1;\" class=\"e-active elementor-element elementor-element-22fbe4e e-con-full e-flex e-con e-child\" data-id=\"22fbe4e\" data-element_type=\"container\" data-e-type=\"container\">\n\t\t\t\t<div class=\"elementor-element elementor-element-bc2f9db elementor-widget elementor-widget-taxonomy-filter\" data-id=\"bc2f9db\" data-element_type=\"widget\" data-e-type=\"widget\" data-settings=\"{&quot;selected_element&quot;:&quot;b394148&quot;,&quot;taxonomy&quot;:&quot;category&quot;,&quot;item_alignment_horizontal&quot;:&quot;start&quot;,&quot;item_alignment_horizontal_mobile&quot;:&quot;stretch&quot;,&quot;multiple_selection&quot;:&quot;no&quot;,&quot;horizontal_scroll&quot;:&quot;disable&quot;}\" data-widget_type=\"taxonomy-filter.default\">\n\t\t\t\t<div class=\"elementor-widget-container\">\n\t\t\t\t\t\t\t<search class=\"e-filter\" role=\"search\" data-base-url=\"http:\/\/historiaintelectual.com.ar\/eng\/\" data-page-num=\"1\">\n\t\t\t\t\t\t\t<button class=\"e-filter-item\" data-filter=\"charlas\" aria-pressed=\"false\">Charlas<\/button>\n\t\t\t\t\t\t\t<button class=\"e-filter-item\" data-filter=\"jornadas\" aria-pressed=\"false\">Jornadas<\/button>\n\t\t\t\t\t\t\t<button class=\"e-filter-item\" data-filter=\"presentaciones-de-libros\" aria-pressed=\"false\">Presentaciones de libros<\/button>\n\t\t\t\t\t\t\t<button class=\"e-filter-item\" data-filter=\"talleres\" aria-pressed=\"false\">Talleres<\/button>\n\t\t\t\n\t\t\t\t\t\t\t\t\t<button class=\"e-filter-item\" data-filter=\"__all\" aria-pressed=\"true\">\n\t\t\t\tTodos \t\t\t<\/button>\n\t\t\t\t\t<\/search>\n\t\t\t\t\t\t<\/div>\n\t\t\t\t<\/div>\n\t\t\t\t<div class=\"elementor-element elementor-element-b394148 elementor-grid-2 elementor-grid-tablet-2 elementor-grid-mobile-1 elementor-widget elementor-widget-loop-grid\" data-id=\"b394148\" data-element_type=\"widget\" data-e-type=\"widget\" data-settings=\"{&quot;template_id&quot;:&quot;10833&quot;,&quot;columns&quot;:2,&quot;row_gap&quot;:{&quot;unit&quot;:&quot;px&quot;,&quot;size&quot;:0,&quot;sizes&quot;:[]},&quot;_skin&quot;:&quot;post&quot;,&quot;columns_tablet&quot;:&quot;2&quot;,&quot;columns_mobile&quot;:&quot;1&quot;,&quot;edit_handle_selector&quot;:&quot;[data-elementor-type=\\&quot;loop-item\\&quot;]&quot;,&quot;row_gap_tablet&quot;:{&quot;unit&quot;:&quot;px&quot;,&quot;size&quot;:&quot;&quot;,&quot;sizes&quot;:[]},&quot;row_gap_mobile&quot;:{&quot;unit&quot;:&quot;px&quot;,&quot;size&quot;:&quot;&quot;,&quot;sizes&quot;:[]}}\" data-widget_type=\"loop-grid.post\">\n\t\t\t\t<div class=\"elementor-widget-container\">\n\t\t\t\t\t\t\t<div class=\"elementor-loop-container elementor-grid\" role=\"list\">\n\t\t<style id=\"loop-10833\">.elementor-10833 .elementor-element.elementor-element-1c65efc9{--display:flex;--flex-direction:column;--container-widget-width:calc( ( 1 - var( --container-widget-flex-grow ) ) * 100% );--container-widget-height:initial;--container-widget-flex-grow:0;--container-widget-align-self:initial;--flex-wrap-mobile:wrap;--justify-content:center;--align-items:flex-start;border-style:solid;--border-style:solid;border-width:0px 0px 0px 2px;--border-top-width:0px;--border-right-width:0px;--border-bottom-width:0px;--border-left-width:2px;border-color:var( --e-global-color-primary );--border-color:var( --e-global-color-primary );--padding-top:5px;--padding-bottom:5px;--padding-left:5px;--padding-right:5px;}.elementor-10833 .elementor-element.elementor-element-1c65efc9.e-con{--align-self:center;}.elementor-widget-theme-post-title .elementor-heading-title{font-family:var( --e-global-typography-primary-font-family ), Sans-serif;font-weight:var( --e-global-typography-primary-font-weight );color:var( --e-global-color-primary );}.elementor-10833 .elementor-element.elementor-element-2718c52c{text-align:start;}.elementor-10833 .elementor-element.elementor-element-2718c52c .elementor-heading-title{font-family:var( --e-global-typography-text-font-family ), Sans-serif;font-weight:var( --e-global-typography-text-font-weight );color:#3A3A3A;}.elementor-10833 .elementor-element.elementor-element-2718c52c .elementor-heading-title a:hover, .elementor-10833 .elementor-element.elementor-element-2718c52c .elementor-heading-title a:focus{color:var( --e-global-color-primary );}.elementor-10833 .elementor-element.elementor-element-2718c52c .elementor-heading-title a{transition-duration:0.3s;}@media(max-width:767px){.elementor-10833 .elementor-element.elementor-element-1c65efc9{--content-width:90%;--gap:0px 0px;--row-gap:0px;--column-gap:0px;border-width:0px 0px 0px 2px;--border-top-width:0px;--border-right-width:0px;--border-bottom-width:0px;--border-left-width:2px;}}<\/style>\t\t<div data-elementor-type=\"loop-item\" data-elementor-id=\"10833\" class=\"elementor elementor-10833 e-loop-item e-loop-item-11380 post-11380 post type-post status-publish format-standard has-post-thumbnail hentry category-actividades-en-curso category-archivo-de-actividades category-presentaciones-de-libros\" data-elementor-post-type=\"elementor_library\" data-custom-edit-handle=\"1\">\n\t\t\t<div class=\"elementor-element elementor-element-1c65efc9 e-flex e-con-boxed e-con e-parent\" data-id=\"1c65efc9\" data-element_type=\"container\" data-e-type=\"container\">\n\t\t\t\t\t<div class=\"e-con-inner\">\n\t\t\t\t<div class=\"elementor-element elementor-element-2718c52c elementor-widget elementor-widget-theme-post-title elementor-page-title elementor-widget-heading\" data-id=\"2718c52c\" data-element_type=\"widget\" data-e-type=\"widget\" data-widget_type=\"theme-post-title.default\">\n\t\t\t\t<div class=\"elementor-widget-container\">\n\t\t\t\t\t<span class=\"elementor-heading-title elementor-size-default\"><a href=\"http:\/\/historiaintelectual.com.ar\/eng\/novedad-editorial-amancio-williams-la-invencion-como-proyecto\/\">Novedad editorial:  \u201cAmancio Williams. La invenci\u00f3n como proyecto\u201d<\/a><\/span>\t\t\t\t<\/div>\n\t\t\t\t<\/div>\n\t\t\t\t\t<\/div>\n\t\t\t\t<\/div>\n\t\t\t\t<\/div>\n\t\t\t\t<div data-elementor-type=\"loop-item\" data-elementor-id=\"10833\" class=\"elementor elementor-10833 e-loop-item e-loop-item-11243 post-11243 post type-post status-publish format-standard has-post-thumbnail hentry category-archivo-de-actividades category-charlas tag-historia-global\" data-elementor-post-type=\"elementor_library\" data-custom-edit-handle=\"1\">\n\t\t\t<div class=\"elementor-element elementor-element-1c65efc9 e-flex e-con-boxed e-con e-parent\" data-id=\"1c65efc9\" data-element_type=\"container\" data-e-type=\"container\">\n\t\t\t\t\t<div class=\"e-con-inner\">\n\t\t\t\t<div class=\"elementor-element elementor-element-2718c52c elementor-widget elementor-widget-theme-post-title elementor-page-title elementor-widget-heading\" data-id=\"2718c52c\" data-element_type=\"widget\" data-e-type=\"widget\" data-widget_type=\"theme-post-title.default\">\n\t\t\t\t<div class=\"elementor-widget-container\">\n\t\t\t\t\t<span class=\"elementor-heading-title elementor-size-default\"><a href=\"http:\/\/historiaintelectual.com.ar\/eng\/seminario-golpes-de-estado-en-america-latina-continuidades-y-rupturas-desde-la-guerra-fria-hasta-ayer\/\">Seminario | Golpes de Estado en Am\u00e9rica Latina<\/a><\/span>\t\t\t\t<\/div>\n\t\t\t\t<\/div>\n\t\t\t\t\t<\/div>\n\t\t\t\t<\/div>\n\t\t\t\t<\/div>\n\t\t\t\t<div data-elementor-type=\"loop-item\" data-elementor-id=\"10833\" class=\"elementor elementor-10833 e-loop-item e-loop-item-11227 post-11227 post type-post status-publish format-standard has-post-thumbnail hentry category-archivo-de-actividades category-jornadas tag-historia-global\" data-elementor-post-type=\"elementor_library\" data-custom-edit-handle=\"1\">\n\t\t\t<div class=\"elementor-element elementor-element-1c65efc9 e-flex e-con-boxed e-con e-parent\" data-id=\"1c65efc9\" data-element_type=\"container\" data-e-type=\"container\">\n\t\t\t\t\t<div class=\"e-con-inner\">\n\t\t\t\t<div class=\"elementor-element elementor-element-2718c52c elementor-widget elementor-widget-theme-post-title elementor-page-title elementor-widget-heading\" data-id=\"2718c52c\" data-element_type=\"widget\" data-e-type=\"widget\" data-widget_type=\"theme-post-title.default\">\n\t\t\t\t<div class=\"elementor-widget-container\">\n\t\t\t\t\t<span class=\"elementor-heading-title elementor-size-default\"><a href=\"http:\/\/historiaintelectual.com.ar\/eng\/escuela-de-verano-globa-l-2026-2\/\">Escuela de Verano GlobA.L. 2026: as\u00ed fue la primera edici\u00f3n<\/a><\/span>\t\t\t\t<\/div>\n\t\t\t\t<\/div>\n\t\t\t\t\t<\/div>\n\t\t\t\t<\/div>\n\t\t\t\t<\/div>\n\t\t\t\t<div data-elementor-type=\"loop-item\" data-elementor-id=\"10833\" class=\"elementor elementor-10833 e-loop-item e-loop-item-11197 post-11197 post type-post status-publish format-standard has-post-thumbnail hentry category-archivo-de-actividades category-charlas\" data-elementor-post-type=\"elementor_library\" data-custom-edit-handle=\"1\">\n\t\t\t<div class=\"elementor-element elementor-element-1c65efc9 e-flex e-con-boxed e-con e-parent\" data-id=\"1c65efc9\" data-element_type=\"container\" data-e-type=\"container\">\n\t\t\t\t\t<div class=\"e-con-inner\">\n\t\t\t\t<div class=\"elementor-element elementor-element-2718c52c elementor-widget elementor-widget-theme-post-title elementor-page-title elementor-widget-heading\" data-id=\"2718c52c\" data-element_type=\"widget\" data-e-type=\"widget\" data-widget_type=\"theme-post-title.default\">\n\t\t\t\t<div class=\"elementor-widget-container\">\n\t\t\t\t\t<span class=\"elementor-heading-title elementor-size-default\"><a href=\"http:\/\/historiaintelectual.com.ar\/eng\/ciclo-2021-nuevas-perspectivas-en-historia-intelectual\/\">Ciclo 2021: Nuevas perspectivas en Historia Intelectual<\/a><\/span>\t\t\t\t<\/div>\n\t\t\t\t<\/div>\n\t\t\t\t\t<\/div>\n\t\t\t\t<\/div>\n\t\t\t\t<\/div>\n\t\t\t\t<div data-elementor-type=\"loop-item\" data-elementor-id=\"10833\" class=\"elementor elementor-10833 e-loop-item e-loop-item-11185 post-11185 post type-post status-publish format-standard has-post-thumbnail hentry category-archivo-de-actividades category-charlas\" data-elementor-post-type=\"elementor_library\" data-custom-edit-handle=\"1\">\n\t\t\t<div class=\"elementor-element elementor-element-1c65efc9 e-flex e-con-boxed e-con e-parent\" data-id=\"1c65efc9\" data-element_type=\"container\" data-e-type=\"container\">\n\t\t\t\t\t<div class=\"e-con-inner\">\n\t\t\t\t<div class=\"elementor-element elementor-element-2718c52c elementor-widget elementor-widget-theme-post-title elementor-page-title elementor-widget-heading\" data-id=\"2718c52c\" data-element_type=\"widget\" data-e-type=\"widget\" data-widget_type=\"theme-post-title.default\">\n\t\t\t\t<div class=\"elementor-widget-container\">\n\t\t\t\t\t<span class=\"elementor-heading-title elementor-size-default\"><a href=\"http:\/\/historiaintelectual.com.ar\/eng\/conferencia-inaugural-de-la-maestria-en-historia-intelectual-2025\/\">Conferencia inaugural de la Maestr\u00eda en Historia Intelectual 2025<\/a><\/span>\t\t\t\t<\/div>\n\t\t\t\t<\/div>\n\t\t\t\t\t<\/div>\n\t\t\t\t<\/div>\n\t\t\t\t<\/div>\n\t\t\t\t<div data-elementor-type=\"loop-item\" data-elementor-id=\"10833\" class=\"elementor elementor-10833 e-loop-item e-loop-item-11160 post-11160 post type-post status-publish format-standard has-post-thumbnail hentry category-archivo-de-actividades category-presentaciones-de-libros\" data-elementor-post-type=\"elementor_library\" data-custom-edit-handle=\"1\">\n\t\t\t<div class=\"elementor-element elementor-element-1c65efc9 e-flex e-con-boxed e-con e-parent\" data-id=\"1c65efc9\" data-element_type=\"container\" data-e-type=\"container\">\n\t\t\t\t\t<div class=\"e-con-inner\">\n\t\t\t\t<div class=\"elementor-element elementor-element-2718c52c elementor-widget elementor-widget-theme-post-title elementor-page-title elementor-widget-heading\" data-id=\"2718c52c\" data-element_type=\"widget\" data-e-type=\"widget\" data-widget_type=\"theme-post-title.default\">\n\t\t\t\t<div class=\"elementor-widget-container\">\n\t\t\t\t\t<span class=\"elementor-heading-title elementor-size-default\"><a href=\"http:\/\/historiaintelectual.com.ar\/eng\/nuevo-libro-de-carlos-altamirano\/\">Nuevo libro de Carlos Altamirano<\/a><\/span>\t\t\t\t<\/div>\n\t\t\t\t<\/div>\n\t\t\t\t\t<\/div>\n\t\t\t\t<\/div>\n\t\t\t\t<\/div>\n\t\t\t\t<div data-elementor-type=\"loop-item\" data-elementor-id=\"10833\" class=\"elementor elementor-10833 e-loop-item e-loop-item-11065 post-11065 post type-post status-publish format-standard has-post-thumbnail hentry category-archivo-de-actividades category-presentaciones-de-libros\" data-elementor-post-type=\"elementor_library\" data-custom-edit-handle=\"1\">\n\t\t\t<div class=\"elementor-element elementor-element-1c65efc9 e-flex e-con-boxed e-con e-parent\" data-id=\"1c65efc9\" data-element_type=\"container\" data-e-type=\"container\">\n\t\t\t\t\t<div class=\"e-con-inner\">\n\t\t\t\t<div class=\"elementor-element elementor-element-2718c52c elementor-widget elementor-widget-theme-post-title elementor-page-title elementor-widget-heading\" data-id=\"2718c52c\" data-element_type=\"widget\" data-e-type=\"widget\" data-widget_type=\"theme-post-title.default\">\n\t\t\t\t<div class=\"elementor-widget-container\">\n\t\t\t\t\t<span class=\"elementor-heading-title elementor-size-default\"><a href=\"http:\/\/historiaintelectual.com.ar\/eng\/novedad-editorial-las-raices-del-arbol-de-la-libertad\/\">Presentaci\u00f3n: Las ra\u00edces del \u00e1rbol de la libertad<\/a><\/span>\t\t\t\t<\/div>\n\t\t\t\t<\/div>\n\t\t\t\t\t<\/div>\n\t\t\t\t<\/div>\n\t\t\t\t<\/div>\n\t\t\t\t<div data-elementor-type=\"loop-item\" data-elementor-id=\"10833\" class=\"elementor elementor-10833 e-loop-item e-loop-item-11031 post-11031 post type-post status-publish format-standard has-post-thumbnail hentry category-archivo-de-actividades category-presentaciones-de-libros\" data-elementor-post-type=\"elementor_library\" data-custom-edit-handle=\"1\">\n\t\t\t<div class=\"elementor-element elementor-element-1c65efc9 e-flex e-con-boxed e-con e-parent\" data-id=\"1c65efc9\" data-element_type=\"container\" data-e-type=\"container\">\n\t\t\t\t\t<div class=\"e-con-inner\">\n\t\t\t\t<div class=\"elementor-element elementor-element-2718c52c elementor-widget elementor-widget-theme-post-title elementor-page-title elementor-widget-heading\" data-id=\"2718c52c\" data-element_type=\"widget\" data-e-type=\"widget\" data-widget_type=\"theme-post-title.default\">\n\t\t\t\t<div class=\"elementor-widget-container\">\n\t\t\t\t\t<span class=\"elementor-heading-title elementor-size-default\"><a href=\"http:\/\/historiaintelectual.com.ar\/eng\/presentacion-de-el-estado-editor-en-america-latina-en-buenos-aires\/\">Presentaci\u00f3n de El Estado Editor en Am\u00e9rica Latina en Buenos Aires (2025)<\/a><\/span>\t\t\t\t<\/div>\n\t\t\t\t<\/div>\n\t\t\t\t\t<\/div>\n\t\t\t\t<\/div>\n\t\t\t\t<\/div>\n\t\t\t\t<div data-elementor-type=\"loop-item\" data-elementor-id=\"10833\" class=\"elementor elementor-10833 e-loop-item e-loop-item-10957 post-10957 post type-post status-publish format-standard hentry category-archivo-de-actividades category-charlas\" data-elementor-post-type=\"elementor_library\" data-custom-edit-handle=\"1\">\n\t\t\t<div class=\"elementor-element elementor-element-1c65efc9 e-flex e-con-boxed e-con e-parent\" data-id=\"1c65efc9\" data-element_type=\"container\" data-e-type=\"container\">\n\t\t\t\t\t<div class=\"e-con-inner\">\n\t\t\t\t<div class=\"elementor-element elementor-element-2718c52c elementor-widget elementor-widget-theme-post-title elementor-page-title elementor-widget-heading\" data-id=\"2718c52c\" data-element_type=\"widget\" data-e-type=\"widget\" data-widget_type=\"theme-post-title.default\">\n\t\t\t\t<div class=\"elementor-widget-container\">\n\t\t\t\t\t<span class=\"elementor-heading-title elementor-size-default\"><a href=\"http:\/\/historiaintelectual.com.ar\/eng\/coloquio-para-una-critica-del-discurso-decolonial\/\">Coloquio \u201cPara una cr\u00edtica del discurso decolonial\u201d (2025)<\/a><\/span>\t\t\t\t<\/div>\n\t\t\t\t<\/div>\n\t\t\t\t\t<\/div>\n\t\t\t\t<\/div>\n\t\t\t\t<\/div>\n\t\t\t\t<div data-elementor-type=\"loop-item\" data-elementor-id=\"10833\" class=\"elementor elementor-10833 e-loop-item e-loop-item-10876 post-10876 post type-post status-publish format-standard hentry category-archivo-de-actividades category-presentaciones-de-libros\" data-elementor-post-type=\"elementor_library\" data-custom-edit-handle=\"1\">\n\t\t\t<div class=\"elementor-element elementor-element-1c65efc9 e-flex e-con-boxed e-con e-parent\" data-id=\"1c65efc9\" data-element_type=\"container\" data-e-type=\"container\">\n\t\t\t\t\t<div class=\"e-con-inner\">\n\t\t\t\t<div class=\"elementor-element elementor-element-2718c52c elementor-widget elementor-widget-theme-post-title elementor-page-title elementor-widget-heading\" data-id=\"2718c52c\" data-element_type=\"widget\" data-e-type=\"widget\" data-widget_type=\"theme-post-title.default\">\n\t\t\t\t<div class=\"elementor-widget-container\">\n\t\t\t\t\t<span class=\"elementor-heading-title elementor-size-default\"><a href=\"http:\/\/historiaintelectual.com.ar\/eng\/presentacion-del-libro-en-quete-de-republique\/\">Presentaci\u00f3n de \u201cEn qu\u00eate de r\u00e9publique\u201d, de Gabriel Entin (2025)<\/a><\/span>\t\t\t\t<\/div>\n\t\t\t\t<\/div>\n\t\t\t\t\t<\/div>\n\t\t\t\t<\/div>\n\t\t\t\t<\/div>\n\t\t\t\t<div data-elementor-type=\"loop-item\" data-elementor-id=\"10833\" class=\"elementor elementor-10833 e-loop-item e-loop-item-10789 post-10789 post type-post status-publish format-standard hentry category-archivo-de-actividades category-jornadas tag-historia-global\" data-elementor-post-type=\"elementor_library\" data-custom-edit-handle=\"1\">\n\t\t\t<div class=\"elementor-element elementor-element-1c65efc9 e-flex e-con-boxed e-con e-parent\" data-id=\"1c65efc9\" data-element_type=\"container\" data-e-type=\"container\">\n\t\t\t\t\t<div class=\"e-con-inner\">\n\t\t\t\t<div class=\"elementor-element elementor-element-2718c52c elementor-widget elementor-widget-theme-post-title elementor-page-title elementor-widget-heading\" data-id=\"2718c52c\" data-element_type=\"widget\" data-e-type=\"widget\" data-widget_type=\"theme-post-title.default\">\n\t\t\t\t<div class=\"elementor-widget-container\">\n\t\t\t\t\t<span class=\"elementor-heading-title elementor-size-default\"><a href=\"http:\/\/historiaintelectual.com.ar\/eng\/escuela-de-verano-globa-l-2026\/\">Escuela de Verano GlobA.L. 2026<\/a><\/span>\t\t\t\t<\/div>\n\t\t\t\t<\/div>\n\t\t\t\t\t<\/div>\n\t\t\t\t<\/div>\n\t\t\t\t<\/div>\n\t\t\t\t<div data-elementor-type=\"loop-item\" data-elementor-id=\"10833\" class=\"elementor elementor-10833 e-loop-item e-loop-item-10752 post-10752 post type-post status-publish format-standard has-post-thumbnail hentry category-archivo-de-actividades category-charlas\" data-elementor-post-type=\"elementor_library\" data-custom-edit-handle=\"1\">\n\t\t\t<div class=\"elementor-element elementor-element-1c65efc9 e-flex e-con-boxed e-con e-parent\" data-id=\"1c65efc9\" data-element_type=\"container\" data-e-type=\"container\">\n\t\t\t\t\t<div class=\"e-con-inner\">\n\t\t\t\t<div class=\"elementor-element elementor-element-2718c52c elementor-widget elementor-widget-theme-post-title elementor-page-title elementor-widget-heading\" data-id=\"2718c52c\" data-element_type=\"widget\" data-e-type=\"widget\" data-widget_type=\"theme-post-title.default\">\n\t\t\t\t<div class=\"elementor-widget-container\">\n\t\t\t\t\t<span class=\"elementor-heading-title elementor-size-default\"><a href=\"http:\/\/historiaintelectual.com.ar\/eng\/roger-chartier-y-la-historia-intelectual-un-dialogo-con-jorge-myers-2021\/\">Roger Chartier y la historia intelectual: un di\u00e1logo con Jorge Myers (2021)<\/a><\/span>\t\t\t\t<\/div>\n\t\t\t\t<\/div>\n\t\t\t\t\t<\/div>\n\t\t\t\t<\/div>\n\t\t\t\t<\/div>\n\t\t\t\t<div data-elementor-type=\"loop-item\" data-elementor-id=\"10833\" class=\"elementor elementor-10833 e-loop-item e-loop-item-10728 post-10728 post type-post status-publish format-standard has-post-thumbnail hentry category-archivo-de-actividades category-charlas\" data-elementor-post-type=\"elementor_library\" data-custom-edit-handle=\"1\">\n\t\t\t<div class=\"elementor-element elementor-element-1c65efc9 e-flex e-con-boxed e-con e-parent\" data-id=\"1c65efc9\" data-element_type=\"container\" data-e-type=\"container\">\n\t\t\t\t\t<div class=\"e-con-inner\">\n\t\t\t\t<div class=\"elementor-element elementor-element-2718c52c elementor-widget elementor-widget-theme-post-title elementor-page-title elementor-widget-heading\" data-id=\"2718c52c\" data-element_type=\"widget\" data-e-type=\"widget\" data-widget_type=\"theme-post-title.default\">\n\t\t\t\t<div class=\"elementor-widget-container\">\n\t\t\t\t\t<span class=\"elementor-heading-title elementor-size-default\"><a href=\"http:\/\/historiaintelectual.com.ar\/eng\/dialogos-en-historia-intelectual-un-ciclo-de-conversaciones-en-2022\/\">Di\u00e1logos en Historia Intelectual: Un ciclo de conversaciones en 2022<\/a><\/span>\t\t\t\t<\/div>\n\t\t\t\t<\/div>\n\t\t\t\t\t<\/div>\n\t\t\t\t<\/div>\n\t\t\t\t<\/div>\n\t\t\t\t<div data-elementor-type=\"loop-item\" data-elementor-id=\"10833\" class=\"elementor elementor-10833 e-loop-item e-loop-item-10723 post-10723 post type-post status-publish format-standard has-post-thumbnail hentry category-archivo-de-actividades category-charlas\" data-elementor-post-type=\"elementor_library\" data-custom-edit-handle=\"1\">\n\t\t\t<div class=\"elementor-element elementor-element-1c65efc9 e-flex e-con-boxed e-con e-parent\" data-id=\"1c65efc9\" data-element_type=\"container\" data-e-type=\"container\">\n\t\t\t\t\t<div class=\"e-con-inner\">\n\t\t\t\t<div class=\"elementor-element elementor-element-2718c52c elementor-widget elementor-widget-theme-post-title elementor-page-title elementor-widget-heading\" data-id=\"2718c52c\" data-element_type=\"widget\" data-e-type=\"widget\" data-widget_type=\"theme-post-title.default\">\n\t\t\t\t<div class=\"elementor-widget-container\">\n\t\t\t\t\t<span class=\"elementor-heading-title elementor-size-default\"><a href=\"http:\/\/historiaintelectual.com.ar\/eng\/perspectivas-en-historia-intelectual-un-ciclo-de-charlas-en-2020\/\">Perspectivas en Historia Intelectual: Un ciclo de charlas en 2020<\/a><\/span>\t\t\t\t<\/div>\n\t\t\t\t<\/div>\n\t\t\t\t\t<\/div>\n\t\t\t\t<\/div>\n\t\t\t\t<\/div>\n\t\t\t\t<div data-elementor-type=\"loop-item\" data-elementor-id=\"10833\" class=\"elementor elementor-10833 e-loop-item e-loop-item-10461 post-10461 post type-post status-publish format-standard hentry category-archivo-de-actividades category-talleres\" data-elementor-post-type=\"elementor_library\" data-custom-edit-handle=\"1\">\n\t\t\t<div class=\"elementor-element elementor-element-1c65efc9 e-flex e-con-boxed e-con e-parent\" data-id=\"1c65efc9\" data-element_type=\"container\" data-e-type=\"container\">\n\t\t\t\t\t<div class=\"e-con-inner\">\n\t\t\t\t<div class=\"elementor-element elementor-element-2718c52c elementor-widget elementor-widget-theme-post-title elementor-page-title elementor-widget-heading\" data-id=\"2718c52c\" data-element_type=\"widget\" data-e-type=\"widget\" data-widget_type=\"theme-post-title.default\">\n\t\t\t\t<div class=\"elementor-widget-container\">\n\t\t\t\t\t<span class=\"elementor-heading-title elementor-size-default\"><a href=\"http:\/\/historiaintelectual.com.ar\/eng\/2-taller-cosas-en-movimiento\/\">2\u00b0 Taller \u201cCosas en movimiento\u201d (2025)<\/a><\/span>\t\t\t\t<\/div>\n\t\t\t\t<\/div>\n\t\t\t\t\t<\/div>\n\t\t\t\t<\/div>\n\t\t\t\t<\/div>\n\t\t\t\t<div data-elementor-type=\"loop-item\" data-elementor-id=\"10833\" class=\"elementor elementor-10833 e-loop-item e-loop-item-10429 post-10429 post type-post status-publish format-standard hentry category-archivo-de-actividades category-jornadas\" data-elementor-post-type=\"elementor_library\" data-custom-edit-handle=\"1\">\n\t\t\t<div class=\"elementor-element elementor-element-1c65efc9 e-flex e-con-boxed e-con e-parent\" data-id=\"1c65efc9\" data-element_type=\"container\" data-e-type=\"container\">\n\t\t\t\t\t<div class=\"e-con-inner\">\n\t\t\t\t<div class=\"elementor-element elementor-element-2718c52c elementor-widget elementor-widget-theme-post-title elementor-page-title elementor-widget-heading\" data-id=\"2718c52c\" data-element_type=\"widget\" data-e-type=\"widget\" data-widget_type=\"theme-post-title.default\">\n\t\t\t\t<div class=\"elementor-widget-container\">\n\t\t\t\t\t<span class=\"elementor-heading-title elementor-size-default\"><a href=\"http:\/\/historiaintelectual.com.ar\/eng\/jornada-felix-weil-un-argentino-en-la-escuela-de-frankfurt\/\">Jornada F\u00e9lix Weil: un argentino en la Escuela de Frankfurt (2025)<\/a><\/span>\t\t\t\t<\/div>\n\t\t\t\t<\/div>\n\t\t\t\t\t<\/div>\n\t\t\t\t<\/div>\n\t\t\t\t<\/div>\n\t\t\t\t<div data-elementor-type=\"loop-item\" data-elementor-id=\"10833\" class=\"elementor elementor-10833 e-loop-item e-loop-item-10325 post-10325 post type-post status-publish format-standard hentry category-archivo-de-actividades category-jornadas\" data-elementor-post-type=\"elementor_library\" data-custom-edit-handle=\"1\">\n\t\t\t<div class=\"elementor-element elementor-element-1c65efc9 e-flex e-con-boxed e-con e-parent\" data-id=\"1c65efc9\" data-element_type=\"container\" data-e-type=\"container\">\n\t\t\t\t\t<div class=\"e-con-inner\">\n\t\t\t\t<div class=\"elementor-element elementor-element-2718c52c elementor-widget elementor-widget-theme-post-title elementor-page-title elementor-widget-heading\" data-id=\"2718c52c\" data-element_type=\"widget\" data-e-type=\"widget\" data-widget_type=\"theme-post-title.default\">\n\t\t\t\t<div class=\"elementor-widget-container\">\n\t\t\t\t\t<span class=\"elementor-heading-title elementor-size-default\"><a href=\"http:\/\/historiaintelectual.com.ar\/eng\/vii-congreso-de-historia-intelectual-de-america-latina\/\">VII Congreso de Historia Intelectual de Am\u00e9rica Latina (2025)<\/a><\/span>\t\t\t\t<\/div>\n\t\t\t\t<\/div>\n\t\t\t\t\t<\/div>\n\t\t\t\t<\/div>\n\t\t\t\t<\/div>\n\t\t\t\t<div data-elementor-type=\"loop-item\" data-elementor-id=\"10833\" class=\"elementor elementor-10833 e-loop-item e-loop-item-10122 post-10122 post type-post status-publish format-standard hentry category-archivo-de-actividades category-presentaciones-de-libros\" data-elementor-post-type=\"elementor_library\" data-custom-edit-handle=\"1\">\n\t\t\t<div class=\"elementor-element elementor-element-1c65efc9 e-flex e-con-boxed e-con e-parent\" data-id=\"1c65efc9\" data-element_type=\"container\" data-e-type=\"container\">\n\t\t\t\t\t<div class=\"e-con-inner\">\n\t\t\t\t<div class=\"elementor-element elementor-element-2718c52c elementor-widget elementor-widget-theme-post-title elementor-page-title elementor-widget-heading\" data-id=\"2718c52c\" data-element_type=\"widget\" data-e-type=\"widget\" data-widget_type=\"theme-post-title.default\">\n\t\t\t\t<div class=\"elementor-widget-container\">\n\t\t\t\t\t<span class=\"elementor-heading-title elementor-size-default\"><a href=\"http:\/\/historiaintelectual.com.ar\/eng\/actividades-en-la-feria-del-libro-de-lima\/\">Actividades en la Feria del Libro de Lima (2025)<\/a><\/span>\t\t\t\t<\/div>\n\t\t\t\t<\/div>\n\t\t\t\t\t<\/div>\n\t\t\t\t<\/div>\n\t\t\t\t<\/div>\n\t\t\t\t<div data-elementor-type=\"loop-item\" data-elementor-id=\"10833\" class=\"elementor elementor-10833 e-loop-item e-loop-item-9216 post-9216 post type-post status-publish format-standard hentry category-archivo-de-actividades category-jornadas\" data-elementor-post-type=\"elementor_library\" data-custom-edit-handle=\"1\">\n\t\t\t<div class=\"elementor-element elementor-element-1c65efc9 e-flex e-con-boxed e-con e-parent\" data-id=\"1c65efc9\" data-element_type=\"container\" data-e-type=\"container\">\n\t\t\t\t\t<div class=\"e-con-inner\">\n\t\t\t\t<div class=\"elementor-element elementor-element-2718c52c elementor-widget elementor-widget-theme-post-title elementor-page-title elementor-widget-heading\" data-id=\"2718c52c\" data-element_type=\"widget\" data-e-type=\"widget\" data-widget_type=\"theme-post-title.default\">\n\t\t\t\t<div class=\"elementor-widget-container\">\n\t\t\t\t\t<span class=\"elementor-heading-title elementor-size-default\"><a href=\"http:\/\/historiaintelectual.com.ar\/eng\/novedad-1\/\">VIII Escuela de Verano CONCEPTA Iberoam\u00e9rica (2025)<\/a><\/span>\t\t\t\t<\/div>\n\t\t\t\t<\/div>\n\t\t\t\t\t<\/div>\n\t\t\t\t<\/div>\n\t\t\t\t<\/div>\n\t\t\t\t<div data-elementor-type=\"loop-item\" data-elementor-id=\"10833\" class=\"elementor elementor-10833 e-loop-item e-loop-item-8581 post-8581 post type-post status-publish format-standard hentry category-archivo-de-actividades category-jornadas tag-angel-rama\" data-elementor-post-type=\"elementor_library\" data-custom-edit-handle=\"1\">\n\t\t\t<div class=\"elementor-element elementor-element-1c65efc9 e-flex e-con-boxed e-con e-parent\" data-id=\"1c65efc9\" data-element_type=\"container\" data-e-type=\"container\">\n\t\t\t\t\t<div class=\"e-con-inner\">\n\t\t\t\t<div class=\"elementor-element elementor-element-2718c52c elementor-widget elementor-widget-theme-post-title elementor-page-title elementor-widget-heading\" data-id=\"2718c52c\" data-element_type=\"widget\" data-e-type=\"widget\" data-widget_type=\"theme-post-title.default\">\n\t\t\t\t<div class=\"elementor-widget-container\">\n\t\t\t\t\t<span class=\"elementor-heading-title elementor-size-default\"><a href=\"http:\/\/historiaintelectual.com.ar\/eng\/las-ciudades-de-angel-rama\/\">Las ciudades de \u00c1ngel Rama<\/a><\/span>\t\t\t\t<\/div>\n\t\t\t\t<\/div>\n\t\t\t\t\t<\/div>\n\t\t\t\t<\/div>\n\t\t\t\t<\/div>\n\t\t\t\t<div data-elementor-type=\"loop-item\" data-elementor-id=\"10833\" class=\"elementor elementor-10833 e-loop-item e-loop-item-8573 post-8573 post type-post status-publish format-standard hentry category-archivo-de-actividades category-jornadas tag-tulio-halperin-donghi\" data-elementor-post-type=\"elementor_library\" data-custom-edit-handle=\"1\">\n\t\t\t<div class=\"elementor-element elementor-element-1c65efc9 e-flex e-con-boxed e-con e-parent\" data-id=\"1c65efc9\" data-element_type=\"container\" data-e-type=\"container\">\n\t\t\t\t\t<div class=\"e-con-inner\">\n\t\t\t\t<div class=\"elementor-element elementor-element-2718c52c elementor-widget elementor-widget-theme-post-title elementor-page-title elementor-widget-heading\" data-id=\"2718c52c\" data-element_type=\"widget\" data-e-type=\"widget\" data-widget_type=\"theme-post-title.default\">\n\t\t\t\t<div class=\"elementor-widget-container\">\n\t\t\t\t\t<span class=\"elementor-heading-title elementor-size-default\"><a href=\"http:\/\/historiaintelectual.com.ar\/eng\/la-historia-segun-tulio-halperin-donghi\/\">La historia seg\u00fan Tulio Halperin Donghi<\/a><\/span>\t\t\t\t<\/div>\n\t\t\t\t<\/div>\n\t\t\t\t\t<\/div>\n\t\t\t\t<\/div>\n\t\t\t\t<\/div>\n\t\t\t\t<\/div>\n\t\t\n\t\t\t\t\t\t<\/div>\n\t\t\t\t<\/div>\n\t\t\t\t<\/div>\n\t\t<div id=\"e-n-tab-content-2572797262\" role=\"tabpanel\" aria-labelledby=\"encurso\" data-tab-index=\"2\" style=\"--n-tabs-title-order: 2;\" class=\" elementor-element elementor-element-d2c90a0 e-con-full e-flex e-con e-child\" data-id=\"d2c90a0\" data-element_type=\"container\" data-e-type=\"container\">\n\t\t\t\t<div class=\"elementor-element elementor-element-2154276 elementor-grid-4 elementor-posts--thumbnail-none elementor-posts--align-left elementor-grid-tablet-2 elementor-grid-mobile-1 elementor-widget elementor-widget-posts\" data-id=\"2154276\" data-element_type=\"widget\" data-e-type=\"widget\" data-settings=\"{&quot;classic_columns&quot;:&quot;4&quot;,&quot;classic_row_gap&quot;:{&quot;unit&quot;:&quot;px&quot;,&quot;size&quot;:&quot;&quot;,&quot;sizes&quot;:[]},&quot;pagination_type&quot;:&quot;numbers&quot;,&quot;classic_columns_tablet&quot;:&quot;2&quot;,&quot;classic_columns_mobile&quot;:&quot;1&quot;,&quot;classic_row_gap_tablet&quot;:{&quot;unit&quot;:&quot;px&quot;,&quot;size&quot;:&quot;&quot;,&quot;sizes&quot;:[]},&quot;classic_row_gap_mobile&quot;:{&quot;unit&quot;:&quot;px&quot;,&quot;size&quot;:&quot;&quot;,&quot;sizes&quot;:[]}}\" data-widget_type=\"posts.classic\">\n\t\t\t\t<div class=\"elementor-widget-container\">\n\t\t\t\t\t\t\t<div class=\"elementor-posts-container elementor-posts elementor-posts--skin-classic elementor-grid\" role=\"list\">\n\t\t\t\t<article class=\"elementor-post elementor-grid-item post-11420 post type-post status-publish format-standard has-post-thumbnail hentry category-actividades-en-curso category-novedades\" role=\"listitem\">\n\t\t\t\t<div class=\"elementor-post__text\">\n\t\t\t\t<h3 class=\"elementor-post__title\">\n\t\t\t<a href=\"http:\/\/historiaintelectual.com.ar\/eng\/premios-konex-2026-en-humanidades\/\" >\n\t\t\t\tPremios Konex 2026 en Humanidades\t\t\t<\/a>\n\t\t<\/h3>\n\t\t\t\t<\/div>\n\t\t\t\t<\/article>\n\t\t\t\t<article class=\"elementor-post elementor-grid-item post-11401 post type-post status-publish format-standard has-post-thumbnail hentry category-actividades-en-curso category-novedades\" role=\"listitem\">\n\t\t\t\t<div class=\"elementor-post__text\">\n\t\t\t\t<h3 class=\"elementor-post__title\">\n\t\t\t<a href=\"http:\/\/historiaintelectual.com.ar\/eng\/ultimos-articulos-en-prismas\/\" >\n\t\t\t\t\u00daltimos art\u00edculos en Prismas\t\t\t<\/a>\n\t\t<\/h3>\n\t\t\t\t<\/div>\n\t\t\t\t<\/article>\n\t\t\t\t<article class=\"elementor-post elementor-grid-item post-11380 post type-post status-publish format-standard has-post-thumbnail hentry category-actividades-en-curso category-archivo-de-actividades category-presentaciones-de-libros\" role=\"listitem\">\n\t\t\t\t<div class=\"elementor-post__text\">\n\t\t\t\t<h3 class=\"elementor-post__title\">\n\t\t\t<a href=\"http:\/\/historiaintelectual.com.ar\/eng\/novedad-editorial-amancio-williams-la-invencion-como-proyecto\/\" >\n\t\t\t\tNovedad editorial:  \u201cAmancio Williams. La invenci\u00f3n como proyecto\u201d\t\t\t<\/a>\n\t\t<\/h3>\n\t\t\t\t<\/div>\n\t\t\t\t<\/article>\n\t\t\t\t<article class=\"elementor-post elementor-grid-item post-11313 post type-post status-publish format-standard has-post-thumbnail hentry category-actividades-en-curso category-novedades\" role=\"listitem\">\n\t\t\t\t<div class=\"elementor-post__text\">\n\t\t\t\t<h3 class=\"elementor-post__title\">\n\t\t\t<a href=\"http:\/\/historiaintelectual.com.ar\/eng\/convocatoria-de-candidaturas-para-la-ix-escuela-de-verano-concepta-iberoamerica-en-historia-conceptual\/\" >\n\t\t\t\tPR\u00d3RROGA: candidaturas para la IX Escuela de Verano Concepta Iberoam\u00e9rica\t\t\t<\/a>\n\t\t<\/h3>\n\t\t\t\t<\/div>\n\t\t\t\t<\/article>\n\t\t\t\t<article class=\"elementor-post elementor-grid-item post-10980 post type-post status-publish format-standard has-post-thumbnail hentry category-actividades-en-curso\" role=\"listitem\">\n\t\t\t\t<div class=\"elementor-post__text\">\n\t\t\t\t<h3 class=\"elementor-post__title\">\n\t\t\t<a href=\"http:\/\/historiaintelectual.com.ar\/eng\/salio-el-numero-29-de-prismas-revista-de-historia-intelectual\/\" >\n\t\t\t\tSali\u00f3 el n\u00famero 29 de Prismas. Revista de Historia Intelectual\t\t\t<\/a>\n\t\t<\/h3>\n\t\t\t\t<\/div>\n\t\t\t\t<\/article>\n\t\t\t\t<\/div>\n\t\t\n\t\t\t\t\t\t<\/div>\n\t\t\t\t<\/div>\n\t\t\t\t<\/div>\n\t\t\t\t\t<\/div>\n\t\t<\/div>\n\t\t\t\t\t\t<\/div>\n\t\t\t\t<\/div>\n\t\t\t\t\t<\/div>\n\t\t\t\t<\/div>\n\t\t\t\t<\/div>\n\t\t","protected":false},"excerpt":{"rendered":"<p>Actividades Archivo de actividades Actividades en curso Charlas Jornadas Presentaciones de libros Todos Actividades Archivo de Actividades Charlas Jornadas Presentaciones de libros Intersecciones Investigadores Libros<\/p>","protected":false},"author":1,"featured_media":0,"parent":0,"menu_order":0,"comment_status":"closed","ping_status":"closed","template":"elementor_theme","meta":{"footnotes":""},"class_list":["post-4852","page","type-page","status-publish","hentry"],"yoast_head":"<!-- This site is optimized with the Yoast SEO plugin v27.3 - https:\/\/yoast.com\/product\/yoast-seo-wordpress\/ -->\n<title>Actividades &#187; Historia Intelectual<\/title>\n<meta name=\"robots\" content=\"index, follow, max-snippet:-1, max-image-preview:large, max-video-preview:-1\" \/>\n<link rel=\"canonical\" href=\"https:\/\/historiaintelectual.com.ar\/eng\/actividades\/\" \/>\n<meta property=\"og:locale\" content=\"en_US\" \/>\n<meta property=\"og:type\" content=\"article\" \/>\n<meta property=\"og:title\" content=\"Actividades &#187; Historia Intelectual\" \/>\n<meta property=\"og:description\" content=\"Actividades Archivo de actividades Actividades en curso Charlas Jornadas Presentaciones de libros Todos Actividades Archivo de Actividades Charlas Jornadas Presentaciones de libros Intersecciones Investigadores Libros\" \/>\n<meta property=\"og:url\" content=\"https:\/\/historiaintelectual.com.ar\/eng\/actividades\/\" \/>\n<meta property=\"og:site_name\" content=\"Historia Intelectual\" \/>\n<meta property=\"article:publisher\" content=\"https:\/\/www.facebook.com\/Centrodehistoriaintelectual\/\" \/>\n<meta property=\"article:modified_time\" content=\"2025-10-10T19:18:37+00:00\" \/>\n<meta property=\"og:image\" content=\"http:\/\/historiaintelectual.com.ar\/wp-content\/uploads\/2025\/04\/Asset-15.png\" \/>\n<script type=\"application\/ld+json\" class=\"yoast-schema-graph\">{\"@context\":\"https:\\\/\\\/schema.org\",\"@graph\":[{\"@type\":\"WebPage\",\"@id\":\"https:\\\/\\\/historiaintelectual.com.ar\\\/actividades\\\/\",\"url\":\"https:\\\/\\\/historiaintelectual.com.ar\\\/actividades\\\/\",\"name\":\"Actividades &#187; Historia Intelectual\",\"isPartOf\":{\"@id\":\"https:\\\/\\\/historiaintelectual.com.ar\\\/#website\"},\"primaryImageOfPage\":{\"@id\":\"https:\\\/\\\/historiaintelectual.com.ar\\\/actividades\\\/#primaryimage\"},\"image\":{\"@id\":\"https:\\\/\\\/historiaintelectual.com.ar\\\/actividades\\\/#primaryimage\"},\"thumbnailUrl\":\"http:\\\/\\\/historiaintelectual.com.ar\\\/wp-content\\\/uploads\\\/2025\\\/04\\\/Asset-15.png\",\"datePublished\":\"2015-10-29T18:34:55+00:00\",\"dateModified\":\"2025-10-10T19:18:37+00:00\",\"breadcrumb\":{\"@id\":\"https:\\\/\\\/historiaintelectual.com.ar\\\/actividades\\\/#breadcrumb\"},\"inLanguage\":\"en-US\",\"potentialAction\":[{\"@type\":\"ReadAction\",\"target\":[\"https:\\\/\\\/historiaintelectual.com.ar\\\/actividades\\\/\"]}]},{\"@type\":\"ImageObject\",\"inLanguage\":\"en-US\",\"@id\":\"https:\\\/\\\/historiaintelectual.com.ar\\\/actividades\\\/#primaryimage\",\"url\":\"http:\\\/\\\/historiaintelectual.com.ar\\\/wp-content\\\/uploads\\\/2025\\\/04\\\/Asset-15.png\",\"contentUrl\":\"http:\\\/\\\/historiaintelectual.com.ar\\\/wp-content\\\/uploads\\\/2025\\\/04\\\/Asset-15.png\"},{\"@type\":\"BreadcrumbList\",\"@id\":\"https:\\\/\\\/historiaintelectual.com.ar\\\/actividades\\\/#breadcrumb\",\"itemListElement\":[{\"@type\":\"ListItem\",\"position\":1,\"name\":\"Portada\",\"item\":\"https:\\\/\\\/historiaintelectual.com.ar\\\/\"},{\"@type\":\"ListItem\",\"position\":2,\"name\":\"Actividades\"}]},{\"@type\":\"WebSite\",\"@id\":\"https:\\\/\\\/historiaintelectual.com.ar\\\/#website\",\"url\":\"https:\\\/\\\/historiaintelectual.com.ar\\\/\",\"name\":\"Historia Intelectual\",\"description\":\"Centro de Historia Intelectual\",\"publisher\":{\"@id\":\"https:\\\/\\\/historiaintelectual.com.ar\\\/#organization\"},\"alternateName\":\"Centro de historia intelectual\",\"potentialAction\":[{\"@type\":\"SearchAction\",\"target\":{\"@type\":\"EntryPoint\",\"urlTemplate\":\"https:\\\/\\\/historiaintelectual.com.ar\\\/?s={search_term_string}\"},\"query-input\":{\"@type\":\"PropertyValueSpecification\",\"valueRequired\":true,\"valueName\":\"search_term_string\"}}],\"inLanguage\":\"en-US\"},{\"@type\":\"Organization\",\"@id\":\"https:\\\/\\\/historiaintelectual.com.ar\\\/#organization\",\"name\":\"Centro Historia Intelectual\",\"url\":\"https:\\\/\\\/historiaintelectual.com.ar\\\/\",\"logo\":{\"@type\":\"ImageObject\",\"inLanguage\":\"en-US\",\"@id\":\"https:\\\/\\\/historiaintelectual.com.ar\\\/#\\\/schema\\\/logo\\\/image\\\/\",\"url\":\"https:\\\/\\\/historiaintelectual.com.ar\\\/wp-content\\\/uploads\\\/2025\\\/04\\\/logo-25.png\",\"contentUrl\":\"https:\\\/\\\/historiaintelectual.com.ar\\\/wp-content\\\/uploads\\\/2025\\\/04\\\/logo-25.png\",\"width\":456,\"height\":456,\"caption\":\"Centro Historia Intelectual\"},\"image\":{\"@id\":\"https:\\\/\\\/historiaintelectual.com.ar\\\/#\\\/schema\\\/logo\\\/image\\\/\"},\"sameAs\":[\"https:\\\/\\\/www.facebook.com\\\/Centrodehistoriaintelectual\\\/\",\"https:\\\/\\\/www.youtube.com\\\/channel\\\/UCGr8q_2-dchoqKT-jT5Lmfw\",\"https:\\\/\\\/www.instagram.com\\\/chi_unq\\\/\"]}]}<\/script>\n<!-- \/ Yoast SEO plugin. -->","yoast_head_json":{"title":"Actividades &#187; Historia Intelectual","robots":{"index":"index","follow":"follow","max-snippet":"max-snippet:-1","max-image-preview":"max-image-preview:large","max-video-preview":"max-video-preview:-1"},"canonical":"https:\/\/historiaintelectual.com.ar\/eng\/actividades\/","og_locale":"en_US","og_type":"article","og_title":"Actividades &#187; Historia Intelectual","og_description":"Actividades Archivo de actividades Actividades en curso Charlas Jornadas Presentaciones de libros Todos Actividades Archivo de Actividades Charlas Jornadas Presentaciones de libros Intersecciones Investigadores Libros","og_url":"https:\/\/historiaintelectual.com.ar\/eng\/actividades\/","og_site_name":"Historia Intelectual","article_publisher":"https:\/\/www.facebook.com\/Centrodehistoriaintelectual\/","article_modified_time":"2025-10-10T19:18:37+00:00","og_image":[{"url":"http:\/\/historiaintelectual.com.ar\/wp-content\/uploads\/2025\/04\/Asset-15.png","type":"","width":"","height":""}],"schema":{"@context":"https:\/\/schema.org","@graph":[{"@type":"WebPage","@id":"https:\/\/historiaintelectual.com.ar\/actividades\/","url":"https:\/\/historiaintelectual.com.ar\/actividades\/","name":"Actividades &#187; Historia Intelectual","isPartOf":{"@id":"https:\/\/historiaintelectual.com.ar\/#website"},"primaryImageOfPage":{"@id":"https:\/\/historiaintelectual.com.ar\/actividades\/#primaryimage"},"image":{"@id":"https:\/\/historiaintelectual.com.ar\/actividades\/#primaryimage"},"thumbnailUrl":"http:\/\/historiaintelectual.com.ar\/wp-content\/uploads\/2025\/04\/Asset-15.png","datePublished":"2015-10-29T18:34:55+00:00","dateModified":"2025-10-10T19:18:37+00:00","breadcrumb":{"@id":"https:\/\/historiaintelectual.com.ar\/actividades\/#breadcrumb"},"inLanguage":"en-US","potentialAction":[{"@type":"ReadAction","target":["https:\/\/historiaintelectual.com.ar\/actividades\/"]}]},{"@type":"ImageObject","inLanguage":"en-US","@id":"https:\/\/historiaintelectual.com.ar\/actividades\/#primaryimage","url":"http:\/\/historiaintelectual.com.ar\/wp-content\/uploads\/2025\/04\/Asset-15.png","contentUrl":"http:\/\/historiaintelectual.com.ar\/wp-content\/uploads\/2025\/04\/Asset-15.png"},{"@type":"BreadcrumbList","@id":"https:\/\/historiaintelectual.com.ar\/actividades\/#breadcrumb","itemListElement":[{"@type":"ListItem","position":1,"name":"Portada","item":"https:\/\/historiaintelectual.com.ar\/"},{"@type":"ListItem","position":2,"name":"Actividades"}]},{"@type":"WebSite","@id":"https:\/\/historiaintelectual.com.ar\/#website","url":"https:\/\/historiaintelectual.com.ar\/","name":"Historia Intelectual","description":"Center for Intellectual History","publisher":{"@id":"https:\/\/historiaintelectual.com.ar\/#organization"},"alternateName":"Centro de historia intelectual","potentialAction":[{"@type":"SearchAction","target":{"@type":"EntryPoint","urlTemplate":"https:\/\/historiaintelectual.com.ar\/?s={search_term_string}"},"query-input":{"@type":"PropertyValueSpecification","valueRequired":true,"valueName":"search_term_string"}}],"inLanguage":"en-US"},{"@type":"Organization","@id":"https:\/\/historiaintelectual.com.ar\/#organization","name":"Centro Historia Intelectual","url":"https:\/\/historiaintelectual.com.ar\/","logo":{"@type":"ImageObject","inLanguage":"en-US","@id":"https:\/\/historiaintelectual.com.ar\/#\/schema\/logo\/image\/","url":"https:\/\/historiaintelectual.com.ar\/wp-content\/uploads\/2025\/04\/logo-25.png","contentUrl":"https:\/\/historiaintelectual.com.ar\/wp-content\/uploads\/2025\/04\/logo-25.png","width":456,"height":456,"caption":"Centro Historia Intelectual"},"image":{"@id":"https:\/\/historiaintelectual.com.ar\/#\/schema\/logo\/image\/"},"sameAs":["https:\/\/www.facebook.com\/Centrodehistoriaintelectual\/","https:\/\/www.youtube.com\/channel\/UCGr8q_2-dchoqKT-jT5Lmfw","https:\/\/www.instagram.com\/chi_unq\/"]}]}},"_links":{"self":[{"href":"http:\/\/historiaintelectual.com.ar\/eng\/wp-json\/wp\/v2\/pages\/4852","targetHints":{"allow":["GET"]}}],"collection":[{"href":"http:\/\/historiaintelectual.com.ar\/eng\/wp-json\/wp\/v2\/pages"}],"about":[{"href":"http:\/\/historiaintelectual.com.ar\/eng\/wp-json\/wp\/v2\/types\/page"}],"author":[{"embeddable":true,"href":"http:\/\/historiaintelectual.com.ar\/eng\/wp-json\/wp\/v2\/users\/1"}],"replies":[{"embeddable":true,"href":"http:\/\/historiaintelectual.com.ar\/eng\/wp-json\/wp\/v2\/comments?post=4852"}],"version-history":[{"count":164,"href":"http:\/\/historiaintelectual.com.ar\/eng\/wp-json\/wp\/v2\/pages\/4852\/revisions"}],"predecessor-version":[{"id":10867,"href":"http:\/\/historiaintelectual.com.ar\/eng\/wp-json\/wp\/v2\/pages\/4852\/revisions\/10867"}],"wp:attachment":[{"href":"http:\/\/historiaintelectual.com.ar\/eng\/wp-json\/wp\/v2\/media?parent=4852"}],"curies":[{"name":"wp","href":"https:\/\/api.w.org\/{rel}","templated":true}]}}